{"id":14838,"date":"2025-03-26T11:11:27","date_gmt":"2025-03-26T10:11:27","guid":{"rendered":"https:\/\/lume.ch\/?post_type=referenz&#038;p=14838"},"modified":"2025-03-26T14:38:29","modified_gmt":"2025-03-26T13:38:29","slug":"salle-daffutage-provisoire-en-location","status":"publish","type":"referenz","link":"https:\/\/lume.ch\/fr\/reference\/salle-daffutage-provisoire-en-location\/","title":{"rendered":"Salle d&rsquo;aff\u00fbtage provisoire en location"},"content":{"rendered":"\n<div  class=\"block block-lead main-container pb-mittel\">\n    <div class=\"content-container lead-font-size\">\n        Intelligent, rapide et \u00e9conomique ! La solution de L+M AG est mise en \u0153uvre pour ce projet avec des composants lou\u00e9s. \n\n    <\/div>\n<\/div>\n\n\n<div  class=\"block block-content bg-weiss pb-mittel\">\n    <div class=\"main-container\">\n        <div class=\"content-container\">\n\n            \n\n\n    <p>En raison de travaux de r\u00e9novation, le client a besoin d&rsquo;une salle de pon\u00e7age provisoire \u00e9quip\u00e9e<br \/>\navec deux aspirations de poste de travail.<\/p>\n<p><img decoding=\"async\" class=\"alignnone wp-image-14834 lazyload\" data-src=\"https:\/\/lume.ch\/wp-content\/uploads\/2025\/03\/fumex_bras-daspiration-400x183.jpg\" alt=\"\" width=\"487\" height=\"223\" src=\"data:image\/svg+xml;base64,PHN2ZyB3aWR0aD0iMSIgaGVpZ2h0PSIxIiB4bWxucz0iaHR0cDovL3d3dy53My5vcmcvMjAwMC9zdmciPjwvc3ZnPg==\" style=\"--smush-placeholder-width: 487px; --smush-placeholder-aspect-ratio: 487\/223;\" \/><\/p>\n<p>L&rsquo;\u00e9quipe de projet L+M AG Absauganlagen fournit la solution rapide, intelligente et \u00e9conomique dans les plus brefs d\u00e9lais avec des composants de location selon sp\u00e9cification comme ci-dessous:<\/p>\n<p><img decoding=\"async\" class=\"alignnone wp-image-14828 lazyload\" data-src=\"https:\/\/lume.ch\/wp-content\/uploads\/2025\/03\/PicoCell-3-1800-C-1-196x400.jpg?theia_smart_thumbnails_file_version=2\" alt=\"\" width=\"246\" height=\"502\" src=\"data:image\/svg+xml;base64,PHN2ZyB3aWR0aD0iMSIgaGVpZ2h0PSIxIiB4bWxucz0iaHR0cDovL3d3dy53My5vcmcvMjAwMC9zdmciPjwvc3ZnPg==\" style=\"--smush-placeholder-width: 246px; --smush-placeholder-aspect-ratio: 246\/502;\" \/><\/p>\n<h2>Sp\u00e9cification<\/h2>\n<ul>\n<li>Unit\u00e9 d&rsquo;aspiration PicoCell 3-1800 C (installation ext\u00e9rieure, en location)<\/li>\n<li>D\u00e9bit d&rsquo;air 1800 m\u00b3\/h<\/li>\n<li>Surface de filtration 17,4 m\u00b2.<\/li>\n<li>Cartouches filtrantes PES non tiss\u00e9 antistatique<\/li>\n<li>Puissance du ventilateur 2,2 kW<\/li>\n<li>Aspiration de la poussi\u00e8re de pon\u00e7age<\/li>\n<li>Un conteneur double avec fen\u00eatre pour une lumi\u00e8re naturelle suffisante<\/li>\n<li>Deux bras d&rsquo;aspiration articul\u00e9s pour capturer la poussi\u00e8re de meulage \u00e0 la source<\/li>\n<li>Utilisation de composants de location d\u00e9finis dans le temps (rentables) compos\u00e9s d&rsquo;un double conteneur, d&rsquo;un syst\u00e8me d&rsquo;aspiration et d&rsquo;un syst\u00e8me de climatisation<\/li>\n<\/ul>\n\n    \n    \n\n        <\/div>\n    <\/div>\n<\/div>\n\n\n<div  class=\"block block-teaser bg-hellgrau pt-gross pb-gross bild-text\">\n  <div class=\"main-container\">\n    \n        <div class=\"teaser-row\">\n      \n                          <a class=\"teaser\" href=\"https:\/\/lume.ch\/fr\/prestations\/#acc-1\" target=\"_self\">\n            \n              <div class=\"bild\"><img decoding=\"async\" width=\"1110\" height=\"420\" data-src=\"https:\/\/lume.ch\/wp-content\/uploads\/2023\/11\/Engineering-Konstruktion-1110x420.jpg\" class=\"attachment-teaser-big size-teaser-big lazyload\" alt=\"L+M AG Industriestahlbau Absauganlagen Engineering Konstruktion\" src=\"data:image\/svg+xml;base64,PHN2ZyB3aWR0aD0iMSIgaGVpZ2h0PSIxIiB4bWxucz0iaHR0cDovL3d3dy53My5vcmcvMjAwMC9zdmciPjwvc3ZnPg==\" style=\"--smush-placeholder-width: 1110px; --smush-placeholder-aspect-ratio: 1110\/420;\" \/><span class=\"overlay\"><\/span><\/div>\n                              <div class=\"uebertitel\">Ing\u00e9nierie + construction<\/div>\n              \n              \n              <div class=\"inner\">\n                                                      <h2 class=\"d5\">Conseil pour des solutions individuelles<\/h2>\n                                  \n                                  <div class=\"teaser-inhalt\">La qualit\u00e9 sur mesure et selon vos besoins.<\/div>\n                              <\/div>\n\n                            <div class=\"teaser-cta transition\">Ing\u00e9nierie + construction<\/div>\n          <\/a>\n                  \n                        <a class=\"teaser\" href=\"https:\/\/lume.ch\/fr\/prestations\/#acc-3\" target=\"_self\">\n            \n              <div class=\"bild\"><img decoding=\"async\" width=\"1110\" height=\"420\" data-src=\"https:\/\/lume.ch\/wp-content\/uploads\/2023\/12\/Teckon-2023-web-30-1110x420.jpg\" class=\"attachment-teaser-big size-teaser-big lazyload\" alt=\"L+M AG Industriestahlbau Absauganlagen Lohnfertigung\" src=\"data:image\/svg+xml;base64,PHN2ZyB3aWR0aD0iMSIgaGVpZ2h0PSIxIiB4bWxucz0iaHR0cDovL3d3dy53My5vcmcvMjAwMC9zdmciPjwvc3ZnPg==\" style=\"--smush-placeholder-width: 1110px; --smush-placeholder-aspect-ratio: 1110\/420;\" \/><span class=\"overlay\"><\/span><\/div>\n                              <div class=\"uebertitel\">Fabrication \u00e0 fa\u00e7on<\/div>\n              \n              \n              <div class=\"inner\">\n                                                      <h2 class=\"d5\">Sous-traitance &#8211; Vos pi\u00e8ces, notre talent !<\/h2>\n                                  \n                                  <div class=\"teaser-inhalt\">Nous mettons vos id\u00e9es en forme. Pr\u00e9cis, efficace, fiable. <\/div>\n                              <\/div>\n\n                            <div class=\"teaser-cta transition\">Fabrication \u00e0 fa\u00e7on<\/div>\n          <\/a>\n                  \n                        <a class=\"teaser\" href=\"https:\/\/lume.ch\/fr\/prestations\/#acc-5\" target=\"_self\">\n            \n              <div class=\"bild\"><img decoding=\"async\" width=\"1110\" height=\"420\" data-src=\"https:\/\/lume.ch\/wp-content\/uploads\/2023\/11\/Produktion-Fertigung-1110x420.jpg\" class=\"attachment-teaser-big size-teaser-big lazyload\" alt=\"L+M AG Industriestahlbau Absauganlagen\" src=\"data:image\/svg+xml;base64,PHN2ZyB3aWR0aD0iMSIgaGVpZ2h0PSIxIiB4bWxucz0iaHR0cDovL3d3dy53My5vcmcvMjAwMC9zdmciPjwvc3ZnPg==\" style=\"--smush-placeholder-width: 1110px; --smush-placeholder-aspect-ratio: 1110\/420;\" \/><span class=\"overlay\"><\/span><\/div>\n                              <div class=\"uebertitel\">Production + fabrication<\/div>\n              \n              \n              <div class=\"inner\">\n                                                      <h2 class=\"d5\">Une production efficace avec les normes les plus \u00e9lev\u00e9es<\/h2>\n                                  \n                                  <div class=\"teaser-inhalt\">Une qualit\u00e9 et une efficacit\u00e9 exceptionnelles, tant au niveau du d\u00e9veloppement des produits que de la fabrication.<\/div>\n                              <\/div>\n\n                            <div class=\"teaser-cta transition\">Production + fabrication<\/div>\n          <\/a>\n                  \n              <\/div>\n  <\/div>\n<\/div>\n","protected":false},"featured_media":14821,"template":"","referenzenthemen":[82],"class_list":["post-14838","referenz","type-referenz","status-publish","has-post-thumbnail","hentry","referenzenthemen-installations-daspiration"],"acf":[],"_links":{"self":[{"href":"https:\/\/lume.ch\/fr\/wp-json\/wp\/v2\/referenz\/14838","targetHints":{"allow":["GET"]}}],"collection":[{"href":"https:\/\/lume.ch\/fr\/wp-json\/wp\/v2\/referenz"}],"about":[{"href":"https:\/\/lume.ch\/fr\/wp-json\/wp\/v2\/types\/referenz"}],"wp:featuredmedia":[{"embeddable":true,"href":"https:\/\/lume.ch\/fr\/wp-json\/wp\/v2\/media\/14821"}],"wp:attachment":[{"href":"https:\/\/lume.ch\/fr\/wp-json\/wp\/v2\/media?parent=14838"}],"wp:term":[{"taxonomy":"referenzenthemen","embeddable":true,"href":"https:\/\/lume.ch\/fr\/wp-json\/wp\/v2\/referenzenthemen?post=14838"}],"curies":[{"name":"wp","href":"https:\/\/api.w.org\/{rel}","templated":true}]}}