{"id":14633,"date":"2025-02-17T14:34:49","date_gmt":"2025-02-17T13:34:49","guid":{"rendered":"https:\/\/lume.ch\/?post_type=referenz&#038;p=14633"},"modified":"2025-03-26T14:35:16","modified_gmt":"2025-03-26T13:35:16","slug":"un-bon-air-dans-le-hall-de-recyclage","status":"publish","type":"referenz","link":"https:\/\/lume.ch\/fr\/reference\/un-bon-air-dans-le-hall-de-recyclage\/","title":{"rendered":"Un bon air dans le hall de recyclage"},"content":{"rendered":"\n<div  class=\"block block-lead main-container pb-mittel\">\n    <div class=\"content-container lead-font-size\">\n        L&rsquo;entreprise compte depuis des ann\u00e9es parmi les leaders suisses du recyclage et propose des solutions de recyclage compl\u00e8tes et modernes. La nouvelle installation d&rsquo;aspiration de L+M AG cr\u00e9e un air sain et de qualit\u00e9 dans l&rsquo;atelier de recyclage et offre d&rsquo;autres avantages. \r\n    <\/div>\n<\/div>\n\n\n<div  class=\"block block-content bg-weiss pb-mittel\">\n    <div class=\"main-container\">\n        <div class=\"content-container\">\n\n            \n\n\n    <p>Gr\u00e2ce aux quelque 450 collaborateurs qualifi\u00e9s et \u00e0 une infrastructure tr\u00e8s d\u00e9velopp\u00e9e sur dix sites en Suisse, plusieurs tonnes de mat\u00e9riaux sont recycl\u00e9es chaque jour. La nouvelle installation d&rsquo;aspiration doit am\u00e9liorer l&rsquo;air du hall de recyclage. Au moyen d&rsquo;un canal d&rsquo;\u00e9vacuation, l&rsquo;air filtr\u00e9 est dirig\u00e9 vers le local des moteurs pour y \u00eatre refroidi.  <\/p>\n<p><img decoding=\"async\" class=\"alignnone wp-image-14582 lazyload\" data-src=\"https:\/\/lume.ch\/wp-content\/uploads\/2025\/02\/Abluftkuehlung_Motorenraum-400x277.jpeg\" alt=\"\" width=\"430\" height=\"298\" data-srcset=\"https:\/\/lume.ch\/wp-content\/uploads\/2025\/02\/Abluftkuehlung_Motorenraum-400x277.jpeg 400w, https:\/\/lume.ch\/wp-content\/uploads\/2025\/02\/Abluftkuehlung_Motorenraum.jpeg 2048w\" data-sizes=\"(max-width: 430px) 100vw, 430px\" src=\"data:image\/svg+xml;base64,PHN2ZyB3aWR0aD0iMSIgaGVpZ2h0PSIxIiB4bWxucz0iaHR0cDovL3d3dy53My5vcmcvMjAwMC9zdmciPjwvc3ZnPg==\" style=\"--smush-placeholder-width: 430px; --smush-placeholder-aspect-ratio: 430\/298;\" \/><\/p>\n<h2>Sp\u00e9cification<\/h2>\n<ul>\n<li>Syst\u00e8me d&rsquo;aspiration VarioCell 6,36 C<\/li>\n<li>Pour l&rsquo;aspiration de poussi\u00e8res recycl\u00e9es<\/li>\n<li>D\u00e9bit d&rsquo;air 10&rsquo;000 m\u00b3\/h<\/li>\n<li>Surface de filtration 154,8 m\u00b2.<\/li>\n<li>Cartouches filtrantes PES non tiss\u00e9 antistatique<\/li>\n<li>Puissance du ventilateur 11 kW<\/li>\n<\/ul>\n\n    \n    \n\n        <\/div>\n    <\/div>\n<\/div>\n\n\n<div  class=\"block block-teaser bg-hellgrau pt-gross pb-gross bild-text\">\n  <div class=\"main-container\">\n    \n        <div class=\"teaser-row\">\n      \n                          <a class=\"teaser\" href=\"https:\/\/lume.ch\/kompetenzen-service\/#engineering-konstruktion\" target=\"_self\">\n            \n              <div class=\"bild\"><img decoding=\"async\" width=\"1110\" height=\"420\" data-src=\"https:\/\/lume.ch\/wp-content\/uploads\/2023\/11\/Engineering-Konstruktion-1110x420.jpg\" class=\"attachment-teaser-big size-teaser-big lazyload\" alt=\"L+M AG Industriestahlbau Absauganlagen Engineering Konstruktion\" src=\"data:image\/svg+xml;base64,PHN2ZyB3aWR0aD0iMSIgaGVpZ2h0PSIxIiB4bWxucz0iaHR0cDovL3d3dy53My5vcmcvMjAwMC9zdmciPjwvc3ZnPg==\" style=\"--smush-placeholder-width: 1110px; --smush-placeholder-aspect-ratio: 1110\/420;\" \/><span class=\"overlay\"><\/span><\/div>\n                              <div class=\"uebertitel\">Ing\u00e9nierie + Construction<\/div>\n              \n              \n              <div class=\"inner\">\n                                                      <h2 class=\"d5\">Conseil pour des solutions individuelles<\/h2>\n                                  \n                                  <div class=\"teaser-inhalt\">La qualit\u00e9 sur mesure et selon vos besoins.<\/div>\n                              <\/div>\n\n                            <div class=\"teaser-cta transition\">Ing\u00e9nierie + Construction<\/div>\n          <\/a>\n                  \n                        <a class=\"teaser\" href=\"https:\/\/lume.ch\/kompetenzen-service\/#acc-3\" target=\"_self\">\n            \n              <div class=\"bild\"><img decoding=\"async\" width=\"1110\" height=\"420\" data-src=\"https:\/\/lume.ch\/wp-content\/uploads\/2023\/12\/Teckon-2023-web-30-1110x420.jpg\" class=\"attachment-teaser-big size-teaser-big lazyload\" alt=\"L+M AG Industriestahlbau Absauganlagen Lohnfertigung\" src=\"data:image\/svg+xml;base64,PHN2ZyB3aWR0aD0iMSIgaGVpZ2h0PSIxIiB4bWxucz0iaHR0cDovL3d3dy53My5vcmcvMjAwMC9zdmciPjwvc3ZnPg==\" style=\"--smush-placeholder-width: 1110px; --smush-placeholder-aspect-ratio: 1110\/420;\" \/><span class=\"overlay\"><\/span><\/div>\n                              <div class=\"uebertitel\">Fabrication \u00e0 fa\u00e7on<\/div>\n              \n              \n              <div class=\"inner\">\n                                                      <h2 class=\"d5\">Sous-traitance &#8211; Vos pi\u00e8ces, notre talent !<\/h2>\n                                  \n                                  <div class=\"teaser-inhalt\">Nous mettons vos id\u00e9es en forme. Pr\u00e9cis, efficace, fiable. <\/div>\n                              <\/div>\n\n                            <div class=\"teaser-cta transition\">Fabrication \u00e0 fa\u00e7on<\/div>\n          <\/a>\n                  \n                        <a class=\"teaser\" href=\"https:\/\/lume.ch\/kompetenzen-service\/#acc-5\" target=\"_self\">\n            \n              <div class=\"bild\"><img decoding=\"async\" width=\"1110\" height=\"420\" data-src=\"https:\/\/lume.ch\/wp-content\/uploads\/2023\/11\/Produktion-Fertigung-1110x420.jpg\" class=\"attachment-teaser-big size-teaser-big lazyload\" alt=\"L+M AG Industriestahlbau Absauganlagen\" src=\"data:image\/svg+xml;base64,PHN2ZyB3aWR0aD0iMSIgaGVpZ2h0PSIxIiB4bWxucz0iaHR0cDovL3d3dy53My5vcmcvMjAwMC9zdmciPjwvc3ZnPg==\" style=\"--smush-placeholder-width: 1110px; --smush-placeholder-aspect-ratio: 1110\/420;\" \/><span class=\"overlay\"><\/span><\/div>\n                              <div class=\"uebertitel\">Production + Fabrication<\/div>\n              \n              \n              <div class=\"inner\">\n                                                      <h2 class=\"d5\">Une production efficace avec les normes les plus \u00e9lev\u00e9es<\/h2>\n                                  \n                                  <div class=\"teaser-inhalt\">Une qualit\u00e9 et une efficacit\u00e9 exceptionnelles, tant au niveau du d\u00e9veloppement des produits que de la fabrication.<\/div>\n                              <\/div>\n\n                            <div class=\"teaser-cta transition\">Production + Fabrication<\/div>\n          <\/a>\n                  \n              <\/div>\n  <\/div>\n<\/div>\n","protected":false},"featured_media":14578,"template":"","referenzenthemen":[82],"class_list":["post-14633","referenz","type-referenz","status-publish","has-post-thumbnail","hentry","referenzenthemen-installations-daspiration"],"acf":[],"_links":{"self":[{"href":"https:\/\/lume.ch\/fr\/wp-json\/wp\/v2\/referenz\/14633","targetHints":{"allow":["GET"]}}],"collection":[{"href":"https:\/\/lume.ch\/fr\/wp-json\/wp\/v2\/referenz"}],"about":[{"href":"https:\/\/lume.ch\/fr\/wp-json\/wp\/v2\/types\/referenz"}],"wp:featuredmedia":[{"embeddable":true,"href":"https:\/\/lume.ch\/fr\/wp-json\/wp\/v2\/media\/14578"}],"wp:attachment":[{"href":"https:\/\/lume.ch\/fr\/wp-json\/wp\/v2\/media?parent=14633"}],"wp:term":[{"taxonomy":"referenzenthemen","embeddable":true,"href":"https:\/\/lume.ch\/fr\/wp-json\/wp\/v2\/referenzenthemen?post=14633"}],"curies":[{"name":"wp","href":"https:\/\/api.w.org\/{rel}","templated":true}]}}