{"id":13799,"date":"2023-11-28T13:15:20","date_gmt":"2023-11-28T12:15:20","guid":{"rendered":"https:\/\/lume.ch\/?post_type=referenz&#038;p=13799"},"modified":"2024-08-23T09:03:18","modified_gmt":"2024-08-23T07:03:18","slug":"aspiration-de-la-fumee-laser","status":"publish","type":"referenz","link":"https:\/\/lume.ch\/fr\/reference\/aspiration-de-la-fumee-laser\/","title":{"rendered":"Aspiration de la fum\u00e9e laser"},"content":{"rendered":"\n<div  class=\"block block-lead main-container pb-mittel\">\n    <div class=\"content-container lead-font-size\">\n        Au cours du processus de fabrication, les verres des lunettes sont d\u00e9coup\u00e9s dans une plaque de plastique sp\u00e9ciale \u00e0 l&rsquo;aide d&rsquo;une machine de d\u00e9coupe laser.      <\/div>\n<\/div>\n<div  class=\"block block-content bg-weiss pb-mittel\">\n    <div class=\"main-container\">\n        <div class=\"content-container\">\n\n            \n\n\n    <p>Cela g\u00e9n\u00e8re beaucoup de fum\u00e9e laser avec une odeur d\u00e9sagr\u00e9able.<br \/>\nL+M AG a \u00e9labor\u00e9 la solution professionnelle avec l&rsquo;installation d&rsquo;aspiration nettoyable EcoCell 3.9-600 et le syst\u00e8me de pr\u00e9-coating automatique, et l&rsquo;a mise en \u0153uvre \u00e0 la grande satisfaction du client.<br \/>\nLe syst\u00e8me de pr\u00e9-coating automatique applique une quantit\u00e9 d\u00e9finie d&rsquo;adjuvant de filtration (poudre de pr\u00e9-coating) sur les cartouches filtrantes \u00e0 chaque mise en marche.<br \/>\nCet adjuvant de filtration forme une couche de s\u00e9paration m\u00e9canique entre les cartouches filtrantes et la fum\u00e9e collante, ce qui permet \u00e0 cette derni\u00e8re de se d\u00e9tacher facilement lors du d\u00e9colmatage.<br \/>\nUn variateur de fr\u00e9quence permet de r\u00e9gler en continu la puissance d&rsquo;aspiration en fonction de l&rsquo;intensit\u00e9 de la fum\u00e9e.      <\/p>\n<h2>Sp\u00e9cification<\/h2>\n<ul>\n<li>Syst\u00e8me d&rsquo;aspiration EcoCell 3.9-600 incl.<br \/>\nFiltre secondaire <\/li>\n<li>Pour l&rsquo;utilisation du laser sur les plastiques<\/li>\n<li>D\u00e9bit d&rsquo;air 1&rsquo;200m\u00b3\/h<\/li>\n<li>Surface de filtration 19m<\/li>\n<li>Puissance du ventilateur 2,2 kW<\/li>\n<li>Avec dispositif de pr\u00e9cotisation automatique<\/li>\n<\/ul>\n\n    \n    \n\n        <\/div>\n    <\/div>\n<\/div>\n<div  class=\"block block-teaser bg-weiss pt-gross pb-gross bild-text\">\n  <div class=\"main-container\">\n    \n        <div class=\"teaser-row\">\n      \n                          <a class=\"teaser\" href=\"https:\/\/lume.ch\/kontakt-und-ansprechpartner\/\" target=\"_self\">\n            \n              <div class=\"bild\"><img decoding=\"async\" width=\"1110\" height=\"420\" data-src=\"https:\/\/lume.ch\/wp-content\/uploads\/2023\/11\/Serviceauto-1110x420.jpg\" class=\"attachment-teaser-big size-teaser-big lazyload\" alt=\"L+M AG Absauganlagen Inspektion Service\" src=\"data:image\/svg+xml;base64,PHN2ZyB3aWR0aD0iMSIgaGVpZ2h0PSIxIiB4bWxucz0iaHR0cDovL3d3dy53My5vcmcvMjAwMC9zdmciPjwvc3ZnPg==\" style=\"--smush-placeholder-width: 1110px; --smush-placeholder-aspect-ratio: 1110\/420;\" \/><span class=\"overlay\"><\/span><\/div>\n                              <div class=\"uebertitel\">Inspection + service<\/div>\n              \n              \n              <div class=\"inner\">\n                                                      <h2 class=\"d5\">Mieux vaut pr\u00e9venir que r\u00e9parer \u00e0 grands frais<\/h2>\n                                  \n                                  <div class=\"teaser-inhalt\">Avec notre contrat de service, vous b\u00e9n\u00e9ficiez d&rsquo;un ensemble de prestations sans souci. Pour un fonctionnement sans faille.<\/div>\n                              <\/div>\n\n                            <div class=\"teaser-cta transition\">Contact et personnes \u00e0 contacter<\/div>\n          <\/a>\n                  \n                        <a class=\"teaser\" href=\"https:\/\/lume.ch\/leistungen-2\/#acc-7\" target=\"_self\">\n            \n              <div class=\"bild\"><img decoding=\"async\" width=\"1110\" height=\"420\" data-src=\"https:\/\/lume.ch\/wp-content\/uploads\/2023\/11\/Maschinen-und-Anlagenbau-1110x420.jpg\" class=\"attachment-teaser-big size-teaser-big lazyload\" alt=\"L+M AG Industriestahlbau Absauganlagen Maschinenbau Anlagenbau\" src=\"data:image\/svg+xml;base64,PHN2ZyB3aWR0aD0iMSIgaGVpZ2h0PSIxIiB4bWxucz0iaHR0cDovL3d3dy53My5vcmcvMjAwMC9zdmciPjwvc3ZnPg==\" style=\"--smush-placeholder-width: 1110px; --smush-placeholder-aspect-ratio: 1110\/420;\" \/><span class=\"overlay\"><\/span><\/div>\n                              <div class=\"uebertitel\">Construction de machines et d&rsquo;installations<\/div>\n              \n              \n              <div class=\"inner\">\n                                                      <h2 class=\"d5\">Chefs-d&rsquo;\u0153uvre m\u00e9caniques<\/h2>\n                                  \n                                  <div class=\"teaser-inhalt\">La pr\u00e9cision en mouvement &#8211; Construire l&rsquo;avenir dans l&rsquo;ing\u00e9nierie m\u00e9canique.<\/div>\n                              <\/div>\n\n                            <div class=\"teaser-cta transition\">Construction de machines et d&#039;installations<\/div>\n          <\/a>\n                  \n              <\/div>\n  <\/div>\n<\/div>\n","protected":false},"featured_media":13589,"template":"","referenzenthemen":[82],"class_list":["post-13799","referenz","type-referenz","status-publish","has-post-thumbnail","hentry","referenzenthemen-installations-daspiration"],"acf":[],"_links":{"self":[{"href":"https:\/\/lume.ch\/fr\/wp-json\/wp\/v2\/referenz\/13799","targetHints":{"allow":["GET"]}}],"collection":[{"href":"https:\/\/lume.ch\/fr\/wp-json\/wp\/v2\/referenz"}],"about":[{"href":"https:\/\/lume.ch\/fr\/wp-json\/wp\/v2\/types\/referenz"}],"wp:featuredmedia":[{"embeddable":true,"href":"https:\/\/lume.ch\/fr\/wp-json\/wp\/v2\/media\/13589"}],"wp:attachment":[{"href":"https:\/\/lume.ch\/fr\/wp-json\/wp\/v2\/media?parent=13799"}],"wp:term":[{"taxonomy":"referenzenthemen","embeddable":true,"href":"https:\/\/lume.ch\/fr\/wp-json\/wp\/v2\/referenzenthemen?post=13799"}],"curies":[{"name":"wp","href":"https:\/\/api.w.org\/{rel}","templated":true}]}}