{"id":13768,"date":"2023-12-01T10:59:07","date_gmt":"2023-12-01T09:59:07","guid":{"rendered":"https:\/\/lume.ch\/?post_type=referenz&#038;p=13768"},"modified":"2024-08-23T14:44:18","modified_gmt":"2024-08-23T12:44:18","slug":"aspiration-de-la-poussiere-de-torrefaction-des-feves-de-cacao","status":"publish","type":"referenz","link":"https:\/\/lume.ch\/fr\/reference\/aspiration-de-la-poussiere-de-torrefaction-des-feves-de-cacao\/","title":{"rendered":"Aspiration de la poussi\u00e8re de torr\u00e9faction des f\u00e8ves de cacao"},"content":{"rendered":"\n<div  class=\"block block-lead main-container pb-mittel\">\n    <div class=\"content-container lead-font-size\">\n        Chocolat au lait, noir ou blanc.\nIls stimulent tous nos sens gustatifs de mani\u00e8re agr\u00e9able.     <\/div>\n<\/div>\n<div  class=\"block block-content bg-weiss pb-mittel\">\n    <div class=\"main-container\">\n        <div class=\"content-container\">\n\n            \n\n\n    <p>Les particules de poussi\u00e8re produites par le brasseur pendant la torr\u00e9faction des f\u00e8ves de cacao arrivaient jusqu&rsquo;\u00e0 pr\u00e9sent non filtr\u00e9es dans la chemin\u00e9e par la tuyauterie et \u00e9taient souffl\u00e9es au-dessus du toit.<br \/>\nIl en r\u00e9sultait des retomb\u00e9es brun rouille bien visibles sur le toit lui-m\u00eame et dans les environs.<br \/>\nL&rsquo;installation d&rsquo;aspiration VarioCell 6.24 C de L+M AG ma\u00eetrise cette exigence avec brio et aspire la poussi\u00e8re de torr\u00e9faction de mani\u00e8re efficace et efficiente.    <\/p>\n<h2>Sp\u00e9cification<\/h2>\n<ul>\n<li>Syst\u00e8me d&rsquo;aspiration VarioCell 6.24 C<\/li>\n<li>D\u00e9bit d&rsquo;air 8&rsquo;000m\u00b3\/h<\/li>\n<li>Surface de filtration 103m<\/li>\n<li>Puissance du ventilateur 11 kW<\/li>\n<li>Aspiration de la poussi\u00e8re de torr\u00e9faction des f\u00e8ves de cacao<\/li>\n<\/ul>\n\n    \n    \n\n        <\/div>\n    <\/div>\n<\/div>\n<div  class=\"block block-teaser bg-weiss pt-gross pb-gross bild-text\">\n  <div class=\"main-container\">\n    \n        <div class=\"teaser-row\">\n      \n                          <a class=\"teaser\" href=\"https:\/\/lume.ch\/kontakt-und-ansprechpartner\/\" target=\"_self\">\n            \n              <div class=\"bild\"><img decoding=\"async\" width=\"1110\" height=\"420\" data-src=\"https:\/\/lume.ch\/wp-content\/uploads\/2023\/11\/Serviceauto-1110x420.jpg\" class=\"attachment-teaser-big size-teaser-big lazyload\" alt=\"L+M AG Absauganlagen Inspektion Service\" src=\"data:image\/svg+xml;base64,PHN2ZyB3aWR0aD0iMSIgaGVpZ2h0PSIxIiB4bWxucz0iaHR0cDovL3d3dy53My5vcmcvMjAwMC9zdmciPjwvc3ZnPg==\" style=\"--smush-placeholder-width: 1110px; --smush-placeholder-aspect-ratio: 1110\/420;\" \/><span class=\"overlay\"><\/span><\/div>\n                              <div class=\"uebertitel\">Inspection + service<\/div>\n              \n              \n              <div class=\"inner\">\n                                                      <h2 class=\"d5\">Mieux vaut pr\u00e9venir que r\u00e9parer \u00e0 grands frais<\/h2>\n                                  \n                                  <div class=\"teaser-inhalt\">Avec notre contrat de service, vous b\u00e9n\u00e9ficiez d&rsquo;un ensemble de prestations sans souci. Pour un fonctionnement sans faille.<\/div>\n                              <\/div>\n\n                            <div class=\"teaser-cta transition\">Contact et personnes \u00e0 contacter<\/div>\n          <\/a>\n                  \n                        <a class=\"teaser\" href=\"https:\/\/lume.ch\/fr\/prestations\/#acc-2\" target=\"_self\">\n            \n              <div class=\"bild\"><img decoding=\"async\" width=\"1110\" height=\"420\" data-src=\"https:\/\/lume.ch\/wp-content\/uploads\/2023\/11\/Projektmanagement-1110x420.jpg\" class=\"attachment-teaser-big size-teaser-big lazyload\" alt=\"L+M AG Industriestahlbau Absauganlagen\" src=\"data:image\/svg+xml;base64,PHN2ZyB3aWR0aD0iMSIgaGVpZ2h0PSIxIiB4bWxucz0iaHR0cDovL3d3dy53My5vcmcvMjAwMC9zdmciPjwvc3ZnPg==\" style=\"--smush-placeholder-width: 1110px; --smush-placeholder-aspect-ratio: 1110\/420;\" \/><span class=\"overlay\"><\/span><\/div>\n                              <div class=\"uebertitel\">Gestion de projet<\/div>\n              \n              \n              <div class=\"inner\">\n                                                      <h2 class=\"d5\"> Un savoir-faire d&rsquo;\u00e9gal \u00e0 \u00e9gal<\/h2>\n                                  \n                                  <div class=\"teaser-inhalt\">Nous vous accompagnons de A \u00e0 Z. Du d\u00e9veloppement de la solution, de la planification, de la construction jusqu&rsquo;au montage sur place.<\/div>\n                              <\/div>\n\n                            <div class=\"teaser-cta transition\">Gestion de projet<\/div>\n          <\/a>\n                  \n              <\/div>\n  <\/div>\n<\/div>\n","protected":false},"featured_media":12420,"template":"","referenzenthemen":[82],"class_list":["post-13768","referenz","type-referenz","status-publish","has-post-thumbnail","hentry","referenzenthemen-installations-daspiration"],"acf":[],"_links":{"self":[{"href":"https:\/\/lume.ch\/fr\/wp-json\/wp\/v2\/referenz\/13768","targetHints":{"allow":["GET"]}}],"collection":[{"href":"https:\/\/lume.ch\/fr\/wp-json\/wp\/v2\/referenz"}],"about":[{"href":"https:\/\/lume.ch\/fr\/wp-json\/wp\/v2\/types\/referenz"}],"wp:featuredmedia":[{"embeddable":true,"href":"https:\/\/lume.ch\/fr\/wp-json\/wp\/v2\/media\/12420"}],"wp:attachment":[{"href":"https:\/\/lume.ch\/fr\/wp-json\/wp\/v2\/media?parent=13768"}],"wp:term":[{"taxonomy":"referenzenthemen","embeddable":true,"href":"https:\/\/lume.ch\/fr\/wp-json\/wp\/v2\/referenzenthemen?post=13768"}],"curies":[{"name":"wp","href":"https:\/\/api.w.org\/{rel}","templated":true}]}}