{"id":13757,"date":"2023-12-02T09:11:06","date_gmt":"2023-12-02T08:11:06","guid":{"rendered":"https:\/\/lume.ch\/?post_type=referenz&#038;p=13757"},"modified":"2025-02-19T14:43:10","modified_gmt":"2025-02-19T13:43:10","slug":"aspiration-de-poussiere-de-ciment","status":"publish","type":"referenz","link":"https:\/\/lume.ch\/fr\/reference\/aspiration-de-poussiere-de-ciment\/","title":{"rendered":"Aspiration de poussi\u00e8re de ciment"},"content":{"rendered":"\n<div  class=\"block block-lead main-container pb-mittel\">\n    <div class=\"content-container lead-font-size\">\n        Zones sans poussi\u00e8re dans la zone de formation du centre de formation de l&rsquo;Association suisse du carrelage pour les carreleurs.      <\/div>\n<\/div>\n<div  class=\"block block-content bg-weiss pb-mittel\">\n    <div class=\"main-container\">\n        <div class=\"content-container\">\n\n            \n\n\n    <p>La poussi\u00e8re de ciment est mauvaise pour la sant\u00e9 des stagiaires et de leurs professeurs et diminue la qualit\u00e9 de l&rsquo;air dans la salle de pratique. Le syst\u00e8me de construction modulaire de l&rsquo;installation d&rsquo;aspiration VarioCell permet, si n\u00e9cessaire et selon l&rsquo;application, de regrouper plusieurs installations d&rsquo;aspiration en une seule installation globale. SMART DESIGN|CLEVER BUILD. Eben L+M AG pour des solutions d&rsquo;aspiration professionnelles.  <\/p>\n<h2>Sp\u00e9cification<\/h2>\n<ul>\n<li>Syst\u00e8me d&rsquo;aspiration VarioCell 8.48 C et 8.64 incl. H13 Filtre secondaire<\/li>\n<li>Pour l&rsquo;aspiration de la poussi\u00e8re de pierre et de c\u00e9ramique<\/li>\n<li>D\u00e9bit d&rsquo;air 40&rsquo;000m\u00b3\/h<\/li>\n<li>Surface de filtration 482 m\u00b2.<\/li>\n<li>Puissance du ventilateur 30 kW et 37 kW<\/li>\n<\/ul>\n\n    \n    \n\n        <\/div>\n    <\/div>\n<\/div>\n<div  class=\"block block-teaser bg-hellgrau pt-gross pb-gross bild-text\">\n  <div class=\"main-container\">\n    \n        <div class=\"teaser-row\">\n      \n                          <a class=\"teaser\" href=\"https:\/\/lume.ch\/fr\/prestations\/#acc-5\" target=\"_self\">\n            \n              <div class=\"bild\"><img decoding=\"async\" width=\"1110\" height=\"420\" data-src=\"https:\/\/lume.ch\/wp-content\/uploads\/2023\/11\/Produktion-Fertigung-1110x420.jpg\" class=\"attachment-teaser-big size-teaser-big lazyload\" alt=\"L+M AG Industriestahlbau Absauganlagen\" src=\"data:image\/svg+xml;base64,PHN2ZyB3aWR0aD0iMSIgaGVpZ2h0PSIxIiB4bWxucz0iaHR0cDovL3d3dy53My5vcmcvMjAwMC9zdmciPjwvc3ZnPg==\" style=\"--smush-placeholder-width: 1110px; --smush-placeholder-aspect-ratio: 1110\/420;\" \/><span class=\"overlay\"><\/span><\/div>\n                              <div class=\"uebertitel\">Production + fabrication<\/div>\n              \n              \n              <div class=\"inner\">\n                                                      <h2 class=\"d5\">Une production efficace avec les normes les plus \u00e9lev\u00e9es<\/h2>\n                                  \n                                  <div class=\"teaser-inhalt\">Une qualit\u00e9 et une efficacit\u00e9 exceptionnelles, tant au niveau du d\u00e9veloppement des produits que de la fabrication.<\/div>\n                              <\/div>\n\n                            <div class=\"teaser-cta transition\">Production + fabrication<\/div>\n          <\/a>\n                  \n                        <a class=\"teaser\" href=\"https:\/\/lume.ch\/fr\/prestations\/#acc-2\" target=\"_self\">\n            \n              <div class=\"bild\"><img decoding=\"async\" width=\"1110\" height=\"420\" data-src=\"https:\/\/lume.ch\/wp-content\/uploads\/2023\/11\/Projektmanagement-1110x420.jpg\" class=\"attachment-teaser-big size-teaser-big lazyload\" alt=\"L+M AG Industriestahlbau Absauganlagen\" src=\"data:image\/svg+xml;base64,PHN2ZyB3aWR0aD0iMSIgaGVpZ2h0PSIxIiB4bWxucz0iaHR0cDovL3d3dy53My5vcmcvMjAwMC9zdmciPjwvc3ZnPg==\" style=\"--smush-placeholder-width: 1110px; --smush-placeholder-aspect-ratio: 1110\/420;\" \/><span class=\"overlay\"><\/span><\/div>\n                              <div class=\"uebertitel\">Gestion de projet<\/div>\n              \n              \n              <div class=\"inner\">\n                                                      <h2 class=\"d5\">Un savoir-faire d&rsquo;\u00e9gal \u00e0 \u00e9gal<\/h2>\n                                  \n                                  <div class=\"teaser-inhalt\">Nous vous accompagnons de A \u00e0 Z. Du d\u00e9veloppement de la solution, de la planification, de la construction jusqu&rsquo;au montage sur place.<\/div>\n                              <\/div>\n\n                            <div class=\"teaser-cta transition\">Gestion de projet<\/div>\n          <\/a>\n                  \n                        <a class=\"teaser\" href=\"https:\/\/lume.ch\/fr\/prestations\/#acc-10\" target=\"_self\">\n            \n              <div class=\"bild\"><img decoding=\"async\" width=\"500\" height=\"354\" data-src=\"https:\/\/lume.ch\/wp-content\/uploads\/2023\/11\/ISO-9001-Zertifizierung.jpg\" class=\"attachment-teaser-big size-teaser-big lazyload\" alt=\"L+M AG Fakten Historie ISO 9001 Zertifizierung\" data-srcset=\"https:\/\/lume.ch\/wp-content\/uploads\/2023\/11\/ISO-9001-Zertifizierung.jpg 500w, https:\/\/lume.ch\/wp-content\/uploads\/2023\/11\/ISO-9001-Zertifizierung-400x283.jpg 400w\" data-sizes=\"(max-width: 500px) 100vw, 500px\" src=\"data:image\/svg+xml;base64,PHN2ZyB3aWR0aD0iMSIgaGVpZ2h0PSIxIiB4bWxucz0iaHR0cDovL3d3dy53My5vcmcvMjAwMC9zdmciPjwvc3ZnPg==\" style=\"--smush-placeholder-width: 500px; --smush-placeholder-aspect-ratio: 500\/354;\" \/><span class=\"overlay\"><\/span><\/div>\n                              <div class=\"uebertitel\">Assurance qualit\u00e9<\/div>\n              \n              \n              <div class=\"inner\">\n                                                      <h2 class=\"d5\">Test, mesure + certification<\/h2>\n                                  \n                                  <div class=\"teaser-inhalt\">Nos produits sont fabriqu\u00e9s et test\u00e9s selon les technologies et les normes les plus r\u00e9centes.<\/div>\n                              <\/div>\n\n                            <div class=\"teaser-cta transition\">Gestion de la qualit\u00e9<\/div>\n          <\/a>\n                  \n              <\/div>\n  <\/div>\n<\/div>\n","protected":false},"featured_media":12410,"template":"","referenzenthemen":[82],"class_list":["post-13757","referenz","type-referenz","status-publish","has-post-thumbnail","hentry","referenzenthemen-installations-daspiration"],"acf":[],"_links":{"self":[{"href":"https:\/\/lume.ch\/fr\/wp-json\/wp\/v2\/referenz\/13757","targetHints":{"allow":["GET"]}}],"collection":[{"href":"https:\/\/lume.ch\/fr\/wp-json\/wp\/v2\/referenz"}],"about":[{"href":"https:\/\/lume.ch\/fr\/wp-json\/wp\/v2\/types\/referenz"}],"wp:featuredmedia":[{"embeddable":true,"href":"https:\/\/lume.ch\/fr\/wp-json\/wp\/v2\/media\/12410"}],"wp:attachment":[{"href":"https:\/\/lume.ch\/fr\/wp-json\/wp\/v2\/media?parent=13757"}],"wp:term":[{"taxonomy":"referenzenthemen","embeddable":true,"href":"https:\/\/lume.ch\/fr\/wp-json\/wp\/v2\/referenzenthemen?post=13757"}],"curies":[{"name":"wp","href":"https:\/\/api.w.org\/{rel}","templated":true}]}}