{"id":13973,"date":"2023-11-20T16:10:23","date_gmt":"2023-11-20T15:10:23","guid":{"rendered":"https:\/\/lume.ch\/?page_id=13973"},"modified":"2024-08-22T10:56:43","modified_gmt":"2024-08-22T08:56:43","slug":"references-installations-daspiration","status":"publish","type":"page","link":"https:\/\/lume.ch\/fr\/installations-daspiration\/references-installations-daspiration\/","title":{"rendered":"R\u00e9f\u00e9rences installations d&rsquo;aspiration"},"content":{"rendered":"\n<div  class=\"block block-header pb-mittel header-text\">\n\n            <div class=\"main-container container-padding-top pb-mittel has-breadcrumb\"> \n          \n            <div class=\"content-container\">\n            \n                                <div class=\"d5 color-anthrazit uebertitel\">R\u00e9f\u00e9rences installations d&rsquo;aspiration<\/div>\n                \n                                <h1 class=\"d1 color-orange\">Obtenez un aper\u00e7u de nos r\u00e9f\u00e9rences<\/h1>\n                 \n                                <div class=\"lead-font-size\"><p>Les exigences sp\u00e9cifiques des clients appellent des solutions individuelles. Les projets de r\u00e9f\u00e9rence de L+M AG vous donnent une id\u00e9e de ce \u00e0 quoi pourraient ressembler de telles solutions pour les secteurs les plus divers. Si n\u00e9cessaire, nous organisons volontiers pour vous une visite de r\u00e9f\u00e9rence pour les clients.<\/p>\n<\/div>\n                            <\/div>\n        <\/div>\n    <\/div>\n\n\n<div  class=\"block bg-hellgrau pt-gross pb-gross\">\n    <div class=\"main-container\">\n\n                    <div class=\"block-referenz-slider columns-2-count overview\">\n\n            \n<div class=\"block-teaser bild-text standard-link\">\n    <a class=\"teaser\" href=\"https:\/\/lume.ch\/fr\/reference\/adieu-la-dangereuse-poussiere-dacier-chrome\/\">\n                <div class=\"bild\">\n            <img decoding=\"async\" width=\"517\" height=\"914\" data-src=\"https:\/\/lume.ch\/wp-content\/uploads\/2024\/03\/Edelstahl-Maurer.jpg\" class=\"attachment-large size-large wp-post-image lazyload\" alt=\"L+M AG Absauganlage EcoCell 3.9-1200 f\u00fcr Metallindustrie\" data-srcset=\"https:\/\/lume.ch\/wp-content\/uploads\/2024\/03\/Edelstahl-Maurer.jpg 517w, https:\/\/lume.ch\/wp-content\/uploads\/2024\/03\/Edelstahl-Maurer-226x400.jpg 226w\" data-sizes=\"(max-width: 517px) 100vw, 517px\" src=\"data:image\/svg+xml;base64,PHN2ZyB3aWR0aD0iMSIgaGVpZ2h0PSIxIiB4bWxucz0iaHR0cDovL3d3dy53My5vcmcvMjAwMC9zdmciPjwvc3ZnPg==\" style=\"--smush-placeholder-width: 517px; --smush-placeholder-aspect-ratio: 517\/914;\" \/>            <span class=\"overlay\"><\/span>\n        <\/div>\n        \n\n        <div class=\"kategorie\">Installations d\u2019aspiration<\/div>         \n        <div class=\"uebertitel mt-20\">Industrie m\u00e9tallurgique&nbsp;<\/div>\n        \n        <div class=\"inner\">\n            <h2 class=\"d5\">Adieu aux poussi\u00e8res de pon\u00e7age dangereuses de l&rsquo;acier inoxydable<\/h2>\n\n            <div class=\"teaser-inhalt\">Les poussi\u00e8res d&rsquo;acier au chrome sont dangereuses pour l&rsquo;homme&nbsp;<\/div>\n        <\/div>\n\n        <div class=\"teaser-cta transition\">Vers la description du projet<\/div>\n    <\/a> \n<\/div>\n\n\n<div class=\"block-teaser bild-text standard-link\">\n    <a class=\"teaser\" href=\"https:\/\/lume.ch\/fr\/reference\/aspiration-de-ladjuvant-de-filtration-organique\/\">\n                <div class=\"bild\">\n            <img decoding=\"async\" width=\"500\" height=\"500\" data-src=\"https:\/\/lume.ch\/wp-content\/uploads\/2023\/11\/Filterhilfsmittel.png\" class=\"attachment-large size-large wp-post-image lazyload\" alt=\"\" data-srcset=\"https:\/\/lume.ch\/wp-content\/uploads\/2023\/11\/Filterhilfsmittel.png 500w, https:\/\/lume.ch\/wp-content\/uploads\/2023\/11\/Filterhilfsmittel-400x400.png?theia_smart_thumbnails_file_version=2 400w, https:\/\/lume.ch\/wp-content\/uploads\/2023\/11\/Filterhilfsmittel-150x150.png?theia_smart_thumbnails_file_version=2 150w\" data-sizes=\"(max-width: 500px) 100vw, 500px\" src=\"data:image\/svg+xml;base64,PHN2ZyB3aWR0aD0iMSIgaGVpZ2h0PSIxIiB4bWxucz0iaHR0cDovL3d3dy53My5vcmcvMjAwMC9zdmciPjwvc3ZnPg==\" style=\"--smush-placeholder-width: 500px; --smush-placeholder-aspect-ratio: 500\/500;\" \/>            <span class=\"overlay\"><\/span>\n        <\/div>\n        \n\n        <div class=\"kategorie\">Installations d\u2019aspiration<\/div>         \n        <div class=\"uebertitel mt-20\">Pharmacie + Chimie&nbsp;<\/div>\n        \n        <div class=\"inner\">\n            <h2 class=\"d5\">Aspiration de l&rsquo;adjuvant de filtration organique<\/h2>\n\n            <div class=\"teaser-inhalt\">Aspiration de l&rsquo;adjuvant de filtration organique&nbsp;<\/div>\n        <\/div>\n\n        <div class=\"teaser-cta transition\">Vers la description du projet<\/div>\n    <\/a> \n<\/div>\n\n\n<div class=\"block-teaser bild-text standard-link\">\n    <a class=\"teaser\" href=\"https:\/\/lume.ch\/fr\/reference\/aspiration-de-la-fumee-laser\/\">\n                <div class=\"bild\">\n            <img decoding=\"async\" width=\"1024\" height=\"555\" data-src=\"https:\/\/lume.ch\/wp-content\/uploads\/2023\/11\/Brillenglaeser.png\" class=\"attachment-large size-large wp-post-image lazyload\" alt=\"\" data-srcset=\"https:\/\/lume.ch\/wp-content\/uploads\/2023\/11\/Brillenglaeser.png 1444w, https:\/\/lume.ch\/wp-content\/uploads\/2023\/11\/Brillenglaeser-400x217.png?theia_smart_thumbnails_file_version=2 400w\" data-sizes=\"(max-width: 1024px) 100vw, 1024px\" src=\"data:image\/svg+xml;base64,PHN2ZyB3aWR0aD0iMSIgaGVpZ2h0PSIxIiB4bWxucz0iaHR0cDovL3d3dy53My5vcmcvMjAwMC9zdmciPjwvc3ZnPg==\" style=\"--smush-placeholder-width: 1024px; --smush-placeholder-aspect-ratio: 1024\/555;\" \/>            <span class=\"overlay\"><\/span>\n        <\/div>\n        \n\n        <div class=\"kategorie\">Installations d\u2019aspiration<\/div>         \n        <div class=\"uebertitel mt-20\">Plastique&nbsp;<\/div>\n        \n        <div class=\"inner\">\n            <h2 class=\"d5\">Aspiration de la fum\u00e9e laser<\/h2>\n\n            <div class=\"teaser-inhalt\">Au cours du processus de fabrication, les verres des lunettes sont d\u00e9coup\u00e9s dans une plaque de plastique sp\u00e9ciale \u00e0 l&rsquo;aide d&rsquo;une machine de d\u00e9coupe laser.&nbsp;<\/div>\n        <\/div>\n\n        <div class=\"teaser-cta transition\">Vers la description du projet<\/div>\n    <\/a> \n<\/div>\n\n\n<div class=\"block-teaser bild-text standard-link\">\n    <a class=\"teaser\" href=\"https:\/\/lume.ch\/fr\/reference\/aspiration-de-la-poussiere-dacier-inoxydable\/\">\n                <div class=\"bild\">\n            <img decoding=\"async\" width=\"777\" height=\"723\" data-src=\"https:\/\/lume.ch\/wp-content\/uploads\/2023\/12\/Absauganlage-Referenzen-Metallindustrie-VarioCell-Schleifen-von-VA2-1.jpg\" class=\"attachment-large size-large wp-post-image lazyload\" alt=\"\" data-srcset=\"https:\/\/lume.ch\/wp-content\/uploads\/2023\/12\/Absauganlage-Referenzen-Metallindustrie-VarioCell-Schleifen-von-VA2-1.jpg 777w, https:\/\/lume.ch\/wp-content\/uploads\/2023\/12\/Absauganlage-Referenzen-Metallindustrie-VarioCell-Schleifen-von-VA2-1-400x372.jpg?theia_smart_thumbnails_file_version=2 400w\" data-sizes=\"(max-width: 777px) 100vw, 777px\" src=\"data:image\/svg+xml;base64,PHN2ZyB3aWR0aD0iMSIgaGVpZ2h0PSIxIiB4bWxucz0iaHR0cDovL3d3dy53My5vcmcvMjAwMC9zdmciPjwvc3ZnPg==\" style=\"--smush-placeholder-width: 777px; --smush-placeholder-aspect-ratio: 777\/723;\" \/>            <span class=\"overlay\"><\/span>\n        <\/div>\n        \n\n        <div class=\"kategorie\">Installations d\u2019aspiration<\/div>         \n        <div class=\"uebertitel mt-20\">Industrie m\u00e9tallurgique&nbsp;<\/div>\n        \n        <div class=\"inner\">\n            <h2 class=\"d5\">Aspiration de la poussi\u00e8re d&rsquo;acier inoxydable<\/h2>\n\n            <div class=\"teaser-inhalt\">La poussi\u00e8re d&rsquo;acier inoxydable est respirable et nocive&nbsp;<\/div>\n        <\/div>\n\n        <div class=\"teaser-cta transition\">Vers la description du projet<\/div>\n    <\/a> \n<\/div>\n\n\n<div class=\"block-teaser bild-text standard-link\">\n    <a class=\"teaser\" href=\"https:\/\/lume.ch\/fr\/reference\/aspiration-de-la-poussiere-depices\/\">\n                <div class=\"bild\">\n            <img decoding=\"async\" width=\"768\" height=\"1024\" data-src=\"https:\/\/lume.ch\/wp-content\/uploads\/2023\/12\/Absauganlage-Lebensmittel-VarioCell-Roeststaub-Kakaobohnen.jpg\" class=\"attachment-large size-large wp-post-image lazyload\" alt=\"Poussi\u00e8re de cacao VarioCell 6.24 C\" data-srcset=\"https:\/\/lume.ch\/wp-content\/uploads\/2023\/12\/Absauganlage-Lebensmittel-VarioCell-Roeststaub-Kakaobohnen.jpg 1560w, https:\/\/lume.ch\/wp-content\/uploads\/2023\/12\/Absauganlage-Lebensmittel-VarioCell-Roeststaub-Kakaobohnen-300x400.jpg?theia_smart_thumbnails_file_version=2 300w\" data-sizes=\"(max-width: 768px) 100vw, 768px\" src=\"data:image\/svg+xml;base64,PHN2ZyB3aWR0aD0iMSIgaGVpZ2h0PSIxIiB4bWxucz0iaHR0cDovL3d3dy53My5vcmcvMjAwMC9zdmciPjwvc3ZnPg==\" style=\"--smush-placeholder-width: 768px; --smush-placeholder-aspect-ratio: 768\/1024;\" \/>            <span class=\"overlay\"><\/span>\n        <\/div>\n        \n\n        <div class=\"kategorie\">Installations d\u2019aspiration<\/div>         \n        <div class=\"uebertitel mt-20\">Alimentation&nbsp;<\/div>\n        \n        <div class=\"inner\">\n            <h2 class=\"d5\">Aspiration de la poussi\u00e8re d&rsquo;\u00e9pices<\/h2>\n\n            <div class=\"teaser-inhalt\">Pas de poussi\u00e8re d&rsquo;\u00e9pices dans la production&nbsp;<\/div>\n        <\/div>\n\n        <div class=\"teaser-cta transition\">Vers la description du projet<\/div>\n    <\/a> \n<\/div>\n\n\n<div class=\"block-teaser bild-text standard-link\">\n    <a class=\"teaser\" href=\"https:\/\/lume.ch\/fr\/reference\/aspiration-de-la-poussiere-de-pierre\/\">\n                <div class=\"bild\">\n            <img decoding=\"async\" width=\"688\" height=\"788\" data-src=\"https:\/\/lume.ch\/wp-content\/uploads\/2024\/03\/Guber-Natursteine.jpg\" class=\"attachment-large size-large wp-post-image lazyload\" alt=\"L+M AG VarioCell 4.12-1200 C\" data-srcset=\"https:\/\/lume.ch\/wp-content\/uploads\/2024\/03\/Guber-Natursteine.jpg 688w, https:\/\/lume.ch\/wp-content\/uploads\/2024\/03\/Guber-Natursteine-349x400.jpg 349w\" data-sizes=\"(max-width: 688px) 100vw, 688px\" src=\"data:image\/svg+xml;base64,PHN2ZyB3aWR0aD0iMSIgaGVpZ2h0PSIxIiB4bWxucz0iaHR0cDovL3d3dy53My5vcmcvMjAwMC9zdmciPjwvc3ZnPg==\" style=\"--smush-placeholder-width: 688px; --smush-placeholder-aspect-ratio: 688\/788;\" \/>            <span class=\"overlay\"><\/span>\n        <\/div>\n        \n\n        <div class=\"kategorie\">Installations d\u2019aspiration<\/div>         \n        <div class=\"uebertitel mt-20\">Pierres + Terre&nbsp;<\/div>\n        \n        <div class=\"inner\">\n            <h2 class=\"d5\">Aspiration de la poussi\u00e8re de pierre<\/h2>\n\n            <div class=\"teaser-inhalt\">Pas de poussi\u00e8re de pierre dans les poumons&nbsp;<\/div>\n        <\/div>\n\n        <div class=\"teaser-cta transition\">Vers la description du projet<\/div>\n    <\/a> \n<\/div>\n\n\n<div class=\"block-teaser bild-text standard-link\">\n    <a class=\"teaser\" href=\"https:\/\/lume.ch\/fr\/reference\/aspiration-de-la-poussiere-de-poncage-du-prv\/\">\n                <div class=\"bild\">\n            <img decoding=\"async\" width=\"1024\" height=\"771\" data-src=\"https:\/\/lume.ch\/wp-content\/uploads\/2023\/11\/Absauganlage-Kunststoff-VarioCell-2x10.80-C.jpg\" class=\"attachment-large size-large wp-post-image lazyload\" alt=\"\" data-srcset=\"https:\/\/lume.ch\/wp-content\/uploads\/2023\/11\/Absauganlage-Kunststoff-VarioCell-2x10.80-C.jpg 1353w, https:\/\/lume.ch\/wp-content\/uploads\/2023\/11\/Absauganlage-Kunststoff-VarioCell-2x10.80-C-400x301.jpg 400w\" data-sizes=\"(max-width: 1024px) 100vw, 1024px\" src=\"data:image\/svg+xml;base64,PHN2ZyB3aWR0aD0iMSIgaGVpZ2h0PSIxIiB4bWxucz0iaHR0cDovL3d3dy53My5vcmcvMjAwMC9zdmciPjwvc3ZnPg==\" style=\"--smush-placeholder-width: 1024px; --smush-placeholder-aspect-ratio: 1024\/771;\" \/>            <span class=\"overlay\"><\/span>\n        <\/div>\n        \n\n        <div class=\"kategorie\">Installations d\u2019aspiration<\/div>         \n        <div class=\"uebertitel mt-20\">Plastique&nbsp;<\/div>\n        \n        <div class=\"inner\">\n            <h2 class=\"d5\">Aspiration de la poussi\u00e8re de pon\u00e7age du PRV<\/h2>\n\n            <div class=\"teaser-inhalt\">Aspirer la poussi\u00e8re de pon\u00e7age du PRV&nbsp;<\/div>\n        <\/div>\n\n        <div class=\"teaser-cta transition\">Vers la description du projet<\/div>\n    <\/a> \n<\/div>\n\n\n<div class=\"block-teaser bild-text standard-link\">\n    <a class=\"teaser\" href=\"https:\/\/lume.ch\/fr\/reference\/aspiration-de-la-poussiere-de-torrefaction-des-feves-de-cacao\/\">\n                <div class=\"bild\">\n            <img decoding=\"async\" width=\"768\" height=\"1024\" data-src=\"https:\/\/lume.ch\/wp-content\/uploads\/2023\/12\/Absauganlage-Lebensmittel-VarioCell-Roeststaub-Kakaobohnen.jpg\" class=\"attachment-large size-large wp-post-image lazyload\" alt=\"Poussi\u00e8re de cacao VarioCell 6.24 C\" data-srcset=\"https:\/\/lume.ch\/wp-content\/uploads\/2023\/12\/Absauganlage-Lebensmittel-VarioCell-Roeststaub-Kakaobohnen.jpg 1560w, https:\/\/lume.ch\/wp-content\/uploads\/2023\/12\/Absauganlage-Lebensmittel-VarioCell-Roeststaub-Kakaobohnen-300x400.jpg?theia_smart_thumbnails_file_version=2 300w\" data-sizes=\"(max-width: 768px) 100vw, 768px\" src=\"data:image\/svg+xml;base64,PHN2ZyB3aWR0aD0iMSIgaGVpZ2h0PSIxIiB4bWxucz0iaHR0cDovL3d3dy53My5vcmcvMjAwMC9zdmciPjwvc3ZnPg==\" style=\"--smush-placeholder-width: 768px; --smush-placeholder-aspect-ratio: 768\/1024;\" \/>            <span class=\"overlay\"><\/span>\n        <\/div>\n        \n\n        <div class=\"kategorie\">Installations d\u2019aspiration<\/div>         \n        <div class=\"uebertitel mt-20\">Alimentation&nbsp;<\/div>\n        \n        <div class=\"inner\">\n            <h2 class=\"d5\">Aspiration de la poussi\u00e8re de torr\u00e9faction des f\u00e8ves de cacao<\/h2>\n\n            <div class=\"teaser-inhalt\">&nbsp;<\/div>\n        <\/div>\n\n        <div class=\"teaser-cta transition\">Vers la description du projet<\/div>\n    <\/a> \n<\/div>\n\n\n<div class=\"block-teaser bild-text standard-link\">\n    <a class=\"teaser\" href=\"https:\/\/lume.ch\/fr\/reference\/aspiration-de-la-poussiere-de-vomissement\/\">\n                <div class=\"bild\">\n            <img decoding=\"async\" width=\"1024\" height=\"768\" data-src=\"https:\/\/lume.ch\/wp-content\/uploads\/2025\/02\/A.-Flueckiger_Recycling.jpg\" class=\"attachment-large size-large wp-post-image lazyload\" alt=\"\" data-srcset=\"https:\/\/lume.ch\/wp-content\/uploads\/2025\/02\/A.-Flueckiger_Recycling.jpg 4032w, https:\/\/lume.ch\/wp-content\/uploads\/2025\/02\/A.-Flueckiger_Recycling-400x300.jpg?theia_smart_thumbnails_file_version=2 400w\" data-sizes=\"(max-width: 1024px) 100vw, 1024px\" src=\"data:image\/svg+xml;base64,PHN2ZyB3aWR0aD0iMSIgaGVpZ2h0PSIxIiB4bWxucz0iaHR0cDovL3d3dy53My5vcmcvMjAwMC9zdmciPjwvc3ZnPg==\" style=\"--smush-placeholder-width: 1024px; --smush-placeholder-aspect-ratio: 1024\/768;\" \/>            <span class=\"overlay\"><\/span>\n        <\/div>\n        \n\n        <div class=\"kategorie\">Installations d\u2019aspiration<\/div>         \n        <div class=\"uebertitel mt-20\">\u00c9nergie + Environnement&nbsp;<\/div>\n        \n        <div class=\"inner\">\n            <h2 class=\"d5\">Aspiration de la poussi\u00e8re de vomissement<\/h2>\n\n            <div class=\"teaser-inhalt\">Plus de poussi\u00e8re de concassage au centre de recyclage&nbsp;<\/div>\n        <\/div>\n\n        <div class=\"teaser-cta transition\">Vers la description du projet<\/div>\n    <\/a> \n<\/div>\n\n\n<div class=\"block-teaser bild-text standard-link\">\n    <a class=\"teaser\" href=\"https:\/\/lume.ch\/fr\/reference\/aspiration-de-poussiere-dans-une-graviere\/\">\n                <div class=\"bild\">\n            <img decoding=\"async\" width=\"681\" height=\"1024\" data-src=\"https:\/\/lume.ch\/wp-content\/uploads\/2023\/12\/Absauganlage-SteineErden-Kieswerk-VarioCell-10.80-C.jpg\" class=\"attachment-large size-large wp-post-image lazyload\" alt=\"L+M AG Absauganlage VarioCell 10.80 C Steine Erden Kieswerk\" data-srcset=\"https:\/\/lume.ch\/wp-content\/uploads\/2023\/12\/Absauganlage-SteineErden-Kieswerk-VarioCell-10.80-C.jpg 950w, https:\/\/lume.ch\/wp-content\/uploads\/2023\/12\/Absauganlage-SteineErden-Kieswerk-VarioCell-10.80-C-266x400.jpg?theia_smart_thumbnails_file_version=2 266w\" data-sizes=\"(max-width: 681px) 100vw, 681px\" src=\"data:image\/svg+xml;base64,PHN2ZyB3aWR0aD0iMSIgaGVpZ2h0PSIxIiB4bWxucz0iaHR0cDovL3d3dy53My5vcmcvMjAwMC9zdmciPjwvc3ZnPg==\" style=\"--smush-placeholder-width: 681px; --smush-placeholder-aspect-ratio: 681\/1024;\" \/>            <span class=\"overlay\"><\/span>\n        <\/div>\n        \n\n        <div class=\"kategorie\">Installations d\u2019aspiration<\/div>         \n        <div class=\"uebertitel mt-20\">Pierres + Terre&nbsp;<\/div>\n        \n        <div class=\"inner\">\n            <h2 class=\"d5\">Aspiration de poussi\u00e8re dans une gravi\u00e8re<\/h2>\n\n            <div class=\"teaser-inhalt\">Syst\u00e8me d&rsquo;aspiration suppl\u00e9mentaire pour la gravi\u00e8re&nbsp;<\/div>\n        <\/div>\n\n        <div class=\"teaser-cta transition\">Vers la description du projet<\/div>\n    <\/a> \n<\/div>\n\n\n<div class=\"block-teaser bild-text standard-link\">\n    <a class=\"teaser\" href=\"https:\/\/lume.ch\/fr\/reference\/aspiration-de-poussiere-de-ciment\/\">\n                <div class=\"bild\">\n            <img decoding=\"async\" width=\"1024\" height=\"462\" data-src=\"https:\/\/lume.ch\/wp-content\/uploads\/2023\/12\/Absauganlage-VarioCell-8.48C-und-8.64-inkl.-H13-Nachfilter.png\" class=\"attachment-large size-large wp-post-image lazyload\" alt=\"L+M AG Absauganlagen VarioCell 8.48C und 8.64 inklusive H13 Nachfilter\" data-srcset=\"https:\/\/lume.ch\/wp-content\/uploads\/2023\/12\/Absauganlage-VarioCell-8.48C-und-8.64-inkl.-H13-Nachfilter.png 1553w, https:\/\/lume.ch\/wp-content\/uploads\/2023\/12\/Absauganlage-VarioCell-8.48C-und-8.64-inkl.-H13-Nachfilter-400x180.png?theia_smart_thumbnails_file_version=2 400w\" data-sizes=\"(max-width: 1024px) 100vw, 1024px\" src=\"data:image\/svg+xml;base64,PHN2ZyB3aWR0aD0iMSIgaGVpZ2h0PSIxIiB4bWxucz0iaHR0cDovL3d3dy53My5vcmcvMjAwMC9zdmciPjwvc3ZnPg==\" style=\"--smush-placeholder-width: 1024px; --smush-placeholder-aspect-ratio: 1024\/462;\" \/>            <span class=\"overlay\"><\/span>\n        <\/div>\n        \n\n        <div class=\"kategorie\">Installations d\u2019aspiration<\/div>         \n        <div class=\"uebertitel mt-20\">Pierres + Terre&nbsp;<\/div>\n        \n        <div class=\"inner\">\n            <h2 class=\"d5\">Aspiration de poussi\u00e8re de ciment<\/h2>\n\n            <div class=\"teaser-inhalt\">La poussi\u00e8re de ciment n&rsquo;est pas la bienvenue ici&nbsp;<\/div>\n        <\/div>\n\n        <div class=\"teaser-cta transition\">Vers la description du projet<\/div>\n    <\/a> \n<\/div>\n\n\n<div class=\"block-teaser bild-text standard-link\">\n    <a class=\"teaser\" href=\"https:\/\/lume.ch\/fr\/reference\/aspiration-de-poussiere-de-gravier\/\">\n                <div class=\"bild\">\n            <img decoding=\"async\" width=\"1024\" height=\"768\" data-src=\"https:\/\/lume.ch\/wp-content\/uploads\/2023\/12\/Absauganlage-Kieswerk-VarioCell-24.192C.jpg\" class=\"attachment-large size-large wp-post-image lazyload\" alt=\"L+M AG Absauganlage VarioCell 24.192C Kieswerk\" data-srcset=\"https:\/\/lume.ch\/wp-content\/uploads\/2023\/12\/Absauganlage-Kieswerk-VarioCell-24.192C.jpg 2048w, https:\/\/lume.ch\/wp-content\/uploads\/2023\/12\/Absauganlage-Kieswerk-VarioCell-24.192C-400x300.jpg 400w\" data-sizes=\"(max-width: 1024px) 100vw, 1024px\" src=\"data:image\/svg+xml;base64,PHN2ZyB3aWR0aD0iMSIgaGVpZ2h0PSIxIiB4bWxucz0iaHR0cDovL3d3dy53My5vcmcvMjAwMC9zdmciPjwvc3ZnPg==\" style=\"--smush-placeholder-width: 1024px; --smush-placeholder-aspect-ratio: 1024\/768;\" \/>            <span class=\"overlay\"><\/span>\n        <\/div>\n        \n\n        <div class=\"kategorie\">Installations d\u2019aspiration<\/div>         \n        <div class=\"uebertitel mt-20\">Pierres + Terre&nbsp;<\/div>\n        \n        <div class=\"inner\">\n            <h2 class=\"d5\">Aspiration de poussi\u00e8re de gravier<\/h2>\n\n            <div class=\"teaser-inhalt\">Adieu la poussi\u00e8re de gravier&nbsp;<\/div>\n        <\/div>\n\n        <div class=\"teaser-cta transition\">Vers la description du projet<\/div>\n    <\/a> \n<\/div>\n\n\n<div class=\"block-teaser bild-text standard-link\">\n    <a class=\"teaser\" href=\"https:\/\/lume.ch\/fr\/reference\/aspiration-de-poussieres-corrosives\/\">\n                <div class=\"bild\">\n            <img decoding=\"async\" width=\"576\" height=\"1024\" data-src=\"https:\/\/lume.ch\/wp-content\/uploads\/2023\/11\/Absauganlage-EcoCell-3.9-1200-C-in-V2A-isoliert.jpg\" class=\"attachment-large size-large wp-post-image lazyload\" alt=\"L+M AG\" data-srcset=\"https:\/\/lume.ch\/wp-content\/uploads\/2023\/11\/Absauganlage-EcoCell-3.9-1200-C-in-V2A-isoliert.jpg 1836w, https:\/\/lume.ch\/wp-content\/uploads\/2023\/11\/Absauganlage-EcoCell-3.9-1200-C-in-V2A-isoliert-225x400.jpg?theia_smart_thumbnails_file_version=2 225w\" data-sizes=\"(max-width: 576px) 100vw, 576px\" src=\"data:image\/svg+xml;base64,PHN2ZyB3aWR0aD0iMSIgaGVpZ2h0PSIxIiB4bWxucz0iaHR0cDovL3d3dy53My5vcmcvMjAwMC9zdmciPjwvc3ZnPg==\" style=\"--smush-placeholder-width: 576px; --smush-placeholder-aspect-ratio: 576\/1024;\" \/>            <span class=\"overlay\"><\/span>\n        <\/div>\n        \n\n        <div class=\"kategorie\">Installations d\u2019aspiration<\/div>         \n        <div class=\"uebertitel mt-20\">Pharmacie + Chimie&nbsp;<\/div>\n        \n        <div class=\"inner\">\n            <h2 class=\"d5\">Aspiration de poussi\u00e8res corrosives<\/h2>\n\n            <div class=\"teaser-inhalt\">Impr\u00e9gnation de charbon actif de haute qualit\u00e9&nbsp;<\/div>\n        <\/div>\n\n        <div class=\"teaser-cta transition\">Vers la description du projet<\/div>\n    <\/a> \n<\/div>\n\n\n<div class=\"block-teaser bild-text standard-link\">\n    <a class=\"teaser\" href=\"https:\/\/lume.ch\/fr\/reference\/aspiration-de-poussieres-dacier-chrome\/\">\n                <div class=\"bild\">\n            <img decoding=\"async\" width=\"576\" height=\"1024\" data-src=\"https:\/\/lume.ch\/wp-content\/uploads\/2023\/11\/Referenzen-Medizinaltechnik-VarioCell-4.16-C.jpg\" class=\"attachment-large size-large wp-post-image lazyload\" alt=\"\" data-srcset=\"https:\/\/lume.ch\/wp-content\/uploads\/2023\/11\/Referenzen-Medizinaltechnik-VarioCell-4.16-C.jpg 918w, https:\/\/lume.ch\/wp-content\/uploads\/2023\/11\/Referenzen-Medizinaltechnik-VarioCell-4.16-C-225x400.jpg 225w\" data-sizes=\"(max-width: 576px) 100vw, 576px\" src=\"data:image\/svg+xml;base64,PHN2ZyB3aWR0aD0iMSIgaGVpZ2h0PSIxIiB4bWxucz0iaHR0cDovL3d3dy53My5vcmcvMjAwMC9zdmciPjwvc3ZnPg==\" style=\"--smush-placeholder-width: 576px; --smush-placeholder-aspect-ratio: 576\/1024;\" \/>            <span class=\"overlay\"><\/span>\n        <\/div>\n        \n\n        <div class=\"kategorie\">Installations d\u2019aspiration<\/div>         \n        <div class=\"uebertitel mt-20\">Technique m\u00e9dicale&nbsp;<\/div>\n        \n        <div class=\"inner\">\n            <h2 class=\"d5\">Aspiration de poussi\u00e8res d&rsquo;acier chrom\u00e9<\/h2>\n\n            <div class=\"teaser-inhalt\">La poussi\u00e8re d&rsquo;acier au chrome a un effet nocif av\u00e9r\u00e9 sur les voies respiratoires et peut \u00eatre canc\u00e9rig\u00e8ne.&nbsp;<\/div>\n        <\/div>\n\n        <div class=\"teaser-cta transition\">Vers la description du projet<\/div>\n    <\/a> \n<\/div>\n\n\n<div class=\"block-teaser bild-text standard-link\">\n    <a class=\"teaser\" href=\"https:\/\/lume.ch\/fr\/reference\/aspiration-de-poussieres-de-caoutchouc\/\">\n                <div class=\"bild\">\n            <img decoding=\"async\" width=\"1024\" height=\"764\" data-src=\"https:\/\/lume.ch\/wp-content\/uploads\/2023\/11\/Absauganlage-Kunststoff-VarioCell-4\u00d712.96-S.jpg\" class=\"attachment-large size-large wp-post-image lazyload\" alt=\"\" data-srcset=\"https:\/\/lume.ch\/wp-content\/uploads\/2023\/11\/Absauganlage-Kunststoff-VarioCell-4\u00d712.96-S.jpg 1873w, https:\/\/lume.ch\/wp-content\/uploads\/2023\/11\/Absauganlage-Kunststoff-VarioCell-4\u00d712.96-S-400x298.jpg 400w\" data-sizes=\"(max-width: 1024px) 100vw, 1024px\" src=\"data:image\/svg+xml;base64,PHN2ZyB3aWR0aD0iMSIgaGVpZ2h0PSIxIiB4bWxucz0iaHR0cDovL3d3dy53My5vcmcvMjAwMC9zdmciPjwvc3ZnPg==\" style=\"--smush-placeholder-width: 1024px; --smush-placeholder-aspect-ratio: 1024\/764;\" \/>            <span class=\"overlay\"><\/span>\n        <\/div>\n        \n\n        <div class=\"kategorie\">Installations d\u2019aspiration<\/div>         \n        <div class=\"uebertitel mt-20\">Plastique&nbsp;<\/div>\n        \n        <div class=\"inner\">\n            <h2 class=\"d5\">Aspiration de poussi\u00e8res de caoutchouc<\/h2>\n\n            <div class=\"teaser-inhalt\">Aspiration de poussi\u00e8res de caoutchouc&nbsp;<\/div>\n        <\/div>\n\n        <div class=\"teaser-cta transition\">Vers la description du projet<\/div>\n    <\/a> \n<\/div>\n\n\n<div class=\"block-teaser bild-text standard-link\">\n    <a class=\"teaser\" href=\"https:\/\/lume.ch\/fr\/reference\/aspiration-de-poussieres-de-matieres-premieres-pour-lalimentation-animale\/\">\n                <div class=\"bild\">\n            <img decoding=\"async\" width=\"800\" height=\"1024\" data-src=\"https:\/\/lume.ch\/wp-content\/uploads\/2023\/12\/Lebensmittel-Schuettgutstaub-Absauganlage-VarioCell-4.12-C-e1701424245831.jpg\" class=\"attachment-large size-large wp-post-image lazyload\" alt=\"L+M AG Absauganlage VarioCell 4.12C Sch\u00fcttgut Lebensmittel\" data-srcset=\"https:\/\/lume.ch\/wp-content\/uploads\/2023\/12\/Lebensmittel-Schuettgutstaub-Absauganlage-VarioCell-4.12-C-e1701424245831.jpg 2045w, https:\/\/lume.ch\/wp-content\/uploads\/2023\/12\/Lebensmittel-Schuettgutstaub-Absauganlage-VarioCell-4.12-C-e1701424245831-312x400.jpg?theia_smart_thumbnails_file_version=2 312w\" data-sizes=\"(max-width: 800px) 100vw, 800px\" src=\"data:image\/svg+xml;base64,PHN2ZyB3aWR0aD0iMSIgaGVpZ2h0PSIxIiB4bWxucz0iaHR0cDovL3d3dy53My5vcmcvMjAwMC9zdmciPjwvc3ZnPg==\" style=\"--smush-placeholder-width: 800px; --smush-placeholder-aspect-ratio: 800\/1024;\" \/>            <span class=\"overlay\"><\/span>\n        <\/div>\n        \n\n        <div class=\"kategorie\">Installations d\u2019aspiration<\/div>         \n        <div class=\"uebertitel mt-20\">Alimentation&nbsp;<\/div>\n        \n        <div class=\"inner\">\n            <h2 class=\"d5\">Aspiration de poussi\u00e8res de mati\u00e8res premi\u00e8res pour l&rsquo;alimentation animale<\/h2>\n\n            <div class=\"teaser-inhalt\">Poussi\u00e8re de mati\u00e8res premi\u00e8res pour l&rsquo;alimentation animale&nbsp;<\/div>\n        <\/div>\n\n        <div class=\"teaser-cta transition\">Vers la description du projet<\/div>\n    <\/a> \n<\/div>\n\n\n<div class=\"block-teaser bild-text standard-link\">\n    <a class=\"teaser\" href=\"https:\/\/lume.ch\/fr\/reference\/aspiration-de-poussieres-de-scories-seches-incineration-des-dechets\/\">\n                <div class=\"bild\">\n            <img decoding=\"async\" width=\"768\" height=\"1024\" data-src=\"https:\/\/lume.ch\/wp-content\/uploads\/2024\/07\/Kebag-AG_Absauganlagen-rotated.jpg\" class=\"attachment-large size-large wp-post-image lazyload\" alt=\"\" data-srcset=\"https:\/\/lume.ch\/wp-content\/uploads\/2024\/07\/Kebag-AG_Absauganlagen-rotated.jpg 3024w, https:\/\/lume.ch\/wp-content\/uploads\/2024\/07\/Kebag-AG_Absauganlagen-300x400.jpg 300w\" data-sizes=\"(max-width: 768px) 100vw, 768px\" src=\"data:image\/svg+xml;base64,PHN2ZyB3aWR0aD0iMSIgaGVpZ2h0PSIxIiB4bWxucz0iaHR0cDovL3d3dy53My5vcmcvMjAwMC9zdmciPjwvc3ZnPg==\" style=\"--smush-placeholder-width: 768px; --smush-placeholder-aspect-ratio: 768\/1024;\" \/>            <span class=\"overlay\"><\/span>\n        <\/div>\n        \n\n        <div class=\"kategorie\">Installations d\u2019aspiration<\/div>         \n        <div class=\"uebertitel mt-20\">\u00c9nergie + Environnement&nbsp;<\/div>\n        \n        <div class=\"inner\">\n            <h2 class=\"d5\">Aspiration de poussi\u00e8res de scories s\u00e8ches Incin\u00e9ration des d\u00e9chets<\/h2>\n\n            <div class=\"teaser-inhalt\">Installation d&rsquo;aspiration pour incin\u00e9rateur d&rsquo;ordures m\u00e9nag\u00e8res&nbsp;<\/div>\n        <\/div>\n\n        <div class=\"teaser-cta transition\">Vers la description du projet<\/div>\n    <\/a> \n<\/div>\n\n\n<div class=\"block-teaser bild-text standard-link\">\n    <a class=\"teaser\" href=\"https:\/\/lume.ch\/fr\/reference\/aspiration-des-fumees-dans-lusine-dinjection-de-zinc\/\">\n                <div class=\"bild\">\n            <img decoding=\"async\" width=\"538\" height=\"1024\" data-src=\"https:\/\/lume.ch\/wp-content\/uploads\/2023\/12\/Absauganlagen-Referenzen-Metallindustrie-VarioCell-Sandstrahlspritzwerk-e1701442294164.jpg\" class=\"attachment-large size-large wp-post-image lazyload\" alt=\"\" data-srcset=\"https:\/\/lume.ch\/wp-content\/uploads\/2023\/12\/Absauganlagen-Referenzen-Metallindustrie-VarioCell-Sandstrahlspritzwerk-e1701442294164.jpg 920w, https:\/\/lume.ch\/wp-content\/uploads\/2023\/12\/Absauganlagen-Referenzen-Metallindustrie-VarioCell-Sandstrahlspritzwerk-e1701442294164-210x400.jpg?theia_smart_thumbnails_file_version=2 210w\" data-sizes=\"(max-width: 538px) 100vw, 538px\" src=\"data:image\/svg+xml;base64,PHN2ZyB3aWR0aD0iMSIgaGVpZ2h0PSIxIiB4bWxucz0iaHR0cDovL3d3dy53My5vcmcvMjAwMC9zdmciPjwvc3ZnPg==\" style=\"--smush-placeholder-width: 538px; --smush-placeholder-aspect-ratio: 538\/1024;\" \/>            <span class=\"overlay\"><\/span>\n        <\/div>\n        \n\n        <div class=\"kategorie\">Installations d\u2019aspiration<\/div>         \n        <div class=\"uebertitel mt-20\">Industrie m\u00e9tallurgique&nbsp;<\/div>\n        \n        <div class=\"inner\">\n            <h2 class=\"d5\">Aspiration des fum\u00e9es dans l&rsquo;usine d&rsquo;injection de zinc<\/h2>\n\n            <div class=\"teaser-inhalt\">Aspirer la fum\u00e9e ne pose aucun probl\u00e8me&nbsp;<\/div>\n        <\/div>\n\n        <div class=\"teaser-cta transition\">Vers la description du projet<\/div>\n    <\/a> \n<\/div>\n\n\n<div class=\"block-teaser bild-text standard-link\">\n    <a class=\"teaser\" href=\"https:\/\/lume.ch\/fr\/reference\/aspiration-des-fumees-de-soudure-dans-latelier\/\">\n                <div class=\"bild\">\n            <img decoding=\"async\" width=\"1024\" height=\"400\" data-src=\"https:\/\/lume.ch\/wp-content\/uploads\/2026\/02\/lm-ag-hallenabsaugung-push-pull.jpg\" class=\"attachment-large size-large wp-post-image lazyload\" alt=\"L+M AG Aspiration de halls-Push-Pull et syst\u00e8me d&#039;aspiration\" data-srcset=\"https:\/\/lume.ch\/wp-content\/uploads\/2026\/02\/lm-ag-hallenabsaugung-push-pull.jpg 5712w, https:\/\/lume.ch\/wp-content\/uploads\/2026\/02\/lm-ag-hallenabsaugung-push-pull-400x156.jpg 400w\" data-sizes=\"(max-width: 1024px) 100vw, 1024px\" src=\"data:image\/svg+xml;base64,PHN2ZyB3aWR0aD0iMSIgaGVpZ2h0PSIxIiB4bWxucz0iaHR0cDovL3d3dy53My5vcmcvMjAwMC9zdmciPjwvc3ZnPg==\" style=\"--smush-placeholder-width: 1024px; --smush-placeholder-aspect-ratio: 1024\/400;\" \/>            <span class=\"overlay\"><\/span>\n        <\/div>\n        \n\n        <div class=\"kategorie\">Installations d\u2019aspiration<\/div>         \n        <div class=\"uebertitel mt-20\">Industrie m\u00e9tallurgique&nbsp;<\/div>\n        \n        <div class=\"inner\">\n            <h2 class=\"d5\">Aspiration des fum\u00e9es de soudure dans l&rsquo;atelier<\/h2>\n\n            <div class=\"teaser-inhalt\">Syst\u00e8me d&rsquo;aspiration mobile L+M pour le soudage mobile de pi\u00e8ces tubulaires  &nbsp;<\/div>\n        <\/div>\n\n        <div class=\"teaser-cta transition\">Vers la description du projet<\/div>\n    <\/a> \n<\/div>\n\n\n<div class=\"block-teaser bild-text standard-link\">\n    <a class=\"teaser\" href=\"https:\/\/lume.ch\/fr\/reference\/installation-daspiration-des-poussieres-de-charbon-et-de-frein-dans-une-centrale-hydroelectrique\/\">\n                <div class=\"bild\">\n            <img decoding=\"async\" width=\"960\" height=\"640\" data-src=\"https:\/\/lume.ch\/wp-content\/uploads\/2025\/03\/Wasserkraftwerk.jpg\" class=\"attachment-large size-large wp-post-image lazyload\" alt=\"\" data-srcset=\"https:\/\/lume.ch\/wp-content\/uploads\/2025\/03\/Wasserkraftwerk.jpg 960w, https:\/\/lume.ch\/wp-content\/uploads\/2025\/03\/Wasserkraftwerk-400x267.jpg 400w\" data-sizes=\"(max-width: 960px) 100vw, 960px\" src=\"data:image\/svg+xml;base64,PHN2ZyB3aWR0aD0iMSIgaGVpZ2h0PSIxIiB4bWxucz0iaHR0cDovL3d3dy53My5vcmcvMjAwMC9zdmciPjwvc3ZnPg==\" style=\"--smush-placeholder-width: 960px; --smush-placeholder-aspect-ratio: 960\/640;\" \/>            <span class=\"overlay\"><\/span>\n        <\/div>\n        \n\n        <div class=\"kategorie\">Installations d\u2019aspiration<\/div>         \n        <div class=\"uebertitel mt-20\">\u00c9nergie + Environnement  &nbsp;<\/div>\n        \n        <div class=\"inner\">\n            <h2 class=\"d5\">Installation d&rsquo;aspiration des poussi\u00e8res de charbon et de frein dans une centrale hydro\u00e9lectrique<\/h2>\n\n            <div class=\"teaser-inhalt\">Installations d&rsquo;aspiration pour centrale hydro\u00e9lectrique&nbsp;<\/div>\n        <\/div>\n\n        <div class=\"teaser-cta transition\">Vers la description du projet<\/div>\n    <\/a> \n<\/div>\n\n\n<div class=\"block-teaser bild-text standard-link\">\n    <a class=\"teaser\" href=\"https:\/\/lume.ch\/fr\/reference\/installation-daspiration-mobilecell-dans-une-entreprise-de-recyclage\/\">\n                <div class=\"bild\">\n            <img decoding=\"async\" width=\"1024\" height=\"768\" data-src=\"https:\/\/lume.ch\/wp-content\/uploads\/2025\/02\/MobileCell-1.jpg\" class=\"attachment-large size-large wp-post-image lazyload\" alt=\"\" data-srcset=\"https:\/\/lume.ch\/wp-content\/uploads\/2025\/02\/MobileCell-1.jpg 4032w, https:\/\/lume.ch\/wp-content\/uploads\/2025\/02\/MobileCell-1-400x300.jpg 400w\" data-sizes=\"(max-width: 1024px) 100vw, 1024px\" src=\"data:image\/svg+xml;base64,PHN2ZyB3aWR0aD0iMSIgaGVpZ2h0PSIxIiB4bWxucz0iaHR0cDovL3d3dy53My5vcmcvMjAwMC9zdmciPjwvc3ZnPg==\" style=\"--smush-placeholder-width: 1024px; --smush-placeholder-aspect-ratio: 1024\/768;\" \/>            <span class=\"overlay\"><\/span>\n        <\/div>\n        \n\n        <div class=\"kategorie\">Installations d\u2019aspiration<\/div>         \n        <div class=\"uebertitel mt-20\">\u00c9nergie + Environnement  &nbsp;<\/div>\n        \n        <div class=\"inner\">\n            <h2 class=\"d5\">Installation d&rsquo;aspiration MobileCell dans une entreprise de recyclage<\/h2>\n\n            <div class=\"teaser-inhalt\">Une entreprise de recyclage utilise un syst\u00e8me d&rsquo;aspiration mobile&nbsp;<\/div>\n        <\/div>\n\n        <div class=\"teaser-cta transition\">Vers la description du projet<\/div>\n    <\/a> \n<\/div>\n\n\n<div class=\"block-teaser bild-text standard-link\">\n    <a class=\"teaser\" href=\"https:\/\/lume.ch\/fr\/reference\/moyens-de-levage-bornes-equilibre\/\">\n                <div class=\"bild\">\n            <img decoding=\"async\" width=\"670\" height=\"235\" data-src=\"https:\/\/lume.ch\/wp-content\/uploads\/2023\/12\/Hebemittel-1.png\" class=\"attachment-large size-large wp-post-image lazyload\" alt=\"\" data-srcset=\"https:\/\/lume.ch\/wp-content\/uploads\/2023\/12\/Hebemittel-1.png 670w, https:\/\/lume.ch\/wp-content\/uploads\/2023\/12\/Hebemittel-1-400x140.png 400w\" data-sizes=\"(max-width: 670px) 100vw, 670px\" src=\"data:image\/svg+xml;base64,PHN2ZyB3aWR0aD0iMSIgaGVpZ2h0PSIxIiB4bWxucz0iaHR0cDovL3d3dy53My5vcmcvMjAwMC9zdmciPjwvc3ZnPg==\" style=\"--smush-placeholder-width: 670px; --smush-placeholder-aspect-ratio: 670\/235;\" \/>            <span class=\"overlay\"><\/span>\n        <\/div>\n        \n\n        <div class=\"kategorie\">Installations d\u2019aspiration<\/div>         \n        <div class=\"uebertitel mt-20\">Transport + Logistique&nbsp;<\/div>\n        \n        <div class=\"inner\">\n            <h2 class=\"d5\">Moyens de levage, bornes, \u00e9quilibre<\/h2>\n\n            <div class=\"teaser-inhalt\">D\u00e9couvrez nos moyens de levage, nos bornes et nos balances fiables.  &nbsp;<\/div>\n        <\/div>\n\n        <div class=\"teaser-cta transition\">Vers la description du projet<\/div>\n    <\/a> \n<\/div>\n\n\n<div class=\"block-teaser bild-text standard-link\">\n    <a class=\"teaser\" href=\"https:\/\/lume.ch\/fr\/reference\/production-de-rouleaux-de-bitume-sans-poussiere\/\">\n        \n\n        <div class=\"kategorie\">Installations d\u2019aspiration<\/div>         \n        <div class=\"uebertitel mt-20\">\u00c9nergie + Environnement&nbsp;<\/div>\n        \n        <div class=\"inner\">\n            <h2 class=\"d5\">Production de rouleaux de bitume sans poussi\u00e8re<\/h2>\n\n            <div class=\"teaser-inhalt\">Syst\u00e8me d&rsquo;aspiration L+M pour la production de rouleaux de bitume sans poussi\u00e8re&nbsp;<\/div>\n        <\/div>\n\n        <div class=\"teaser-cta transition\">Vers la description du projet<\/div>\n    <\/a> \n<\/div>\n\n\n<div class=\"block-teaser bild-text standard-link\">\n    <a class=\"teaser\" href=\"https:\/\/lume.ch\/fr\/reference\/salle-daffutage-provisoire-en-location\/\">\n                <div class=\"bild\">\n            <img decoding=\"async\" width=\"1024\" height=\"889\" data-src=\"https:\/\/lume.ch\/wp-content\/uploads\/2025\/03\/Schleifraum_aussen.jpg\" class=\"attachment-large size-large wp-post-image lazyload\" alt=\"\" data-srcset=\"https:\/\/lume.ch\/wp-content\/uploads\/2025\/03\/Schleifraum_aussen.jpg 3328w, https:\/\/lume.ch\/wp-content\/uploads\/2025\/03\/Schleifraum_aussen-400x347.jpg?theia_smart_thumbnails_file_version=2 400w\" data-sizes=\"(max-width: 1024px) 100vw, 1024px\" src=\"data:image\/svg+xml;base64,PHN2ZyB3aWR0aD0iMSIgaGVpZ2h0PSIxIiB4bWxucz0iaHR0cDovL3d3dy53My5vcmcvMjAwMC9zdmciPjwvc3ZnPg==\" style=\"--smush-placeholder-width: 1024px; --smush-placeholder-aspect-ratio: 1024\/889;\" \/>            <span class=\"overlay\"><\/span>\n        <\/div>\n        \n\n        <div class=\"kategorie\">Installations d\u2019aspiration<\/div>         \n        <div class=\"uebertitel mt-20\">\u00c9nergie + Environnement&nbsp;<\/div>\n        \n        <div class=\"inner\">\n            <h2 class=\"d5\">Salle d&rsquo;aff\u00fbtage provisoire en location<\/h2>\n\n            <div class=\"teaser-inhalt\">Une salle de meulage provisoire \u00e0 louer aupr\u00e8s de L+M AG Aspirations&nbsp;<\/div>\n        <\/div>\n\n        <div class=\"teaser-cta transition\">Vers la description du projet<\/div>\n    <\/a> \n<\/div>\n\n\n<div class=\"block-teaser bild-text standard-link\">\n    <a class=\"teaser\" href=\"https:\/\/lume.ch\/fr\/reference\/un-bon-air-dans-le-hall-de-recyclage\/\">\n                <div class=\"bild\">\n            <img decoding=\"async\" width=\"789\" height=\"1024\" data-src=\"https:\/\/lume.ch\/wp-content\/uploads\/2025\/02\/Thommen_Kaiseraugst-1.jpeg\" class=\"attachment-large size-large wp-post-image lazyload\" alt=\"\" data-srcset=\"https:\/\/lume.ch\/wp-content\/uploads\/2025\/02\/Thommen_Kaiseraugst-1.jpeg 1412w, https:\/\/lume.ch\/wp-content\/uploads\/2025\/02\/Thommen_Kaiseraugst-1-308x400.jpeg?theia_smart_thumbnails_file_version=2 308w\" data-sizes=\"(max-width: 789px) 100vw, 789px\" src=\"data:image\/svg+xml;base64,PHN2ZyB3aWR0aD0iMSIgaGVpZ2h0PSIxIiB4bWxucz0iaHR0cDovL3d3dy53My5vcmcvMjAwMC9zdmciPjwvc3ZnPg==\" style=\"--smush-placeholder-width: 789px; --smush-placeholder-aspect-ratio: 789\/1024;\" \/>            <span class=\"overlay\"><\/span>\n        <\/div>\n        \n\n        <div class=\"kategorie\">Installations d\u2019aspiration<\/div>         \n        <div class=\"uebertitel mt-20\">\u00c9nergie + Environnement &nbsp;<\/div>\n        \n        <div class=\"inner\">\n            <h2 class=\"d5\">Un bon air dans le hall de recyclage<\/h2>\n\n            <div class=\"teaser-inhalt\">Un bon air au centre de recyclage&nbsp;<\/div>\n        <\/div>\n\n        <div class=\"teaser-cta transition\">Vers la description du projet<\/div>\n    <\/a> \n<\/div>\n\n\n<div class=\"block-teaser bild-text standard-link\">\n    <a class=\"teaser\" href=\"https:\/\/lume.ch\/fr\/reference\/unite-daspiration-mobile-soudage-delements-de-tuyauterie\/\">\n                <div class=\"bild\">\n            <img decoding=\"async\" width=\"938\" height=\"1024\" data-src=\"https:\/\/lume.ch\/wp-content\/uploads\/2026\/03\/lm-mobile-absaugeinheit-fuer-mobiles-schweissen-fertigung.jpg\" class=\"attachment-large size-large wp-post-image lazyload\" alt=\"\" data-srcset=\"https:\/\/lume.ch\/wp-content\/uploads\/2026\/03\/lm-mobile-absaugeinheit-fuer-mobiles-schweissen-fertigung.jpg 3348w, https:\/\/lume.ch\/wp-content\/uploads\/2026\/03\/lm-mobile-absaugeinheit-fuer-mobiles-schweissen-fertigung-366x400.jpg 366w\" data-sizes=\"(max-width: 938px) 100vw, 938px\" src=\"data:image\/svg+xml;base64,PHN2ZyB3aWR0aD0iMSIgaGVpZ2h0PSIxIiB4bWxucz0iaHR0cDovL3d3dy53My5vcmcvMjAwMC9zdmciPjwvc3ZnPg==\" style=\"--smush-placeholder-width: 938px; --smush-placeholder-aspect-ratio: 938\/1024;\" \/>            <span class=\"overlay\"><\/span>\n        <\/div>\n        \n\n        <div class=\"kategorie\">Installations d\u2019aspiration<\/div>         \n        <div class=\"uebertitel mt-20\">Industrie m\u00e9tallurgique&nbsp;<\/div>\n        \n        <div class=\"inner\">\n            <h2 class=\"d5\">Unit\u00e9 d&rsquo;aspiration mobile &#8211; Soudage d&rsquo;\u00e9l\u00e9ments de tuyauterie<\/h2>\n\n            <div class=\"teaser-inhalt\">Syst\u00e8me d&rsquo;aspiration mobile L+M pour le soudage mobile de pi\u00e8ces tubulaires  &nbsp;<\/div>\n        <\/div>\n\n        <div class=\"teaser-cta transition\">Vers la description du projet<\/div>\n    <\/a> \n<\/div>\n\n            \n          <\/div>\n            <\/div>\n<\/div>\n\n\n\n\n<div  class=\"block block-personen bg-dunkelgrau pt-mittel pb-mittel\">\n    <div class=\"main-container\">\n\n        <h2 class=\"d3\">Vos contacts<\/h2>\n    \n    \n\n           \n            <p><strong>Vous avez besoin d&rsquo;un conseil ou vous avez un projet ?<\/strong><\/p>\n\n<div class=\"person mt-klein mb-50\">\n\n    <div class=\"person-bild\">\n                <div class=\"person-bild-inner\">\n            <img decoding=\"async\" width=\"890\" height=\"660\" data-src=\"https:\/\/lume.ch\/wp-content\/uploads\/2023\/09\/Staubli-Gregor5_DSC06531-890x660.jpg\" class=\"attachment-person size-person wp-post-image lazyload\" alt=\"LM AG Industriestahlbau Absauganlagen Gregor Staubli\" src=\"data:image\/svg+xml;base64,PHN2ZyB3aWR0aD0iMSIgaGVpZ2h0PSIxIiB4bWxucz0iaHR0cDovL3d3dy53My5vcmcvMjAwMC9zdmciPjwvc3ZnPg==\" style=\"--smush-placeholder-width: 890px; --smush-placeholder-aspect-ratio: 890\/660;\" \/>        <\/div>\n            <\/div>\n\n    <div class=\"person-inhalt\">\n                <h3 class=\"d4 color-orange\">Gregor Staubli<\/h3>\n                \n                  <p class=\"d6 mb-0 base-font-size\"><strong>Vente | Direction<\/strong><\/p>\n        \n                  <p>Directeur des ventes | Membre de la direction<\/p>\n        \n        <div class=\"links standard-link\">\n                          <p><a href=\"mailto:gregor.staubli@lume.ch\"><span class=\"mail\"><\/span> gregor.staubli@lume.ch<\/a><\/p>\n            \n                          <p><a href=\"tel:+41763631229\"><span class=\"tel\"><\/span> +41 76 363 12 29<\/a><\/p>\n            \n                          <p><a href=\"https:\/\/www.linkedin.com\/in\/gregor-staubli-12b17052\/\" target=\"_blank\" rel=\"nofollow noopener\"><span class=\"linkedin\"><\/span> Profil LinkedIn<\/a><\/p>\n                    <\/div>\n    <\/div>\n<\/div>\n\n  \n<div class=\"person mt-klein mb-50\">\n\n    <div class=\"person-bild\">\n                <div class=\"person-bild-inner\">\n            <img decoding=\"async\" width=\"890\" height=\"660\" data-src=\"https:\/\/lume.ch\/wp-content\/uploads\/2023\/11\/Zehnder-Marcel1_GL_231004_0853-890x660.jpg\" class=\"attachment-person size-person wp-post-image lazyload\" alt=\"LM AG Industriestahlbau Absauganlagen Fabian Glittmann Projektleiter\" src=\"data:image\/svg+xml;base64,PHN2ZyB3aWR0aD0iMSIgaGVpZ2h0PSIxIiB4bWxucz0iaHR0cDovL3d3dy53My5vcmcvMjAwMC9zdmciPjwvc3ZnPg==\" style=\"--smush-placeholder-width: 890px; --smush-placeholder-aspect-ratio: 890\/660;\" \/>        <\/div>\n            <\/div>\n\n    <div class=\"person-inhalt\">\n                <h3 class=\"d4 color-orange\">Marcel Zehnder<\/h3>\n                \n                  <p class=\"d6 mb-0 base-font-size\"><strong>Vente | Direction<\/strong><\/p>\n        \n                  <p>Projets sp\u00e9ciaux | CEO<\/p>\n        \n        <div class=\"links standard-link\">\n                          <p><a href=\"mailto:marcel.zehnder@lume.ch\"><span class=\"mail\"><\/span> marcel.zehnder@lume.ch<\/a><\/p>\n            \n                          <p><a href=\"tel:+41786465866\"><span class=\"tel\"><\/span> +41 78 646 58 66<\/a><\/p>\n            \n                          <p><a href=\"https:\/\/www.linkedin.com\/in\/zehnder-marcel-256166bb\/\" target=\"_blank\" rel=\"nofollow noopener\"><span class=\"linkedin\"><\/span> Profil LinkedIn<\/a><\/p>\n                    <\/div>\n    <\/div>\n<\/div>\n\n  \n<div class=\"person mt-klein mb-50\">\n\n    <div class=\"person-bild\">\n                <div class=\"person-bild-inner\">\n            <img decoding=\"async\" width=\"890\" height=\"660\" data-src=\"https:\/\/lume.ch\/wp-content\/uploads\/2023\/11\/Shipman-Roy_F_DSC06646-890x660.png\" class=\"attachment-person size-person wp-post-image lazyload\" alt=\"LM AG Industriestahlbau Absauganlagen\" src=\"data:image\/svg+xml;base64,PHN2ZyB3aWR0aD0iMSIgaGVpZ2h0PSIxIiB4bWxucz0iaHR0cDovL3d3dy53My5vcmcvMjAwMC9zdmciPjwvc3ZnPg==\" style=\"--smush-placeholder-width: 890px; --smush-placeholder-aspect-ratio: 890\/660;\" \/>        <\/div>\n            <\/div>\n\n    <div class=\"person-inhalt\">\n                <h3 class=\"d4 color-orange\">Roy Shipman<\/h3>\n                \n                  <p class=\"d6 mb-0 base-font-size\"><strong>Vente<\/strong><\/p>\n        \n                  <p>Vendeur r\u00e9gional | Chef de projet<\/p>\n        \n        <div class=\"links standard-link\">\n                          <p><a href=\"mailto:roy.shipman@lume.ch\"><span class=\"mail\"><\/span> roy.shipman@lume.ch<\/a><\/p>\n            \n                          <p><a href=\"tel:+41765564096\"><span class=\"tel\"><\/span> +41 76 556 40 96<\/a><\/p>\n            \n                    <\/div>\n    <\/div>\n<\/div>\n\n  \n    <\/div>\n<\/div>","protected":false},"excerpt":{"rendered":"","protected":false},"author":3,"featured_media":0,"parent":13868,"menu_order":0,"comment_status":"closed","ping_status":"closed","template":"tpl-front-page.php","meta":{"_acf_changed":false,"footnotes":""},"class_list":["post-13973","page","type-page","status-publish","hentry"],"acf":[],"_links":{"self":[{"href":"https:\/\/lume.ch\/fr\/wp-json\/wp\/v2\/pages\/13973","targetHints":{"allow":["GET"]}}],"collection":[{"href":"https:\/\/lume.ch\/fr\/wp-json\/wp\/v2\/pages"}],"about":[{"href":"https:\/\/lume.ch\/fr\/wp-json\/wp\/v2\/types\/page"}],"author":[{"embeddable":true,"href":"https:\/\/lume.ch\/fr\/wp-json\/wp\/v2\/users\/3"}],"replies":[{"embeddable":true,"href":"https:\/\/lume.ch\/fr\/wp-json\/wp\/v2\/comments?post=13973"}],"version-history":[{"count":2,"href":"https:\/\/lume.ch\/fr\/wp-json\/wp\/v2\/pages\/13973\/revisions"}],"predecessor-version":[{"id":14022,"href":"https:\/\/lume.ch\/fr\/wp-json\/wp\/v2\/pages\/13973\/revisions\/14022"}],"up":[{"embeddable":true,"href":"https:\/\/lume.ch\/fr\/wp-json\/wp\/v2\/pages\/13868"}],"wp:attachment":[{"href":"https:\/\/lume.ch\/fr\/wp-json\/wp\/v2\/media?parent=13973"}],"curies":[{"name":"wp","href":"https:\/\/api.w.org\/{rel}","templated":true}]}}