{"id":13962,"date":"2024-02-27T13:31:26","date_gmt":"2024-02-27T12:31:26","guid":{"rendered":"https:\/\/lume.ch\/?page_id=13962"},"modified":"2025-01-28T11:57:06","modified_gmt":"2025-01-28T10:57:06","slug":"composants-en-acier","status":"publish","type":"page","link":"https:\/\/lume.ch\/fr\/construction-metallique-industrielle\/composants-en-acier\/","title":{"rendered":"Composants en acier"},"content":{"rendered":"\n<div  class=\"block block-header  header-text\">\n\n            <div class=\"main-container container-padding-top pb-mittel has-breadcrumb\"> \n          \n            <div class=\"content-container\">\n            \n                                <div class=\"d5 color-anthrazit uebertitel\">Construction m\u00e9tallique industrielle<\/div>\n                \n                                <h1 class=\"d1 color-orange\">Des composants en acier polyvalents et sur mesure<\/h1>\n                 \n                                <div class=\"lead-font-size\"><p>En tant qu&rsquo;acheteur ou chef de projet, vous \u00eates confront\u00e9 au d\u00e9fi de vous procurer des composants en acier de haute qualit\u00e9 qui r\u00e9pondent aux normes les plus \u00e9lev\u00e9es.<\/p>\n<\/div>\n                            <\/div>\n        <\/div>\n    <\/div>\n<div  class=\"block block-teaser bg-weiss pb-mittel white-small\">\n  <div class=\"main-container\">\n          <div class=\"content-container\">\n        \n                  <div class=\"lead pb-mittel\"><p>C&rsquo;est l\u00e0 que nous intervenons. <a href=\"https:\/\/lume.ch\/kompetenzen-service\/\" target=\"_blank\" rel=\"noopener\">L+M AG<\/a> vous propose des solutions intelligentes pour r\u00e9pondre \u00e0 vos besoins en mati\u00e8re de fabrication de pi\u00e8ces en acier.<br \/>\nVous b\u00e9n\u00e9ficiez ainsi de nos services uniques tels que   <\/p>\n<ul>\n<li style=\"font-weight: 400\"><span style=\"font-weight: 400\">Des id\u00e9es intelligentes et astucieuses pour vos composants en acier<\/span><\/li>\n<li style=\"font-weight: 400\"><span style=\"font-weight: 400\">Composants en acier ou ensembles soud\u00e9s en sous-traitance<\/span><\/li>\n<li style=\"font-weight: 400\"><span style=\"font-weight: 400\">Approvisionnement et ex\u00e9cution &#8211; une seule source<a href=\"https:\/\/lume.ch\/kontakt-und-ansprechpartner\/\" target=\"_blank\" rel=\"noopener\"> et un seul interlocuteur<\/a><\/span><\/li>\n<\/ul>\n<\/div>\n              <\/div>\n    \n    <\/div>\n<\/div>\n\n\n<div  class=\"block block-accordion box bg-weiss pb-mittel\">\n  <div class=\"main-container pos-rel\">\n    \n          <div class=\"accordion box\">\n        \n          <div class=\"acc-box bild has-content\">\n            <div id=\"acc-1\" class=\"accordion-item\">\n              <div class=\"accordion-toggle\">\n                \n                <h2 class=\"d5 mb-15 accordion-titel\">Une expertise exceptionnelle<\/h2>\n\n                                  <div class=\"acc-geschlossen base-font-size\"><p>Notre expertise en mati\u00e8re de soudage selon diverses normes vous garantit le respect de toutes les r\u00e9glementations.<\/p>\n<\/div>\n                              <\/div>\n\n                              <div class=\"accordion-content\">\n                  <div class=\"accordion-content-inner base-font-size\">\n                    \n                                              <div class=\"pb-mittel\">\n                          <p><span style=\"font-weight: 400\">Que vous ayez besoin de composants en acier simples ou tr\u00e8s complexes.<br \/>\nNous fournissons des composants fabriqu\u00e9s avec pr\u00e9cision selon vos plans.<br \/>\nSi n\u00e9cessaire, nos sp\u00e9cialistes du service <a href=\"https:\/\/lume.ch\/kompetenzen-service\/\" target=\"_blank\" rel=\"noopener\">Ing\u00e9nierie + Construction<\/a> cr\u00e9ent de nouveaux dessins cot\u00e9s pour les nouveaux composants \u00e0 concevoir.  <\/span><\/p>\n                        <\/div>\n                      \n                      \n                                      <\/div>\n                <\/div>\n                <span class=\"accordion-icon accordion-toggle\"><span class=\"icon-up\"><\/span><span class=\"icon-down\"><\/span><\/span>\n\n                          <\/div>\n\n            <div class=\"image-container\"><img decoding=\"async\" width=\"539\" height=\"378\" data-src=\"https:\/\/lume.ch\/wp-content\/uploads\/2024\/02\/Stahlbauteile-539x378.jpg\" class=\"attachment-accordion size-accordion lazyload\" alt=\"\" src=\"data:image\/svg+xml;base64,PHN2ZyB3aWR0aD0iMSIgaGVpZ2h0PSIxIiB4bWxucz0iaHR0cDovL3d3dy53My5vcmcvMjAwMC9zdmciPjwvc3ZnPg==\" style=\"--smush-placeholder-width: 539px; --smush-placeholder-aspect-ratio: 539\/378;\" \/><\/div>\n          <\/div>\n              <\/div>\n      <\/div>\n<\/div>\n\n\n<div  class=\"block block-accordion box bg-weiss pb-mittel\">\n  <div class=\"main-container pos-rel\">\n    \n          <div class=\"accordion box\">\n        \n          <div class=\"acc-box bild has-content\">\n            <div id=\"acc-1\" class=\"accordion-item\">\n              <div class=\"accordion-toggle\">\n                \n                <h2 class=\"d5 mb-15 accordion-titel\">Sous-traitance &#8211; \u00e9galement dans notre offre de services<\/h2>\n\n                                  <div class=\"acc-geschlossen base-font-size\"><p>Nous transformons vos d\u00e9fis en un projet r\u00e9ussi.<br \/>\nNotre objectif : une solution astucieuse et intelligente. <\/p>\n<\/div>\n                              <\/div>\n\n                              <div class=\"accordion-content\">\n                  <div class=\"accordion-content-inner base-font-size\">\n                    \n                                              <div class=\"pb-mittel\">\n                          <p><span style=\"font-weight: 400\">Chez L+M AG, nous nous appuyons sur des technologies de pointe et une \u00e9quipe exp\u00e9riment\u00e9e pour vous garantir les meilleurs r\u00e9sultats.<br \/>\nNotre entreprise est certifi\u00e9e   <\/span>ISO 9001 et est donc soumis \u00e0 des contr\u00f4les de qualit\u00e9 stricts.<br \/>\nUne garantie de produits irr\u00e9prochables et de solutions conformes aux prescriptions. <\/p>\n                        <\/div>\n                      \n                      \n                                      <\/div>\n                <\/div>\n                <span class=\"accordion-icon accordion-toggle\"><span class=\"icon-up\"><\/span><span class=\"icon-down\"><\/span><\/span>\n\n                          <\/div>\n\n            <div class=\"image-container\"><img decoding=\"async\" width=\"539\" height=\"378\" data-src=\"https:\/\/lume.ch\/wp-content\/uploads\/2024\/02\/Stahltraeger-539x378.jpg\" class=\"attachment-accordion size-accordion lazyload\" alt=\"\" src=\"data:image\/svg+xml;base64,PHN2ZyB3aWR0aD0iMSIgaGVpZ2h0PSIxIiB4bWxucz0iaHR0cDovL3d3dy53My5vcmcvMjAwMC9zdmciPjwvc3ZnPg==\" style=\"--smush-placeholder-width: 539px; --smush-placeholder-aspect-ratio: 539\/378;\" \/><\/div>\n          <\/div>\n              <\/div>\n      <\/div>\n<\/div>\n\n\n<div  class=\"block block-accordion box bg-weiss pb-mittel\">\n  <div class=\"main-container pos-rel\">\n    \n          <div class=\"accordion box\">\n        \n          <div class=\"acc-box bild has-content\">\n            <div id=\"acc-1\" class=\"accordion-item\">\n              <div class=\"accordion-toggle\">\n                \n                <h2 class=\"d5 mb-15 accordion-titel\">Poutres en acier de tout type<\/h2>\n\n                                  <div class=\"acc-geschlossen base-font-size\"><p>Chez L+M AG, nous fabriquons des poutres en acier de diff\u00e9rentes dimensions et de diff\u00e9rents types.<\/p>\n<\/div>\n                              <\/div>\n\n                              <div class=\"accordion-content\">\n                  <div class=\"accordion-content-inner base-font-size\">\n                    \n                                              <div class=\"pb-mittel\">\n                          <p>Il s&rsquo;agit d&rsquo;\u00e9l\u00e9ments porteurs en acier.<br \/>\nEn raison de leur nature, elles sont particuli\u00e8rement robustes, pr\u00e9sentent une capacit\u00e9 de charge et une force portante \u00e9lev\u00e9es et peuvent \u00eatre utilis\u00e9es de mani\u00e8re flexible.<br \/>\nNous fabriquons des poutres en acier, y compris les v\u00f4tres.<br \/>\nTestez-nous !   <\/p>\n                        <\/div>\n                      \n                      \n                                      <\/div>\n                <\/div>\n                <span class=\"accordion-icon accordion-toggle\"><span class=\"icon-up\"><\/span><span class=\"icon-down\"><\/span><\/span>\n\n                          <\/div>\n\n            <div class=\"image-container\"><img decoding=\"async\" width=\"539\" height=\"378\" data-src=\"https:\/\/lume.ch\/wp-content\/uploads\/2024\/02\/Staltraeger-539x378.png\" class=\"attachment-accordion size-accordion lazyload\" alt=\"\" src=\"data:image\/svg+xml;base64,PHN2ZyB3aWR0aD0iMSIgaGVpZ2h0PSIxIiB4bWxucz0iaHR0cDovL3d3dy53My5vcmcvMjAwMC9zdmciPjwvc3ZnPg==\" style=\"--smush-placeholder-width: 539px; --smush-placeholder-aspect-ratio: 539\/378;\" \/><\/div>\n          <\/div>\n              <\/div>\n      <\/div>\n<\/div>\n\n<div  class=\"block block-content bg-weiss pb-mittel\">\n    <div class=\"main-container\">\n        <div class=\"content-container\">\n\n            \n\n\n    \n    \n    \n\n        <\/div>\n    <\/div>\n<\/div>\n<div  class=\"block block-referenz-slider bg-weiss pb-mittel\">\n    <div class=\"main-container pos-rel\">\n\n                <div class=\"content-container\">\n                            <h2 class=\"d3\">DES R\u00c9ALISATIONS R\u00c9USSIES<\/h2>\n            \n                            <div class=\"lead pb-mittel\"><p>Des clients enthousiastes sont les meilleures r\u00e9f\u00e9rences. Lisez nos success stories.<\/p>\n<\/div>\n                    <\/div>\n         \n\n                <div class=\"swiper-referenz pos-rel\">\n            <div class=\"swiper-wrapper\">\n                                \n                <div class=\"swiper-slide\">\n                    \n<div class=\"block-teaser bild-text standard-link\">\n    <a class=\"teaser\" href=\"https:\/\/lume.ch\/fr\/reference\/tuyaux-sous-pression\/\">\n                <div class=\"bild\">\n            <img decoding=\"async\" width=\"616\" height=\"534\" data-src=\"https:\/\/lume.ch\/wp-content\/uploads\/2023\/12\/Druckrohre-1.png\" class=\"attachment-large size-large wp-post-image lazyload\" alt=\"\" data-srcset=\"https:\/\/lume.ch\/wp-content\/uploads\/2023\/12\/Druckrohre-1.png 616w, https:\/\/lume.ch\/wp-content\/uploads\/2023\/12\/Druckrohre-1-400x347.png 400w\" data-sizes=\"(max-width: 616px) 100vw, 616px\" src=\"data:image\/svg+xml;base64,PHN2ZyB3aWR0aD0iMSIgaGVpZ2h0PSIxIiB4bWxucz0iaHR0cDovL3d3dy53My5vcmcvMjAwMC9zdmciPjwvc3ZnPg==\" style=\"--smush-placeholder-width: 616px; --smush-placeholder-aspect-ratio: 616\/534;\" \/>            <span class=\"overlay\"><\/span>\n        <\/div>\n        \n\n        <div class=\"kategorie\">Construction m\u00e9tallique industrielle<\/div>         \n        <div class=\"uebertitel mt-20\">\u00c9nergie + Environnement&nbsp;<\/div>\n        \n        <div class=\"inner\">\n            <h2 class=\"d5\">Tuyaux sous pression<\/h2>\n\n            <div class=\"teaser-inhalt\">Les tubes de pression sont la solution pour de multiples applications et garantissent le transport de fluides en toute s\u00e9curit\u00e9.  &nbsp;<\/div>\n        <\/div>\n\n        <div class=\"teaser-cta transition\">Vers la description du projet<\/div>\n    <\/a> \n<\/div>\n\n                <\/div>\n\n                \n                <div class=\"swiper-slide\">\n                    \n<div class=\"block-teaser bild-text standard-link\">\n    <a class=\"teaser\" href=\"https:\/\/lume.ch\/fr\/reference\/support-de-montage-pour-charges-lourdes\/\">\n                <div class=\"bild\">\n            <img decoding=\"async\" width=\"1024\" height=\"576\" data-src=\"https:\/\/lume.ch\/wp-content\/uploads\/2023\/12\/Schwerlast-Montagebock-1.jpg\" class=\"attachment-large size-large wp-post-image lazyload\" alt=\"\" data-srcset=\"https:\/\/lume.ch\/wp-content\/uploads\/2023\/12\/Schwerlast-Montagebock-1.jpg 1081w, https:\/\/lume.ch\/wp-content\/uploads\/2023\/12\/Schwerlast-Montagebock-1-400x225.jpg 400w\" data-sizes=\"(max-width: 1024px) 100vw, 1024px\" src=\"data:image\/svg+xml;base64,PHN2ZyB3aWR0aD0iMSIgaGVpZ2h0PSIxIiB4bWxucz0iaHR0cDovL3d3dy53My5vcmcvMjAwMC9zdmciPjwvc3ZnPg==\" style=\"--smush-placeholder-width: 1024px; --smush-placeholder-aspect-ratio: 1024\/576;\" \/>            <span class=\"overlay\"><\/span>\n        <\/div>\n        \n\n        <div class=\"kategorie\">Construction m\u00e9tallique industrielle<\/div>         \n        <div class=\"uebertitel mt-20\">Construction de machines et d&rsquo;installations&nbsp;<\/div>\n        \n        <div class=\"inner\">\n            <h2 class=\"d5\">Support de montage pour charges lourdes<\/h2>\n\n            <div class=\"teaser-inhalt\">Notre chevalet de montage pour charges lourdes offre un support robuste pour les travaux de montage exigeants.&nbsp;<\/div>\n        <\/div>\n\n        <div class=\"teaser-cta transition\">Vers la description du projet<\/div>\n    <\/a> \n<\/div>\n\n                <\/div>\n\n                            <\/div>\n            <div class=\"swiper-pagination\"><\/div>\n            <div class=\"swiper-navigation\">\n                <div class=\"swiper-button-prev\"><\/div>\n                <div class=\"swiper-button-next\"><\/div>\n            <\/div>\n        <\/div>\n    \n    <\/div>\n<\/div>\n<div  class=\"block block-personen bg-dunkelgrau pt-mittel pb-mittel\">\n    <div class=\"main-container\">\n\n        <h2 class=\"d3\">Vos contacts<\/h2>\n    \n    \n\n           \n            <p>Vous avez besoin d&rsquo;un conseil ou vous avez un projet ?<\/p>\n\n<div class=\"person mt-klein mb-50\">\n\n    <div class=\"person-bild\">\n                <div class=\"person-bild-inner\">\n            <img decoding=\"async\" width=\"890\" height=\"660\" data-src=\"https:\/\/lume.ch\/wp-content\/uploads\/2023\/09\/Staubli-Gregor5_DSC06531-890x660.jpg\" class=\"attachment-person size-person wp-post-image lazyload\" alt=\"LM AG Industriestahlbau Absauganlagen Gregor Staubli\" src=\"data:image\/svg+xml;base64,PHN2ZyB3aWR0aD0iMSIgaGVpZ2h0PSIxIiB4bWxucz0iaHR0cDovL3d3dy53My5vcmcvMjAwMC9zdmciPjwvc3ZnPg==\" style=\"--smush-placeholder-width: 890px; --smush-placeholder-aspect-ratio: 890\/660;\" \/>        <\/div>\n            <\/div>\n\n    <div class=\"person-inhalt\">\n                <h3 class=\"d4 color-orange\">Gregor Staubli<\/h3>\n                \n                  <p class=\"d6 mb-0 base-font-size\"><strong>Vente | Direction<\/strong><\/p>\n        \n                  <p>Directeur des ventes | Membre de la direction<\/p>\n        \n        <div class=\"links standard-link\">\n                          <p><a href=\"mailto:gregor.staubli@lume.ch\"><span class=\"mail\"><\/span> gregor.staubli@lume.ch<\/a><\/p>\n            \n                          <p><a href=\"tel:+41763631229\"><span class=\"tel\"><\/span> +41 76 363 12 29<\/a><\/p>\n            \n                          <p><a href=\"https:\/\/www.linkedin.com\/in\/gregor-staubli-12b17052\/\" target=\"_blank\" rel=\"nofollow noopener\"><span class=\"linkedin\"><\/span> Profil LinkedIn<\/a><\/p>\n                    <\/div>\n    <\/div>\n<\/div>\n\n  \n    <\/div>\n<\/div>\n<div  class=\"block block-teaser bg-weiss pt-gross pb-gross white-small\">\n  <div class=\"main-container\">\n    \n        <div class=\"teaser-row\">\n      \n                          <a class=\"teaser\" href=\"https:\/\/lume.ch\/fr\/?page_id=13862#acc-1\" target=\"_self\">\n            \n              \n              \n              \n              <div class=\"inner\">\n                                                      <h2 class=\"d5\">Conseil pour des solutions individuelles<\/h2>\n                                  \n                                  <div class=\"teaser-inhalt\">La qualit\u00e9 sur mesure et selon vos besoins.<\/div>\n                              <\/div>\n\n                            <div class=\"teaser-cta transition\">Ing\u00e9nierie + construction<\/div>\n          <\/a>\n                  \n                        <a class=\"teaser\" href=\"https:\/\/lume.ch\/fr\/?page_id=13862#acc-2\" target=\"_self\">\n            \n              \n              \n              \n              <div class=\"inner\">\n                                                      <h2 class=\"d5\">Un savoir-faire d&rsquo;\u00e9gal \u00e0 \u00e9gal<\/h2>\n                                  \n                                  <div class=\"teaser-inhalt\">Nous vous accompagnons de A \u00e0 Z. Depuis le d\u00e9veloppement de la solution, la planification, la construction et l&rsquo;installation sur site.<\/div>\n                              <\/div>\n\n                            <div class=\"teaser-cta transition\">Gestion de projet<\/div>\n          <\/a>\n                  \n                        <a class=\"teaser\" href=\"https:\/\/lume.ch\/fr\/?page_id=13862#acc-10\" target=\"_self\">\n            \n              \n              \n              \n              <div class=\"inner\">\n                                                      <h2 class=\"d5\">Test, mesure + certification<\/h2>\n                                  \n                                  <div class=\"teaser-inhalt\">Nos produits sont fabriqu\u00e9s et purg\u00e9s selon les technologies et les normes les plus r\u00e9centes.<\/div>\n                              <\/div>\n\n                            <div class=\"teaser-cta transition\">Gestion de la qualit\u00e9<\/div>\n          <\/a>\n                  \n              <\/div>\n  <\/div>\n<\/div>\n","protected":false},"excerpt":{"rendered":"","protected":false},"author":2,"featured_media":0,"parent":13940,"menu_order":0,"comment_status":"closed","ping_status":"closed","template":"tpl-front-page.php","meta":{"_acf_changed":false,"footnotes":""},"class_list":["post-13962","page","type-page","status-publish","hentry"],"acf":[],"_links":{"self":[{"href":"https:\/\/lume.ch\/fr\/wp-json\/wp\/v2\/pages\/13962","targetHints":{"allow":["GET"]}}],"collection":[{"href":"https:\/\/lume.ch\/fr\/wp-json\/wp\/v2\/pages"}],"about":[{"href":"https:\/\/lume.ch\/fr\/wp-json\/wp\/v2\/types\/page"}],"author":[{"embeddable":true,"href":"https:\/\/lume.ch\/fr\/wp-json\/wp\/v2\/users\/2"}],"replies":[{"embeddable":true,"href":"https:\/\/lume.ch\/fr\/wp-json\/wp\/v2\/comments?post=13962"}],"version-history":[{"count":1,"href":"https:\/\/lume.ch\/fr\/wp-json\/wp\/v2\/pages\/13962\/revisions"}],"predecessor-version":[{"id":13963,"href":"https:\/\/lume.ch\/fr\/wp-json\/wp\/v2\/pages\/13962\/revisions\/13963"}],"up":[{"embeddable":true,"href":"https:\/\/lume.ch\/fr\/wp-json\/wp\/v2\/pages\/13940"}],"wp:attachment":[{"href":"https:\/\/lume.ch\/fr\/wp-json\/wp\/v2\/media?parent=13962"}],"curies":[{"name":"wp","href":"https:\/\/api.w.org\/{rel}","templated":true}]}}