{"id":13936,"date":"2023-11-15T14:38:55","date_gmt":"2023-11-15T13:38:55","guid":{"rendered":"https:\/\/lume.ch\/?page_id=13936"},"modified":"2024-08-22T13:21:17","modified_gmt":"2024-08-22T11:21:17","slug":"systemes-de-pre-separation","status":"publish","type":"page","link":"https:\/\/lume.ch\/fr\/installations-daspiration\/pre-separateur\/systemes-de-pre-separation\/","title":{"rendered":"Syst\u00e8mes de pr\u00e9-s\u00e9paration"},"content":{"rendered":"\n<div  class=\"block block-header  header-text\">\n\n            <div class=\"main-container container-padding-top pb-mittel has-breadcrumb\"> \n          \n            <div class=\"content-container\">\n            \n                                <div class=\"d5 color-anthrazit uebertitel\">Accessoires L+M<\/div>\n                \n                                <h1 class=\"d1 color-orange\">Syst\u00e8mes de pr\u00e9-s\u00e9paration<\/h1>\n                 \n                                <div class=\"lead-font-size\"><p>syst\u00e8me d&rsquo;extinction des \u00e9tincelles pour \u00e9viter les incendies de filtres<\/p>\n<\/div>\n                            <\/div>\n        <\/div>\n    <\/div>\n<div  class=\"block block-content bg-weiss pb-mittel\">\n    <div class=\"main-container\">\n        <div class=\"content-container\">\n\n            \n\n\n        <p>Certaines poussi\u00e8res issues du <a href=\"https:\/\/lume.ch\/referenz\/absaugen-von-gewuerzstaub-2\/\" target=\"_blank\" rel=\"noopener\">traitement <\/a>de la cellulose et <a href=\"https:\/\/lume.ch\/referenz\/absaugen-von-gewuerzstaub-2\/\" target=\"_blank\" rel=\"noopener\">des m\u00e9taux <\/a>pr\u00e9sentent un risque permanent d&rsquo;incendie du filtre.<br \/>\nSi le capteur de ce s\u00e9parateur haute performance d\u00e9tecte des \u00e9tincelles aspir\u00e9es, l&rsquo;arriv\u00e9e d&rsquo;air est imm\u00e9diatement interrompue afin d&rsquo;\u00e9viter que l&rsquo;\u00e9tincelle ne p\u00e9n\u00e8tre \u00e0 l&rsquo;int\u00e9rieur du <a href=\"https:\/\/lume.ch\/absauganlagen-filteranlagen\/\" target=\"_blank\" rel=\"noopener\">syst\u00e8me d&rsquo;aspiration<\/a>. <\/p>\n    \n    <div class=\"columns-2-count\">\n        <div class=\"column\">\n            <p>Le pare-\u00e9tincelles est constitu\u00e9 de composants adapt\u00e9s les uns aux autres : D\u00e9tecteur d&rsquo;\u00e9tincelles, \u00e9lectronique d&rsquo;\u00e9valuation, s\u00e9parateur proprement dit.<br \/>\nLe s\u00e9parateur haute performance peut \u00eatre install\u00e9 avec son bac de r\u00e9cup\u00e9ration \u00e0 n&rsquo;importe quel endroit dans le canal de transport pneumatique.<br \/>\nEn cas d&rsquo;alarme, le syst\u00e8me de commande prend toutes les mesures pour alerter et arr\u00eater de mani\u00e8re \u00e9chelonn\u00e9e les machines et les ventilateurs.<br \/>\nAu moyen de capteurs infrarouges tr\u00e8s sensibles, les plus petites \u00e9tincelles sont d\u00e9tect\u00e9es et \u00e9teintes.   <\/p>\n\n                    <\/div>\n\n        <div class=\"column\">\n            <p><img decoding=\"async\" class=\"aligncenter size-medium wp-image-6930 lazyload\" data-src=\"https:\/\/lume.ch\/wp-content\/uploads\/2023\/11\/Vorabscheidersysteme-Funkenvorabschneider-e1701079541628-400x322.png\" alt=\"\" width=\"400\" height=\"322\" data-srcset=\"https:\/\/lume.ch\/wp-content\/uploads\/2023\/11\/Vorabscheidersysteme-Funkenvorabschneider-e1701079541628-400x322.png 400w, https:\/\/lume.ch\/wp-content\/uploads\/2023\/11\/Vorabscheidersysteme-Funkenvorabschneider-e1701079541628.png 500w\" data-sizes=\"(max-width: 400px) 100vw, 400px\" src=\"data:image\/svg+xml;base64,PHN2ZyB3aWR0aD0iMSIgaGVpZ2h0PSIxIiB4bWxucz0iaHR0cDovL3d3dy53My5vcmcvMjAwMC9zdmciPjwvc3ZnPg==\" style=\"--smush-placeholder-width: 400px; --smush-placeholder-aspect-ratio: 400\/322;\" \/><\/p>\n\n                    <\/div>\n    <\/div>\n    \n\n        <\/div>\n    <\/div>\n<\/div>\n<div  class=\"block block-content bg-weiss pb-mittel\">\n    <div class=\"main-container\">\n        <div class=\"content-container\">\n\n            \n\n\n        <p>Le syst\u00e8me de pare-\u00e9tincelles est conforme \u00e0 la directive VDS 2106.  &nbsp;<\/p>\n<h3><b>Composants des syst\u00e8mes de pare-\u00e9tincelles<\/b><\/h3>\n    \n    <div class=\"columns-2-count\">\n        <div class=\"column\">\n            <ul>\n<li style=\"font-weight: 400;\" aria-level=\"1\"><span style=\"font-weight: 400;\">Capteurs radio haute sensibilit\u00e9<\/span><\/li>\n<li style=\"font-weight: 400;\" aria-level=\"1\"><span style=\"font-weight: 400;\">Centrale d&rsquo;alarme<\/span><\/li>\n<li style=\"font-weight: 400;\" aria-level=\"1\"><span style=\"font-weight: 400;\">Suppression automatique<\/span><\/li>\n<li style=\"font-weight: 400;\" aria-level=\"1\"><span style=\"font-weight: 400;\">Groupe de surpression (si n\u00e9cessaire)<\/span><\/li>\n<\/ul>\n\n                    <\/div>\n\n        <div class=\"column\">\n            <ul>\n<li style=\"font-weight: 400;\" aria-level=\"1\"><span style=\"font-weight: 400;\">Donn\u00e9es techniques<\/span><\/li>\n<li style=\"font-weight: 400;\" aria-level=\"1\"><span style=\"font-weight: 400;\">D\u00e9bit d&rsquo;air : 1&rsquo;500-4&rsquo;000 m\u00b3\/h<\/span><\/li>\n<li style=\"font-weight: 400;\" aria-level=\"1\"><span style=\"font-weight: 400;\">Puissance absorb\u00e9e : 400 V 50 Hz 0,05kw<\/span><\/li>\n<\/ul>\n\n                    <\/div>\n    <\/div>\n    \n\n        <\/div>\n    <\/div>\n<\/div>\n<div  class=\"block block-content bg-weiss pb-mittel\">\n    <div class=\"main-container\">\n        <div class=\"content-container\">\n\n            \n\n    <h2 class=\"d3\">Pr\u00e9s\u00e9parateur d&rsquo;\u00e9tincelles<\/h2>\n\n        <p><span style=\"font-weight: 400;\">Si de grandes quantit\u00e9s de mat\u00e9riaux doivent \u00eatre s\u00e9par\u00e9es, vous devez utiliser un pr\u00e9-s\u00e9parateur.<br \/>\nCelui-ci est plac\u00e9 \u00e0 proximit\u00e9 du poste de travail ou de l&rsquo;unit\u00e9 centrale. <\/span><\/p>\n<p>&nbsp;<\/p>\n    \n    <div class=\"columns-2-count\">\n        <div class=\"column\">\n            <h3><b>Utilisations<\/b><\/h3>\n<ul>\n<li><span style=\"font-weight: 400;\">Pour la remise \u00e0 neuf de certains mat\u00e9riaux<\/span><\/li>\n<li><span style=\"font-weight: 400;\">Pour le transport de mat\u00e9riel<\/span><\/li>\n<li><span style=\"font-weight: 400;\">Pour ne pas surcharger l&rsquo;unit\u00e9 centrale<\/span><\/li>\n<li><span style=\"font-weight: 400;\">Pour r\u00e9duire l&rsquo;exposition \u00e0 la poussi\u00e8re via l&rsquo;unit\u00e9 de filtration<\/span><\/li>\n<li><span style=\"font-weight: 400;\">Pour la s\u00e9paration des liquides<\/span><\/li>\n<li><span style=\"font-weight: 400;\">Pour la s\u00e9paration des \u00e9tincelles<\/span><\/li>\n<li><span style=\"font-weight: 400;\">Pour la protection contre les incendies<\/span><\/li>\n<\/ul>\n\n                    <\/div>\n\n        <div class=\"column\">\n            <h3><b>A prendre en compte lors de l&rsquo;utilisation<\/b><\/h3>\n<ul>\n<li><span style=\"font-weight: 400;\">Les types de poussi\u00e8res \u00e0 s\u00e9parer<\/span><\/li>\n<li><span style=\"font-weight: 400;\">Le bon positionnement pour faciliter la vidange<\/span><\/li>\n<li><span style=\"font-weight: 400;\">La relation entre les liquides et les gaz<\/span><\/li>\n<\/ul>\n\n                    <\/div>\n    <\/div>\n    \n\n        <\/div>\n    <\/div>\n<\/div>\n<div  class=\"block block-content bg-weiss pb-mittel\">\n    <div class=\"main-container\">\n        <div class=\"content-container\">\n\n            \n\n    <h2 class=\"d3\">Pr\u00e9-s\u00e9parateur cyclonique<\/h2>\n\n        <p><span style=\"font-weight: 400;\">Le s\u00e9parateur cyclonique se caract\u00e9rise par un co\u00fbt d&rsquo;acquisition avantageux, un faible encombrement, une grande s\u00e9curit\u00e9 de fonctionnement et une maintenance r\u00e9duite.<br \/>\nIl fonctionne en grande partie ind\u00e9pendamment de la pression et de la temp\u00e9rature de service. <\/span><\/p>\n<p>&nbsp;<\/p>\n<h3><b>Domaines d&rsquo;application des pr\u00e9s\u00e9parateurs \u00e0 cyclone<\/b><\/h3>\n<p><span style=\"font-weight: 400;\">Pour toutes les poussi\u00e8res s\u00e8ches, grossi\u00e8res et coulantes en cas de volume de poussi\u00e8re relativement important.<\/span><\/p>\n<p>&nbsp;<\/p>\n    \n    <div class=\"columns-2-count\">\n        <div class=\"column\">\n            <h3><b>Votre valeur ajout\u00e9e<\/b><\/h3>\n<ul>\n<li><span style=\"font-weight: 400;\">Peu d&rsquo;entretien<\/span><\/li>\n<li><span style=\"font-weight: 400;\">Faible co\u00fbt d&rsquo;acquisition<\/span><\/li>\n<li><span style=\"font-weight: 400;\">Haute s\u00e9curit\u00e9 de fonctionnement<\/span><\/li>\n<li><span style=\"font-weight: 400;\">Peu d&rsquo;entretien<\/span><\/li>\n<li><span style=\"font-weight: 400;\">S\u00e9paration des poussi\u00e8res et des particules de valeur<\/span><\/li>\n<li><span style=\"font-weight: 400;\">Faible r\u00e9sistance \u00e0 l&rsquo;\u00e9coulement<\/span><\/li>\n<li><span style=\"font-weight: 400;\">Haute efficacit\u00e9 du syst\u00e8me de filtration<\/span><\/li>\n<li><span style=\"font-weight: 400;\">Protection contre la surcharge et l&rsquo;obstruction du d\u00e9poussi\u00e9reur principal<\/span><\/li>\n<\/ul>\n\n                    <\/div>\n\n        <div class=\"column\">\n            <h3><b>Options<\/b><\/h3>\n<ul>\n<li><span style=\"font-weight: 400;\">Vanne papillon<\/span><\/li>\n<li><span style=\"font-weight: 400;\">Transitionnel rond ou rectangulaire<\/span><\/li>\n<li><span style=\"font-weight: 400;\">Soute \u00e0 poussi\u00e8re<\/span><\/li>\n<li><span style=\"font-weight: 400;\">Plaque de pression pour r\u00e9duire la perte de pression<\/span><\/li>\n<li><span style=\"font-weight: 400;\">\u00c9cluse rotative<\/span><\/li>\n<\/ul>\n\n                    <\/div>\n    <\/div>\n    \n\n        <\/div>\n    <\/div>\n<\/div>\n\n<div  class=\"block block-accordion bg-hellgrau pt-gross pb-gross\">\n    <div class=\"main-container\">\n\n        <div class=\"content-container\">\n                            <h2 class=\"d3 pb-15\">Autres versions<\/h2>\n            \n                    <\/div>\n\n    <\/div>\n\n                <div class=\"accordion big\">\n                            <div id=\"acc-1\" class=\"accordion-item\">\n                  \n                    <div class=\"accordion-toggle\">\n                        <h2 class=\"d5 mb-0 accordion-titel\">Convoyeurs \u00e0 vis sans fin<\/h2>\n                    <\/div>\n                    \n                                        <div class=\"accordion-content\">\n                        <div class=\"accordion-content-inner\">\n                                          \n                                                        <div class=\"lead-font-size pb-mittel content-container\">\n                                Transport horizontal et inclin\u00e9 de la poussi\u00e8re                              <\/div>\n                            \n                            \n                            \n\n                            \n\n                            \n\n                            \n\n                            \n                            \n                                          \n                            \n                                                        <div class=\"pb-mittel content-container\">\n                                \n\n\n        <p>Les vis sans fin transportent les poussi\u00e8res s\u00e9par\u00e9es horizontalement et en biais. Ils sont con\u00e7us pour un fonctionnement continu.<\/p>\n    \n    <div class=\"columns-2-count\">\n        <div class=\"column\">\n            <h4><b>Rev\u00eatements de surface<\/b><\/h4>\n<ul>\n<li aria-level=\"1\">Peint selon RAL<\/li>\n<li aria-level=\"1\">Galvanis\u00e9 \u00e0 chaud<\/li>\n<li aria-level=\"1\">Rev\u00eatu par poudre<\/li>\n<\/ul>\n<p>&nbsp;<\/p>\n<h4><b>Versions<\/b><\/h4>\n<ul>\n<li aria-level=\"1\">Bac en U ou vis sans fin tubulaire<\/li>\n<li aria-level=\"1\">Diverses tailles et longueurs<\/li>\n<li aria-level=\"1\">Vitesses variables<\/li>\n<li aria-level=\"1\">Avec une ou plusieurs entr\u00e9es et sorties<\/li>\n<\/ul>\n\n                    <\/div>\n\n        <div class=\"column\">\n            <h4><b>Mat\u00e9riaux<\/b><\/h4>\n<ul>\n<li aria-level=\"1\">T\u00f4le d&rsquo;acier soud\u00e9e<\/li>\n<li aria-level=\"1\">Inox<\/li>\n<\/ul>\n<p><img decoding=\"async\" class=\"aligncenter size-medium wp-image-5945 ls-is-cached lazyloaded\" src=\"https:\/\/lume.ch\/wp-content\/uploads\/2023\/11\/Foerderschnecke-Freigestellt-400x273.png\" sizes=\"(max-width: 400px) 100vw, 400px\" srcset=\"https:\/\/lume.ch\/wp-content\/uploads\/2023\/11\/Foerderschnecke-Freigestellt-400x273.png 400w, https:\/\/lume.ch\/wp-content\/uploads\/2023\/11\/Foerderschnecke-Freigestellt.png 600w\" alt=\"\" width=\"400\" height=\"273\" data-srcset=\"https:\/\/lume.ch\/wp-content\/uploads\/2023\/11\/Foerderschnecke-Freigestellt-400x273.png 400w, https:\/\/lume.ch\/wp-content\/uploads\/2023\/11\/Foerderschnecke-Freigestellt.png 600w\" data-src=\"https:\/\/lume.ch\/wp-content\/uploads\/2023\/11\/Foerderschnecke-Freigestellt-400x273.png\" data-sizes=\"(max-width: 400px) 100vw, 400px\"><\/p>\n\n                    <\/div>\n    <\/div>\n    \n                            <\/div>\n                            \n                            \n\n                            \n\n                            \n\n                            \n\n                            \n                            \n                                                <\/div>\n                    <\/div>\n                    \n                    <span class=\"accordion-icon accordion-toggle\"><span class=\"icon-up\"><\/span><span class=\"icon-down\"><\/span><\/span>\n                <\/div>\n\n                            <div id=\"acc-2\" class=\"accordion-item\">\n                  \n                    <div class=\"accordion-toggle\">\n                        <h2 class=\"d5 mb-0 accordion-titel\">Volets pendulaires<\/h2>\n                    <\/div>\n                    \n                                        <div class=\"accordion-content\">\n                        <div class=\"accordion-content-inner\">\n                                          \n                                                        <div class=\"lead-font-size pb-mittel content-container\">\n                                \u00c9vacuation de la poussi\u00e8re                            <\/div>\n                            \n                            \n                            \n\n                            \n\n                            \n\n                            \n\n                            \n                            \n                                          \n                            \n                                                        <div class=\"pb-mittel content-container\">\n                                \n\n\n        <p><span style=\"font-weight: 400;\">Les clapets oscillants servent \u00e0 \u00e9vacuer de mani\u00e8re discontinue les poussi\u00e8res s\u00e9par\u00e9es des installations de filtrage vers des collecteurs de poussi\u00e8res pr\u00e9vus \u00e0 cet effet.<\/span><\/p>\n<p>&nbsp;<\/p>\n    \n    <div class=\"columns-2-count\">\n        <div class=\"column\">\n            <h4><b>Version<\/b><\/h4>\n<ul>\n<li aria-level=\"1\">Bo\u00eetier en t\u00f4le d&rsquo;acier galvanis\u00e9e<\/li>\n<li aria-level=\"1\">Op\u00e9rations de poids<\/li>\n<li aria-level=\"1\">2 clapets oscillants successifs permettent l&rsquo;\u00e9vacuation pendant le fonctionnement (double clapet oscillant)<\/li>\n<\/ul>\n<h4><b>Rev\u00eatement de surface<\/b><\/h4>\n<ul>\n<li style=\"font-weight: 400;\" aria-level=\"1\"><span style=\"font-weight: 400;\">T\u00f4le galvanis\u00e9e<\/span><\/li>\n<li style=\"font-weight: 400;\" aria-level=\"1\"><span style=\"font-weight: 400;\">Peinture selon RAL<\/span><\/li>\n<\/ul>\n\n                    <\/div>\n\n        <div class=\"column\">\n            <p><span style=\"font-weight: 400;\"><img decoding=\"async\" class=\"aligncenter size-medium wp-image-5920 ls-is-cached lazyloaded\" src=\"https:\/\/lume.ch\/wp-content\/uploads\/2023\/11\/Pendelkplappe-400x366.jpg\" sizes=\"(max-width: 400px) 100vw, 400px\" srcset=\"https:\/\/lume.ch\/wp-content\/uploads\/2023\/11\/Pendelkplappe-400x366.jpg 400w, https:\/\/lume.ch\/wp-content\/uploads\/2023\/11\/Pendelkplappe.jpg 661w\" alt=\"\" width=\"400\" height=\"366\" data-srcset=\"https:\/\/lume.ch\/wp-content\/uploads\/2023\/11\/Pendelkplappe-400x366.jpg 400w, https:\/\/lume.ch\/wp-content\/uploads\/2023\/11\/Pendelkplappe.jpg 661w\" data-src=\"https:\/\/lume.ch\/wp-content\/uploads\/2023\/11\/Pendelkplappe-400x366.jpg\" data-sizes=\"(max-width: 400px) 100vw, 400px\"><\/span><\/p>\n\n                    <\/div>\n    <\/div>\n    \n                            <\/div>\n                            \n                            \n\n                            \n\n                            \n\n                            \n\n                            \n                            \n                                                <\/div>\n                    <\/div>\n                    \n                    <span class=\"accordion-icon accordion-toggle\"><span class=\"icon-up\"><\/span><span class=\"icon-down\"><\/span><\/span>\n                <\/div>\n\n                            <div id=\"acc-3\" class=\"accordion-item\">\n                  \n                    <div class=\"accordion-toggle\">\n                        <h2 class=\"d5 mb-0 accordion-titel\">Syst\u00e8mes de tuyaux<\/h2>\n                    <\/div>\n                    \n                                        <div class=\"accordion-content\">\n                        <div class=\"accordion-content-inner\">\n                                          \n                                                        <div class=\"lead-font-size pb-mittel content-container\">\n                                Conception et r\u00e9alisation de syst\u00e8mes de tuyauterie complets                            <\/div>\n                            \n                            \n                            \n\n                            \n\n                            \n\n                            \n\n                            \n                            \n                                          \n                            \n                                                        <div class=\"pb-mittel content-container\">\n                                \n\n\n    \n    <div class=\"columns-2-count\">\n        <div class=\"column\">\n            <div class=\"column\">  Notre service d&rsquo;ing\u00e9nierie con\u00e7oit et r\u00e9alise des syst\u00e8mes de tuyauterie, correctement con\u00e7us pour les installations d&rsquo;aspiration. Notre stock de mat\u00e9riaux garantit des temps de r\u00e9action courts.<br \/>\nConduites de vide pouss\u00e9 et\/ou de d\u00e9poussi\u00e9rage, flexibles, en acier ou en plastique, y compris.<br \/>\nLes possibilit\u00e9s sont presque illimit\u00e9es !    <\/p>\n<div class=\"button-group\"><\/div>\n<\/div>\n\n                    <\/div>\n\n        <div class=\"column\">\n            <p><img decoding=\"async\" class=\"wp-image-6915 lazyloaded aligncenter\" src=\"https:\/\/lume.ch\/wp-content\/uploads\/2023\/11\/Rohrsysteme-e1701076100947-400x372.jpg\" sizes=\"(max-width: 308px) 100vw, 308px\" srcset=\"https:\/\/lume.ch\/wp-content\/uploads\/2023\/11\/Rohrsysteme-e1701076100947-400x372.jpg 400w, https:\/\/lume.ch\/wp-content\/uploads\/2023\/11\/Rohrsysteme-e1701076100947.jpg 755w\" alt=\"\" width=\"308\" height=\"286\" data-srcset=\"https:\/\/lume.ch\/wp-content\/uploads\/2023\/11\/Rohrsysteme-e1701076100947-400x372.jpg 400w, https:\/\/lume.ch\/wp-content\/uploads\/2023\/11\/Rohrsysteme-e1701076100947.jpg 755w\" data-src=\"https:\/\/lume.ch\/wp-content\/uploads\/2023\/11\/Rohrsysteme-e1701076100947-400x372.jpg\" data-sizes=\"(max-width: 308px) 100vw, 308px\"><\/p>\n\n                    <\/div>\n    <\/div>\n    \n                            <\/div>\n                            \n                            \n\n                            \n\n                            \n\n                            \n\n                            \n                            \n                                          \n                            \n                                                        <div class=\"pb-mittel content-container\">\n                                \n\n\n        <h3>Notre gamme de syst\u00e8mes de tubes<\/h3>\n    \n    <div class=\"columns-2-count\">\n        <div class=\"column\">\n            <ul>\n<li>Gamme compl\u00e8te de tubes et raccords agraf\u00e9s en spirale.<br \/>\nLa gamme comprend des diam\u00e8tres \u00e0 partir de \u00f8 80 mm jusqu&rsquo;\u00e0 \u00f81000 mm. Des diam\u00e8tres plus importants sont disponibles sur demande.<br \/>\nSyst\u00e8me d&rsquo;\u00e9tanch\u00e9it\u00e9 pour tubes et raccords agraf\u00e9s en spirale.<br \/>\nJoint \u00e0 double l\u00e8vre en caoutchouc EPDM r\u00e9sistant au vieillissement, mont\u00e9 en usine.   <\/li>\n<li aria-level=\"1\">Tuyaux en tissu enduit dans toutes les variantes<\/li>\n<\/ul>\n\n                    <\/div>\n\n        <div class=\"column\">\n            <ul>\n<li aria-level=\"1\">Gamme compl\u00e8te de tubes et raccords lisses soud\u00e9s au laser avec fermeture par serrage.<br \/>\nParticuli\u00e8rement adapt\u00e9 aux installations d&rsquo;aspiration.<br \/>\nDimensions \u00f8 80 mm \u00e0 \u00f8 500 mm  <\/li>\n<li>Silencieux tubulaires avec isolation acoustique de 50 mm ou 100 mm<\/li>\n<\/ul>\n\n                    <\/div>\n    <\/div>\n    \n                            <\/div>\n                            \n                            \n\n                            \n\n                            \n\n                            \n\n                            \n                            \n                                                <\/div>\n                    <\/div>\n                    \n                    <span class=\"accordion-icon accordion-toggle\"><span class=\"icon-up\"><\/span><span class=\"icon-down\"><\/span><\/span>\n                <\/div>\n\n                            <div id=\"acc-4\" class=\"accordion-item\">\n                  \n                    <div class=\"accordion-toggle\">\n                        <h2 class=\"d5 mb-0 accordion-titel\">Surveillance de la poussi\u00e8re<\/h2>\n                    <\/div>\n                    \n                                        <div class=\"accordion-content\">\n                        <div class=\"accordion-content-inner\">\n                                          \n                                                        <div class=\"lead-font-size pb-mittel content-container\">\n                                S\u00fbr avec contr\u00f4le de la poussi\u00e8re                            <\/div>\n                            \n                            \n                            \n\n                            \n\n                            \n\n                            \n\n                            \n                            \n                                          \n                            \n                                                        <div class=\"pb-mittel content-container\">\n                                \n\n\n        <p>Forts d&rsquo;une expertise de longue date dans le domaine de la m\u00e9trologie des proc\u00e9d\u00e9s et de l&rsquo;environnement et d&rsquo;une connaissance approfondie de la l\u00e9gislation environnementale, nous vous proposons des solutions adapt\u00e9es \u00e0 vos besoins sp\u00e9cifiques.<br \/>\nNos services comprennent la planification, l&rsquo;installation et le support de syst\u00e8mes de mesure pour la surveillance des polluants atmosph\u00e9riques, aussi bien pour les besoins op\u00e9rationnels que dans le cadre des exigences r\u00e9glementaires.<br \/>\nVous pouvez compter sur nous pour vous garantir des solutions optimales et adapt\u00e9es \u00e0 vos besoins.<br \/>\nLes appareils que nous avons d\u00e9velopp\u00e9s nous-m\u00eames vont des simples contr\u00f4leurs de filtres compacts aux appareils de mesure de la concentration de poussi\u00e8res in situ, en passant par les appareils de mesure extractive pour les poussi\u00e8res particuli\u00e8rement difficiles.<br \/>\nLeur utilisation couvre la surveillance continue &#8211; qualitative et quantitative &#8211; des \u00e9missions de poussi\u00e8res et d&rsquo;odeurs dans diff\u00e9rents secteurs tels que l&rsquo;industrie du ciment, les fonderies, les centrales \u00e9lectriques, les incin\u00e9rateurs, etc.      &nbsp;<\/p>\n<h3><b>Mesure de processus et d&rsquo;analyse<\/b><\/h3>\n    \n    <div class=\"columns-2-count\">\n        <div class=\"column\">\n            <ul>\n<li aria-level=\"1\">Appareils de mesure de la concentration de poussi\u00e8re<\/li>\n<li aria-level=\"1\">Contr\u00f4leur de filtre<\/li>\n<li aria-level=\"1\">Mesure continue des odeurs<\/li>\n<li aria-level=\"1\">Analyseurs de gaz<\/li>\n<li aria-level=\"1\">D\u00e9bitm\u00e8tres volum\u00e9triques<\/li>\n<li aria-level=\"1\">Nez \u00e9lectroniques<\/li>\n<\/ul>\n\n                    <\/div>\n\n        <div class=\"column\">\n            <p><img decoding=\"async\" class=\"aligncenter wp-image-6928 lazyload\" data-src=\"https:\/\/lume.ch\/wp-content\/uploads\/2023\/11\/Staubueberwachung-e1701079217795-400x242.jpg\" data-sizes=\"(max-width: 374px) 100vw, 374px\" data-srcset=\"https:\/\/lume.ch\/wp-content\/uploads\/2023\/11\/Staubueberwachung-e1701079217795-400x242.jpg 400w, https:\/\/lume.ch\/wp-content\/uploads\/2023\/11\/Staubueberwachung-e1701079217795.jpg 546w\" alt=\"\" width=\"374\" height=\"226\" src=\"data:image\/svg+xml;base64,PHN2ZyB3aWR0aD0iMSIgaGVpZ2h0PSIxIiB4bWxucz0iaHR0cDovL3d3dy53My5vcmcvMjAwMC9zdmciPjwvc3ZnPg==\" style=\"--smush-placeholder-width: 374px; --smush-placeholder-aspect-ratio: 374\/226;\"><\/p>\n\n                    <\/div>\n    <\/div>\n    \n                            <\/div>\n                            \n                            \n\n                            \n\n                            \n\n                            \n\n                            \n                            \n                                                <\/div>\n                    <\/div>\n                    \n                    <span class=\"accordion-icon accordion-toggle\"><span class=\"icon-up\"><\/span><span class=\"icon-down\"><\/span><\/span>\n                <\/div>\n\n                            <div id=\"acc-5\" class=\"accordion-item\">\n                  \n                    <div class=\"accordion-toggle\">\n                        <h2 class=\"d5 mb-0 accordion-titel\">Ventilateurs<\/h2>\n                    <\/div>\n                    \n                                        <div class=\"accordion-content\">\n                        <div class=\"accordion-content-inner\">\n                                          \n                                                        <div class=\"lead-font-size pb-mittel content-container\">\n                                Un climat de travail rude ne les d\u00e9range pas                            <\/div>\n                            \n                            \n                            \n\n                            \n\n                            \n\n                            \n\n                            \n                            \n                                          \n                            \n                                                        <div class=\"pb-mittel content-container\">\n                                \n\n\n    \n    <div class=\"columns-2-count\">\n        <div class=\"column\">\n            <p>Nous vous proposons un grand nombre de ventilateurs pour une utilisation avec des installations d&rsquo;aspiration. Ils r\u00e9pondent \u00e0 vos exigences les plus \u00e9lev\u00e9es, m\u00eame dans des conditions de fonctionnement difficiles.<br \/>\nDe plus, la conception correcte et les d\u00e9lais de livraison courts sont notre standard.  Nos ventilateurs sont fabriqu\u00e9s par des sp\u00e9cialistes de renom et poss\u00e8dent des caract\u00e9ristiques exceptionnelles. Les t\u00e2ches typiques des ventilateurs sont le transport d&rsquo;air sale et gras, chaud (jusqu&rsquo;\u00e0 + 100\u00b0 C) et humide contre de fortes r\u00e9sistances dans l&rsquo;industrie et le commerce.<\/p>\n\n                    <\/div>\n\n        <div class=\"column\">\n            <p><img decoding=\"async\" class=\"aligncenter wp-image-6922 lazyloaded\" src=\"https:\/\/lume.ch\/wp-content\/uploads\/2023\/11\/Ventilator-400x358.png\" sizes=\"(max-width: 400px) 100vw, 400px\" srcset=\"https:\/\/lume.ch\/wp-content\/uploads\/2023\/11\/Ventilator-400x358.png 400w, https:\/\/lume.ch\/wp-content\/uploads\/2023\/11\/Ventilator.png 478w\" alt=\"\" width=\"371\" height=\"332\" data-srcset=\"https:\/\/lume.ch\/wp-content\/uploads\/2023\/11\/Ventilator-400x358.png 400w, https:\/\/lume.ch\/wp-content\/uploads\/2023\/11\/Ventilator.png 478w\" data-src=\"https:\/\/lume.ch\/wp-content\/uploads\/2023\/11\/Ventilator-400x358.png\" data-sizes=\"(max-width: 400px) 100vw, 400px\"><\/p>\n\n                    <\/div>\n    <\/div>\n    \n                            <\/div>\n                            \n                            \n\n                            \n\n                            \n\n                            \n\n                            \n                            \n                                          \n                            \n                                                        <div class=\"pb-mittel content-container\">\n                                \n\n\n    \n    <div class=\"columns-2-count\">\n        <div class=\"column\">\n            <h3>Votre valeur ajout\u00e9e avec nos ventilateurs<\/h3>\n<ul>\n<li>Ventilateurs silencieux \u00e0 haut rendement<\/li>\n<li>Nettoyage et entretien faciles<\/li>\n<li>Contr\u00f4le de la vitesse possible<\/li>\n<li>Rendement global \u00e9lev\u00e9, faible consommation d&rsquo;\u00e9nergie<\/li>\n<li>Contr\u00f4le de la puissance \u00e0 un prix abordable<\/li>\n<\/ul>\n\n                    <\/div>\n\n        <div class=\"column\">\n            <h3><b>Notre gamme de produits<\/b><\/h3>\n<ul>\n<li>Ventilateurs haute et moyenne pression<\/li>\n<li>Compression des canaux lat\u00e9raux<\/li>\n<li>Surpresseurs \u00e0 piston rotatif<\/li>\n<\/ul>\n\n                    <\/div>\n    <\/div>\n    \n                            <\/div>\n                            \n                            \n\n                            \n\n                            \n\n                            \n\n                            \n                            \n                                                <\/div>\n                    <\/div>\n                    \n                    <span class=\"accordion-icon accordion-toggle\"><span class=\"icon-up\"><\/span><span class=\"icon-down\"><\/span><\/span>\n                <\/div>\n\n                            <div id=\"acc-6\" class=\"accordion-item\">\n                  \n                    <div class=\"accordion-toggle\">\n                        <h2 class=\"d5 mb-0 accordion-titel\">Vannes<\/h2>\n                    <\/div>\n                    \n                                        <div class=\"accordion-content\">\n                        <div class=\"accordion-content-inner\">\n                                          \n                                                        <div class=\"lead-font-size pb-mittel content-container\">\n                                Une vanne adapt\u00e9e \u00e0 chaque syst\u00e8me de d\u00e9poussi\u00e9rage                            <\/div>\n                            \n                            \n                            \n\n                            \n\n                            \n\n                            \n\n                            \n                            \n                                          \n                            \n                                                        <div class=\"pb-mittel content-container\">\n                                \n\n\n        <p><span style=\"font-weight: 400;\">Nous vous proposons des vannes \u00e0 membrane en plusieurs versions, adapt\u00e9es \u00e0 diff\u00e9rents syst\u00e8mes de d\u00e9poussi\u00e9rage.<\/span><\/p>\n<p><span style=\"font-weight: 400;\">Ces vannes de haute qualit\u00e9 contr\u00f4lent avec une grande pr\u00e9cision les impulsions de nettoyage et assurent ainsi un nettoyage optimal du filtre.<\/span><\/p>\n<p>&nbsp;<\/p>\n    \n    <div class=\"columns-2-count\">\n        <div class=\"column\">\n            <h4><b>Votre valeur ajout\u00e9e avec nos vannes<\/b><\/h4>\n<ul>\n<li style=\"font-weight: 400;\" aria-level=\"1\"><span style=\"font-weight: 400;\">Haute qualit\u00e9<\/span><\/li>\n<li style=\"font-weight: 400;\" aria-level=\"1\"><span style=\"font-weight: 400;\">Fiabilit\u00e9<\/span><\/li>\n<li style=\"font-weight: 400;\" aria-level=\"1\"><span style=\"font-weight: 400;\">Facile \u00e0 installer<\/span><\/li>\n<li style=\"font-weight: 400;\" aria-level=\"1\"><span style=\"font-weight: 400;\">Peu de maintenance<\/span><\/li>\n<\/ul>\n\n                    <\/div>\n\n        <div class=\"column\">\n            <p><img decoding=\"async\" class=\"aligncenter wp-image-5946 ls-is-cached lazyloaded\" src=\"https:\/\/lume.ch\/wp-content\/uploads\/2023\/11\/Ventil-Freigestellt-380x400.png\" sizes=\"(max-width: 211px) 100vw, 211px\" srcset=\"https:\/\/lume.ch\/wp-content\/uploads\/2023\/11\/Ventil-Freigestellt-380x400.png 380w, https:\/\/lume.ch\/wp-content\/uploads\/2023\/11\/Ventil-Freigestellt.png 487w\" alt=\"\" width=\"211\" height=\"222\" data-srcset=\"https:\/\/lume.ch\/wp-content\/uploads\/2023\/11\/Ventil-Freigestellt-380x400.png 380w, https:\/\/lume.ch\/wp-content\/uploads\/2023\/11\/Ventil-Freigestellt.png 487w\" data-src=\"https:\/\/lume.ch\/wp-content\/uploads\/2023\/11\/Ventil-Freigestellt-380x400.png\" data-sizes=\"(max-width: 211px) 100vw, 211px\"><\/p>\n\n                    <\/div>\n    <\/div>\n    \n                            <\/div>\n                            \n                            \n\n                            \n\n                            \n\n                            \n\n                            \n                            \n                                                <\/div>\n                    <\/div>\n                    \n                    <span class=\"accordion-icon accordion-toggle\"><span class=\"icon-up\"><\/span><span class=\"icon-down\"><\/span><\/span>\n                <\/div>\n\n                            <div id=\"acc-7\" class=\"accordion-item\">\n                  \n                    <div class=\"accordion-toggle\">\n                        <h2 class=\"d5 mb-0 accordion-titel\">\u00c9cluse rotative pour cellules<\/h2>\n                    <\/div>\n                    \n                                        <div class=\"accordion-content\">\n                        <div class=\"accordion-content-inner\">\n                                          \n                                                        <div class=\"lead-font-size pb-mittel content-container\">\n                                \u00c9vacuation continue de la poussi\u00e8re                            <\/div>\n                            \n                            \n                            \n\n                            \n\n                            \n\n                            \n\n                            \n                            \n                                          \n                            \n                                                        <div class=\"pb-mittel content-container\">\n                                \n\n\n        <p><span style=\"font-weight: 400;\">Le sas \u00e0 roue cellulaire sert \u00e0 \u00e9vacuer en continu de grandes quantit\u00e9s de poussi\u00e8res s\u00e9par\u00e9es des installations de filtrage vers des collecteurs de poussi\u00e8res sp\u00e9ciaux.<\/span><\/p>\n<p><span style=\"font-weight: 400;\">Le bo\u00eetier dispose d&rsquo;une roue cellulaire int\u00e9gr\u00e9e avec des l\u00e8vres d&rsquo;\u00e9tanch\u00e9it\u00e9 interchangeables et un motor\u00e9ducteur attach\u00e9.<\/span><\/p>\n<p>&nbsp;<\/p>\n    \n    <div class=\"columns-2-count\">\n        <div class=\"column\">\n            <h4><b>Versions<\/b><\/h4>\n<ul>\n<li style=\"font-weight: 400;\" aria-level=\"1\"><span style=\"font-weight: 400;\">Bo\u00eetier et roue cellulaire en t\u00f4le galvanis\u00e9e<\/span><\/li>\n<li style=\"font-weight: 400;\" aria-level=\"1\"><span style=\"font-weight: 400;\">Bo\u00eetier en fonte grise<\/span><\/li>\n<li style=\"font-weight: 400;\" aria-level=\"1\"><span style=\"font-weight: 400;\">Diff\u00e9rentes versions de la roue cellulaire<\/span><\/li>\n<li style=\"font-weight: 400;\" aria-level=\"1\"><span style=\"font-weight: 400;\">Anti-retour de flamme et r\u00e9sistance aux chocs de pression jusqu&rsquo;\u00e0 3 bars<\/span><\/li>\n<li style=\"font-weight: 400;\" aria-level=\"1\"><span style=\"font-weight: 400;\">Versions ATEX<\/span><\/li>\n<\/ul>\n<p>&nbsp;<\/p>\n<h4><b>Surfaces<\/b><\/h4>\n<ul>\n<li style=\"font-weight: 400;\" aria-level=\"1\"><span style=\"font-weight: 400;\">Peint selon RAL<\/span><\/li>\n<li style=\"font-weight: 400;\" aria-level=\"1\"><span style=\"font-weight: 400;\">Rev\u00eatement int\u00e9rieur en chrome dur (selon l&rsquo;application)<\/span><\/li>\n<\/ul>\n\n                    <\/div>\n\n        <div class=\"column\">\n            <p><img decoding=\"async\" class=\"aligncenter size-medium wp-image-5941 ls-is-cached lazyloaded\" src=\"https:\/\/lume.ch\/wp-content\/uploads\/2023\/11\/Zellenradschleuse-Freigestellt-400x344.png\" sizes=\"(max-width: 400px) 100vw, 400px\" srcset=\"https:\/\/lume.ch\/wp-content\/uploads\/2023\/11\/Zellenradschleuse-Freigestellt-400x344.png 400w, https:\/\/lume.ch\/wp-content\/uploads\/2023\/11\/Zellenradschleuse-Freigestellt.png 501w\" alt=\"\" width=\"400\" height=\"344\" data-srcset=\"https:\/\/lume.ch\/wp-content\/uploads\/2023\/11\/Zellenradschleuse-Freigestellt-400x344.png 400w, https:\/\/lume.ch\/wp-content\/uploads\/2023\/11\/Zellenradschleuse-Freigestellt.png 501w\" data-src=\"https:\/\/lume.ch\/wp-content\/uploads\/2023\/11\/Zellenradschleuse-Freigestellt-400x344.png\" data-sizes=\"(max-width: 400px) 100vw, 400px\"><\/p>\n\n                    <\/div>\n    <\/div>\n    \n                            <\/div>\n                            \n                            \n\n                            \n\n                            \n\n                            \n\n                            \n                            \n                                                <\/div>\n                    <\/div>\n                    \n                    <span class=\"accordion-icon accordion-toggle\"><span class=\"icon-up\"><\/span><span class=\"icon-down\"><\/span><\/span>\n                <\/div>\n\n                    <\/div>\n            <!-- <\/div> -->\n<\/div>\n<div  class=\"block block-personen bg-weiss pb-mittel\">\n    <div class=\"main-container\">\n\n    \n    \n\n    \n    <\/div>\n<\/div>","protected":false},"excerpt":{"rendered":"","protected":false},"author":5,"featured_media":0,"parent":16974,"menu_order":0,"comment_status":"closed","ping_status":"closed","template":"tpl-front-page.php","meta":{"_acf_changed":false,"footnotes":""},"class_list":["post-13936","page","type-page","status-publish","hentry"],"acf":[],"_links":{"self":[{"href":"https:\/\/lume.ch\/fr\/wp-json\/wp\/v2\/pages\/13936","targetHints":{"allow":["GET"]}}],"collection":[{"href":"https:\/\/lume.ch\/fr\/wp-json\/wp\/v2\/pages"}],"about":[{"href":"https:\/\/lume.ch\/fr\/wp-json\/wp\/v2\/types\/page"}],"author":[{"embeddable":true,"href":"https:\/\/lume.ch\/fr\/wp-json\/wp\/v2\/users\/5"}],"replies":[{"embeddable":true,"href":"https:\/\/lume.ch\/fr\/wp-json\/wp\/v2\/comments?post=13936"}],"version-history":[{"count":1,"href":"https:\/\/lume.ch\/fr\/wp-json\/wp\/v2\/pages\/13936\/revisions"}],"predecessor-version":[{"id":13937,"href":"https:\/\/lume.ch\/fr\/wp-json\/wp\/v2\/pages\/13936\/revisions\/13937"}],"up":[{"embeddable":true,"href":"https:\/\/lume.ch\/fr\/wp-json\/wp\/v2\/pages\/16974"}],"wp:attachment":[{"href":"https:\/\/lume.ch\/fr\/wp-json\/wp\/v2\/media?parent=13936"}],"curies":[{"name":"wp","href":"https:\/\/api.w.org\/{rel}","templated":true}]}}