{"id":13928,"date":"2023-11-15T10:22:34","date_gmt":"2023-11-15T09:22:34","guid":{"rendered":"https:\/\/lume.ch\/?page_id=13928"},"modified":"2026-04-12T14:00:33","modified_gmt":"2026-04-12T12:00:33","slug":"systemes-de-tuyaux","status":"publish","type":"page","link":"https:\/\/lume.ch\/fr\/installations-daspiration\/accessoires\/systemes-de-tuyaux\/","title":{"rendered":"Syst\u00e8mes de tuyaux"},"content":{"rendered":"\n<div  class=\"block block-header  header-text\">\n\n            <div class=\"main-container container-padding-top pb-mittel has-breadcrumb\"> \n          \n            <div class=\"content-container\">\n            \n                                <div class=\"d5 color-anthrazit uebertitel\">Accessoires L+M<\/div>\n                \n                                <h1 class=\"d1 color-orange\">Syst\u00e8mes de tuyaux pour syst\u00e8mes d&rsquo;aspiration et de d\u00e9poussi\u00e9rage<\/h1>\n                 \n                                <div class=\"lead-font-size\"><p>Nos syst\u00e8mes de tuyauterie pour installations d&rsquo;aspiration assurent une \u00e9vacuation fiable des poussi\u00e8res, des gaz et de l&rsquo;air de process dans l&rsquo;industrie et le commerce. L+M con\u00e7oit et fabrique des tuyauteries sur mesure pour les installations de d\u00e9poussi\u00e9rage &#8211; robustes, efficaces et durables. <\/p>\n<\/div>\n                            <\/div>\n        <\/div>\n    <\/div>\n<div  class=\"block block-content bg-weiss pb-mittel\">\n    <div class=\"main-container\">\n        <div class=\"content-container\">\n\n            \n\n\n        <p>Les <g id=\"gid_0\">syst\u00e8mes de tuyauterie<\/g> de L+M pour les installations d&rsquo;aspiration sont con\u00e7us avec pr\u00e9cision pour \u00e9vacuer efficacement et de mani\u00e8re fiable les poussi\u00e8res, les gaz et autres polluants. Gr\u00e2ce \u00e0 des mat\u00e9riaux de haute qualit\u00e9 et \u00e0 une fabrication soign\u00e9e, nos syst\u00e8mes de canalisations offrent des performances optimales et une longue dur\u00e9e de vie. Que ce soit dans l&rsquo;industrie, le commerce ou d&rsquo;autres applications, nos syst\u00e8mes de canalisations sur mesure contribuent \u00e0 cr\u00e9er un environnement de travail sain et \u00e0 respecter les normes environnementales. Faites confiance \u00e0 la qualit\u00e9 et \u00e0 l&rsquo;expertise de L+M pour vos syst\u00e8mes d&rsquo;aspiration.   <\/p>\n    \n    <div class=\"columns-2-count\">\n        <div class=\"column\">\n            <p><span style=\"font-weight: 400;\">Notre service d&rsquo;ing\u00e9nierie planifie et r\u00e9alise des syst\u00e8mes de tuyaux, correctement con\u00e7us pour les installations d&rsquo;aspiration.<\/span><\/p>\n<p><span style=\"font-weight: 400;\">Notre stock de mat\u00e9riaux garantit des temps de r\u00e9action courts. Conduites de vide pouss\u00e9 et\/ou de d\u00e9poussi\u00e9rage, flexibles, en acier ou en plastique, y compris. Les possibilit\u00e9s sont presque illimit\u00e9es !  <\/span><\/p>\n\n                    <\/div>\n\n        <div class=\"column\">\n            <p><img decoding=\"async\" class=\"wp-image-6915 alignright lazyload\" data-src=\"https:\/\/lume.ch\/wp-content\/uploads\/2023\/11\/Rohrsysteme-e1701076100947-400x372.jpg\" alt=\"\" width=\"308\" height=\"286\" src=\"data:image\/svg+xml;base64,PHN2ZyB3aWR0aD0iMSIgaGVpZ2h0PSIxIiB4bWxucz0iaHR0cDovL3d3dy53My5vcmcvMjAwMC9zdmciPjwvc3ZnPg==\" style=\"--smush-placeholder-width: 308px; --smush-placeholder-aspect-ratio: 308\/286;\"><\/p>\n\n                    <\/div>\n    <\/div>\n    \n\n        <\/div>\n    <\/div>\n<\/div>\n<div  class=\"block block-content bg-weiss pb-mittel\">\n    <div class=\"main-container\">\n        <div class=\"content-container\">\n\n            \n\n\n        <h3>Notre gamme de syst\u00e8mes de tubes<\/h3>\n    \n    <div class=\"columns-2-count\">\n        <div class=\"column\">\n            <ul>\n<li>Gamme compl\u00e8te de tubes et raccords agraf\u00e9s en spirale. La gamme comprend des diam\u00e8tres \u00e0 partir de \u00f8 80 mm jusqu&rsquo;\u00e0 \u00f81000 mm. Des diam\u00e8tres plus importants sont disponibles sur demande. Syst\u00e8me d&rsquo;\u00e9tanch\u00e9it\u00e9 pour tubes et raccords agraf\u00e9s en spirale. Joint \u00e0 double l\u00e8vre en caoutchouc EPDM r\u00e9sistant au vieillissement, mont\u00e9 en usine.   <\/li>\n<li aria-level=\"1\">Tuyaux en tissu enduit dans toutes les variantes<\/li>\n<\/ul>\n\n                    <\/div>\n\n        <div class=\"column\">\n            <ul>\n<li aria-level=\"1\">Gamme compl\u00e8te de tubes et raccords lisses soud\u00e9s au laser avec fermeture par serrage. Particuli\u00e8rement adapt\u00e9 aux installations d&rsquo;aspiration. Dimensions \u00f8 80 mm \u00e0 \u00f8 500 mm  <\/li>\n<li>Silencieux tubulaires avec isolation acoustique de 50 mm ou 100 mm<\/li>\n<\/ul>\n\n                    <\/div>\n    <\/div>\n    \n\n        <\/div>\n    <\/div>\n<\/div>\n<div  class=\"block block-teaser bg-hellgrau pt-gross pb-gross produkt\">\n  <div class=\"main-container\">\n          <div class=\"content-container\">\n                  <h2 class=\"d3\">Autres versions<\/h2>\n        \n              <\/div>\n    \n        <div class=\"swiper-mobile\">\n            <div class=\"teaser-row swiper-wrapper\">\n        \n                        <div class=\"swiper-slide\">\n                    <a class=\"teaser\" href=\"https:\/\/lume.ch\/fr\/installations-daspiration\/accessoires\/convoyeurs-a-vis-sans-fin\/\" target=\"_self\">\n            \n              <div class=\"bild\"><img decoding=\"async\" width=\"400\" height=\"273\" data-src=\"https:\/\/lume.ch\/wp-content\/uploads\/2023\/11\/Foerderschnecke-Freigestellt-400x273.png\" class=\"attachment-medium size-medium lazyload\" alt=\"\" data-srcset=\"https:\/\/lume.ch\/wp-content\/uploads\/2023\/11\/Foerderschnecke-Freigestellt-400x273.png 400w, https:\/\/lume.ch\/wp-content\/uploads\/2023\/11\/Foerderschnecke-Freigestellt.png 600w\" data-sizes=\"(max-width: 400px) 100vw, 400px\" src=\"data:image\/svg+xml;base64,PHN2ZyB3aWR0aD0iMSIgaGVpZ2h0PSIxIiB4bWxucz0iaHR0cDovL3d3dy53My5vcmcvMjAwMC9zdmciPjwvc3ZnPg==\" style=\"--smush-placeholder-width: 400px; --smush-placeholder-aspect-ratio: 400\/273;\" \/><span class=\"overlay\"><\/span><\/div>\n              \n                              <div class=\"kategorie\">Accessoires<\/div>\n              \n              <div class=\"inner\">\n                                                      <h3 class=\"d5\">Convoyeurs \u00e0 vis sans fin<\/h3>\n                                  \n                                  <div class=\"teaser-inhalt\">Transport horizontal et inclin\u00e9 de la poussi\u00e8re<\/div>\n                              <\/div>\n\n                            <div class=\"teaser-cta transition\"><\/div>\n          <\/a>\n                        <\/div>\n      \n                      <div class=\"swiper-slide\">\n                    <a class=\"teaser\" href=\"https:\/\/lume.ch\/fr\/installations-daspiration\/accessoires\/volets-pendulaires\/\" target=\"_self\">\n            \n              <div class=\"bild\"><img decoding=\"async\" width=\"400\" height=\"273\" data-src=\"https:\/\/lume.ch\/wp-content\/uploads\/2023\/11\/Pendelkplappe-e1713948853657-400x273.jpg\" class=\"attachment-medium size-medium lazyload\" alt=\"\" data-srcset=\"https:\/\/lume.ch\/wp-content\/uploads\/2023\/11\/Pendelkplappe-e1713948853657-400x273.jpg 400w, https:\/\/lume.ch\/wp-content\/uploads\/2023\/11\/Pendelkplappe-e1713948853657.jpg 590w\" data-sizes=\"(max-width: 400px) 100vw, 400px\" src=\"data:image\/svg+xml;base64,PHN2ZyB3aWR0aD0iMSIgaGVpZ2h0PSIxIiB4bWxucz0iaHR0cDovL3d3dy53My5vcmcvMjAwMC9zdmciPjwvc3ZnPg==\" style=\"--smush-placeholder-width: 400px; --smush-placeholder-aspect-ratio: 400\/273;\" \/><span class=\"overlay\"><\/span><\/div>\n              \n                              <div class=\"kategorie\">Accessoires<\/div>\n              \n              <div class=\"inner\">\n                                                      <h3 class=\"d5\">Volets pendulaires<\/h3>\n                                  \n                                  <div class=\"teaser-inhalt\">\u00c9vacuation de la poussi\u00e8re<\/div>\n                              <\/div>\n\n                            <div class=\"teaser-cta transition\"><\/div>\n          <\/a>\n                        <\/div>\n      \n                      <div class=\"swiper-slide\">\n                    <a class=\"teaser\" href=\"https:\/\/lume.ch\/fr\/installations-daspiration\/pieces-de-rechange-et-accessoires\/surveillance-de-la-poussiere\/\" target=\"_self\">\n            \n              <div class=\"bild\"><img decoding=\"async\" width=\"400\" height=\"286\" data-src=\"https:\/\/lume.ch\/wp-content\/uploads\/2024\/04\/Staubueberwachung-1-400x286.jpg\" class=\"attachment-medium size-medium lazyload\" alt=\"\" data-srcset=\"https:\/\/lume.ch\/wp-content\/uploads\/2024\/04\/Staubueberwachung-1-400x286.jpg 400w, https:\/\/lume.ch\/wp-content\/uploads\/2024\/04\/Staubueberwachung-1.jpg 700w\" data-sizes=\"(max-width: 400px) 100vw, 400px\" src=\"data:image\/svg+xml;base64,PHN2ZyB3aWR0aD0iMSIgaGVpZ2h0PSIxIiB4bWxucz0iaHR0cDovL3d3dy53My5vcmcvMjAwMC9zdmciPjwvc3ZnPg==\" style=\"--smush-placeholder-width: 400px; --smush-placeholder-aspect-ratio: 400\/286;\" \/><span class=\"overlay\"><\/span><\/div>\n              \n                              <div class=\"kategorie\">Accessoires<\/div>\n              \n              <div class=\"inner\">\n                                                      <h3 class=\"d5\">Surveillance de la poussi\u00e8re<\/h3>\n                                  \n                                  <div class=\"teaser-inhalt\">S\u00fbr avec contr\u00f4le de la poussi\u00e8re<\/div>\n                              <\/div>\n\n                            <div class=\"teaser-cta transition\"><\/div>\n          <\/a>\n                        <\/div>\n      \n                      <div class=\"swiper-slide\">\n                    <a class=\"teaser\" href=\"https:\/\/lume.ch\/fr\/installations-daspiration\/pieces-de-rechange-et-accessoires\/ventilateurs\/\" target=\"_self\">\n            \n              <div class=\"bild\"><img decoding=\"async\" width=\"400\" height=\"358\" data-src=\"https:\/\/lume.ch\/wp-content\/uploads\/2023\/11\/Ventilator-400x358.png\" class=\"attachment-medium size-medium lazyload\" alt=\"\" data-srcset=\"https:\/\/lume.ch\/wp-content\/uploads\/2023\/11\/Ventilator-400x358.png 400w, https:\/\/lume.ch\/wp-content\/uploads\/2023\/11\/Ventilator.png 478w\" data-sizes=\"(max-width: 400px) 100vw, 400px\" src=\"data:image\/svg+xml;base64,PHN2ZyB3aWR0aD0iMSIgaGVpZ2h0PSIxIiB4bWxucz0iaHR0cDovL3d3dy53My5vcmcvMjAwMC9zdmciPjwvc3ZnPg==\" style=\"--smush-placeholder-width: 400px; --smush-placeholder-aspect-ratio: 400\/358;\" \/><span class=\"overlay\"><\/span><\/div>\n              \n                              <div class=\"kategorie\">Accessoires<\/div>\n              \n              <div class=\"inner\">\n                                                      <h3 class=\"d5\">Ventilateurs<\/h3>\n                                  \n                                  <div class=\"teaser-inhalt\">Pour un climat de travail agr\u00e9able<\/div>\n                              <\/div>\n\n                            <div class=\"teaser-cta transition\"><\/div>\n          <\/a>\n                        <\/div>\n      \n                      <div class=\"swiper-slide\">\n                    <a class=\"teaser\" href=\"https:\/\/lume.ch\/fr\/installations-daspiration\/pieces-de-rechange-et-accessoires\/vannes-de-magenta\/\" target=\"_self\">\n            \n              <div class=\"bild\"><img decoding=\"async\" width=\"380\" height=\"400\" data-src=\"https:\/\/lume.ch\/wp-content\/uploads\/2023\/11\/Ventil-Freigestellt-380x400.png\" class=\"attachment-medium size-medium lazyload\" alt=\"\" data-srcset=\"https:\/\/lume.ch\/wp-content\/uploads\/2023\/11\/Ventil-Freigestellt-380x400.png 380w, https:\/\/lume.ch\/wp-content\/uploads\/2023\/11\/Ventil-Freigestellt.png 487w\" data-sizes=\"(max-width: 380px) 100vw, 380px\" src=\"data:image\/svg+xml;base64,PHN2ZyB3aWR0aD0iMSIgaGVpZ2h0PSIxIiB4bWxucz0iaHR0cDovL3d3dy53My5vcmcvMjAwMC9zdmciPjwvc3ZnPg==\" style=\"--smush-placeholder-width: 380px; --smush-placeholder-aspect-ratio: 380\/400;\" \/><span class=\"overlay\"><\/span><\/div>\n              \n                              <div class=\"kategorie\">Accessoires<\/div>\n              \n              <div class=\"inner\">\n                                                      <h3 class=\"d5\">Vannes<\/h3>\n                                  \n                                  <div class=\"teaser-inhalt\">La bonne vanne pour chaque syst\u00e8me d&rsquo;aspiration et de filtration.<\/div>\n                              <\/div>\n\n                            <div class=\"teaser-cta transition\"><\/div>\n          <\/a>\n                        <\/div>\n      \n                      <div class=\"swiper-slide\">\n                    <a class=\"teaser\" href=\"https:\/\/lume.ch\/fr\/installations-daspiration\/pieces-de-rechange-et-accessoires\/ecluse-rotative-pour-cellules\/\" target=\"_self\">\n            \n              <div class=\"bild\"><img decoding=\"async\" width=\"400\" height=\"344\" data-src=\"https:\/\/lume.ch\/wp-content\/uploads\/2023\/11\/Zellenradschleuse-Freigestellt-400x344.png\" class=\"attachment-medium size-medium lazyload\" alt=\"\" data-srcset=\"https:\/\/lume.ch\/wp-content\/uploads\/2023\/11\/Zellenradschleuse-Freigestellt-400x344.png 400w, https:\/\/lume.ch\/wp-content\/uploads\/2023\/11\/Zellenradschleuse-Freigestellt.png 501w\" data-sizes=\"(max-width: 400px) 100vw, 400px\" src=\"data:image\/svg+xml;base64,PHN2ZyB3aWR0aD0iMSIgaGVpZ2h0PSIxIiB4bWxucz0iaHR0cDovL3d3dy53My5vcmcvMjAwMC9zdmciPjwvc3ZnPg==\" style=\"--smush-placeholder-width: 400px; --smush-placeholder-aspect-ratio: 400\/344;\" \/><span class=\"overlay\"><\/span><\/div>\n              \n                              <div class=\"kategorie\">Accessoires<\/div>\n              \n              <div class=\"inner\">\n                                                      <h3 class=\"d5\">\u00c9cluse rotative pour cellules<\/h3>\n                                  \n                                  <div class=\"teaser-inhalt\">\u00c9vacuation continue de la poussi\u00e8re<\/div>\n                              <\/div>\n\n                            <div class=\"teaser-cta transition\"><\/div>\n          <\/a>\n                        <\/div>\n      \n                <\/div><!-- \/.swiper-wrapper -->\n    <div class=\"swiper-pagination\"><\/div>\n    <\/div>\n  <\/div>\n<\/div>\n\n<div  class=\"block block-personen bg-dunkelgrau pt-mittel pb-mittel\">\n    <div class=\"main-container\">\n\n        <h2 class=\"d3\">VOS INTERLOCUTEURS<\/h2>\n    \n    \n\n           \n            <p>Vous avez besoin d&rsquo;un conseil ou vous avez un projet ?<\/p>\n\n<div class=\"person mt-klein mb-50\">\n\n    <div class=\"person-bild\">\n                <div class=\"person-bild-inner\">\n            <img decoding=\"async\" width=\"890\" height=\"660\" data-src=\"https:\/\/lume.ch\/wp-content\/uploads\/2023\/11\/Schweri-Astrid1_Kundendienst_231004_1358-890x660.jpg\" class=\"attachment-person size-person wp-post-image lazyload\" alt=\"LM AG Industriestahlbau Absauganlagen Marcel Zehnder Gregor Staubli Gesch\u00e4ftsleitung\" src=\"data:image\/svg+xml;base64,PHN2ZyB3aWR0aD0iMSIgaGVpZ2h0PSIxIiB4bWxucz0iaHR0cDovL3d3dy53My5vcmcvMjAwMC9zdmciPjwvc3ZnPg==\" style=\"--smush-placeholder-width: 890px; --smush-placeholder-aspect-ratio: 890\/660;\" \/>        <\/div>\n            <\/div>\n\n    <div class=\"person-inhalt\">\n                <h3 class=\"d4 color-orange\">Astrid Schweri<\/h3>\n                \n                  <p class=\"d6 mb-0 base-font-size\"><strong>Apr\u00e8s-vente<\/strong><\/p>\n        \n        \n        <div class=\"links standard-link\">\n                          <p><a href=\"mailto:astrid.schweri@lume.ch\"><span class=\"mail\"><\/span> astrid.schweri@lume.ch<\/a><\/p>\n            \n                          <p><a href=\"tel:+41565520836\"><span class=\"tel\"><\/span> +41 56 552 08 36<\/a><\/p>\n            \n                          <p><a href=\"https:\/\/www.linkedin.com\/in\/astrid-schweri-482432222\/\" target=\"_blank\" rel=\"nofollow noopener\"><span class=\"linkedin\"><\/span> Profil LinkedIn<\/a><\/p>\n                    <\/div>\n    <\/div>\n<\/div>\n\n  \n<div class=\"person mt-klein mb-50\">\n\n    <div class=\"person-bild\">\n                <div class=\"person-bild-inner\">\n            <img decoding=\"async\" width=\"890\" height=\"660\" data-src=\"https:\/\/lume.ch\/wp-content\/uploads\/2023\/11\/Shipman-Roy_F_DSC06646-890x660.png\" class=\"attachment-person size-person wp-post-image lazyload\" alt=\"LM AG Industriestahlbau Absauganlagen\" src=\"data:image\/svg+xml;base64,PHN2ZyB3aWR0aD0iMSIgaGVpZ2h0PSIxIiB4bWxucz0iaHR0cDovL3d3dy53My5vcmcvMjAwMC9zdmciPjwvc3ZnPg==\" style=\"--smush-placeholder-width: 890px; --smush-placeholder-aspect-ratio: 890\/660;\" \/>        <\/div>\n            <\/div>\n\n    <div class=\"person-inhalt\">\n                <h3 class=\"d4 color-orange\">Roy Shipman<\/h3>\n                \n                  <p class=\"d6 mb-0 base-font-size\"><strong>Vente<\/strong><\/p>\n        \n                  <p>Vendeur r\u00e9gional | Chef de projet<\/p>\n        \n        <div class=\"links standard-link\">\n                          <p><a href=\"mailto:roy.shipman@lume.ch\"><span class=\"mail\"><\/span> roy.shipman@lume.ch<\/a><\/p>\n            \n                          <p><a href=\"tel:+41765564096\"><span class=\"tel\"><\/span> +41 76 556 40 96<\/a><\/p>\n            \n                    <\/div>\n    <\/div>\n<\/div>\n\n  \n<div class=\"person mt-klein mb-50\">\n\n    <div class=\"person-bild\">\n                <div class=\"person-bild-inner\">\n            <img decoding=\"async\" width=\"890\" height=\"660\" data-src=\"https:\/\/lume.ch\/wp-content\/uploads\/2025\/04\/Pascal-Buehler-890x660.jpg\" class=\"attachment-person size-person wp-post-image lazyload\" alt=\"LM AG LM AG Industriestahlbau Absauganlagen Pascal B\u00fchler\" src=\"data:image\/svg+xml;base64,PHN2ZyB3aWR0aD0iMSIgaGVpZ2h0PSIxIiB4bWxucz0iaHR0cDovL3d3dy53My5vcmcvMjAwMC9zdmciPjwvc3ZnPg==\" style=\"--smush-placeholder-width: 890px; --smush-placeholder-aspect-ratio: 890\/660;\" \/>        <\/div>\n            <\/div>\n\n    <div class=\"person-inhalt\">\n                <h3 class=\"d4 color-orange\">Pascal B\u00fchler<\/h3>\n                \n                  <p class=\"d6 mb-0 base-font-size\"><strong>Vente<\/strong><\/p>\n        \n                  <p>Vendeur t\u00e9chnique<\/p>\n        \n        <div class=\"links standard-link\">\n                          <p><a href=\"mailto:pascal.buehler@lume.ch\"><span class=\"mail\"><\/span> pascal.buehler@lume.ch<\/a><\/p>\n            \n                          <p><a href=\"tel:+41565520867\"><span class=\"tel\"><\/span> +41 56 552 08 67<\/a><\/p>\n            \n                          <p><a href=\"https:\/\/www.linkedin.com\/in\/pascal-b%C3%BChler-0087b8172\/\" target=\"_blank\" rel=\"nofollow noopener\"><span class=\"linkedin\"><\/span> Profil LinkedIn<\/a><\/p>\n                    <\/div>\n    <\/div>\n<\/div>\n\n  \n            \n    <\/div>\n<\/div>\n<div  class=\"block block-personen bg-weiss pb-mittel\">\n    <div class=\"main-container\">\n\n    \n    \n\n    \n    <\/div>\n<\/div>","protected":false},"excerpt":{"rendered":"","protected":false},"author":5,"featured_media":0,"parent":13922,"menu_order":0,"comment_status":"closed","ping_status":"closed","template":"tpl-front-page.php","meta":{"_acf_changed":false,"footnotes":""},"class_list":["post-13928","page","type-page","status-publish","hentry"],"acf":[],"_links":{"self":[{"href":"https:\/\/lume.ch\/fr\/wp-json\/wp\/v2\/pages\/13928","targetHints":{"allow":["GET"]}}],"collection":[{"href":"https:\/\/lume.ch\/fr\/wp-json\/wp\/v2\/pages"}],"about":[{"href":"https:\/\/lume.ch\/fr\/wp-json\/wp\/v2\/types\/page"}],"author":[{"embeddable":true,"href":"https:\/\/lume.ch\/fr\/wp-json\/wp\/v2\/users\/5"}],"replies":[{"embeddable":true,"href":"https:\/\/lume.ch\/fr\/wp-json\/wp\/v2\/comments?post=13928"}],"version-history":[{"count":4,"href":"https:\/\/lume.ch\/fr\/wp-json\/wp\/v2\/pages\/13928\/revisions"}],"predecessor-version":[{"id":17393,"href":"https:\/\/lume.ch\/fr\/wp-json\/wp\/v2\/pages\/13928\/revisions\/17393"}],"up":[{"embeddable":true,"href":"https:\/\/lume.ch\/fr\/wp-json\/wp\/v2\/pages\/13922"}],"wp:attachment":[{"href":"https:\/\/lume.ch\/fr\/wp-json\/wp\/v2\/media?parent=13928"}],"curies":[{"name":"wp","href":"https:\/\/api.w.org\/{rel}","templated":true}]}}