{"id":13862,"date":"2023-11-19T17:58:28","date_gmt":"2023-11-19T16:58:28","guid":{"rendered":"https:\/\/lume.ch\/?page_id=13862"},"modified":"2026-03-27T10:30:55","modified_gmt":"2026-03-27T09:30:55","slug":"prestations","status":"publish","type":"page","link":"https:\/\/lume.ch\/fr\/prestations\/","title":{"rendered":"Comp\u00e9tences\/Services"},"content":{"rendered":"\n<div  class=\"block block-header pb-mittel header-text\">\n\n            <div class=\"main-container container-padding-top pb-mittel has-breadcrumb\"> \n          \n            <div class=\"content-container\">\n            \n                \n                                <h1 class=\"d1 color-orange\">Des performances de pointe en qualit\u00e9 suisse<\/h1>\n                 \n                                <div class=\"lead-font-size\"><p>L+M AG est votre expert en mati\u00e8re d&rsquo;aspiration industrielle des poussi\u00e8res et de construction m\u00e9tallique industrielle de haute qualit\u00e9. Gr\u00e2ce \u00e0 une combinaison unique d&rsquo;expertise, d&rsquo;exp\u00e9rience et de technologies innovantes, nous proposons des solutions durables et de qualit\u00e9.  <\/p>\n<\/div>\n                            <\/div>\n        <\/div>\n    <\/div>\n\n\n\n<div  class=\"block block-accordion box bg-weiss pb-mittel\">\n  <div class=\"main-container pos-rel\">\n    \n          <div class=\"accordion box\">\n        \n          <div class=\"acc-box bild has-content\">\n            <div id=\"ingenierie-construction\" class=\"accordion-item\">\n              <div class=\"accordion-toggle\">\n                \n                <h2 class=\"d5 mb-15 accordion-titel\">Ing\u00e9nierie + construction<\/h2>\n\n                                  <div class=\"acc-geschlossen base-font-size\"><p>Notre \u00e9quipe de concepteurs exp\u00e9riment\u00e9s fournit des solutions de premier ordre, bas\u00e9es sur l&rsquo;innovation cr\u00e9ative et la pr\u00e9cision technique.<\/p>\n<\/div>\n                              <\/div>\n\n                              <div class=\"accordion-content\">\n                  <div class=\"accordion-content-inner base-font-size\">\n                    \n                                              <div class=\"pb-mittel\">\n                          <p><img decoding=\"async\" class=\"alignnone size-medium wp-image-7136 lazyload\" data-src=\"https:\/\/lume.ch\/wp-content\/uploads\/2023\/11\/Team-Engineering1_DSC06583-1-400x267.jpg\" alt=\"\" width=\"400\" height=\"267\" src=\"data:image\/svg+xml;base64,PHN2ZyB3aWR0aD0iMSIgaGVpZ2h0PSIxIiB4bWxucz0iaHR0cDovL3d3dy53My5vcmcvMjAwMC9zdmciPjwvc3ZnPg==\" style=\"--smush-placeholder-width: 400px; --smush-placeholder-aspect-ratio: 400\/267;\" \/><\/p>\n<p>Nous ne nous contentons pas de concevoir des produits, nous cr\u00e9ons des exp\u00e9riences. Notre approche du design moderne, fonctionnelle et orient\u00e9e vers l&rsquo;avenir va de pair avec des calculs pr\u00e9cis et novateurs. Du concept \u00e0 la r\u00e9alisation, nous vous accompagnons de mani\u00e8re globale afin de garantir des processus sans faille et des r\u00e9sultats de premier ordre.<\/p>\n                        <\/div>\n                      \n                      \n                    \n                      \n                                                                        <div class=\"pb-mittel\">\n                            <a class=\"btn btn-outline btn-arrow\" href=\"https:\/\/lume.ch\/fr\/contact-et-personne-a-contacter\/\" target=\"_self\">Contact et Personne \u00e0 contacter<\/a>\n                          <\/div>\n                                              \n                                      <\/div>\n                <\/div>\n                <span class=\"accordion-icon accordion-toggle\"><span class=\"icon-up\"><\/span><span class=\"icon-down\"><\/span><\/span>\n\n                          <\/div>\n\n            <div class=\"image-container\"><img decoding=\"async\" width=\"539\" height=\"378\" data-src=\"https:\/\/lume.ch\/wp-content\/uploads\/2023\/11\/Engineering-Konstruktion-539x378.jpg\" class=\"attachment-accordion size-accordion lazyload\" alt=\"L+M AG Industriestahlbau Absauganlagen Engineering Konstruktion\" src=\"data:image\/svg+xml;base64,PHN2ZyB3aWR0aD0iMSIgaGVpZ2h0PSIxIiB4bWxucz0iaHR0cDovL3d3dy53My5vcmcvMjAwMC9zdmciPjwvc3ZnPg==\" style=\"--smush-placeholder-width: 539px; --smush-placeholder-aspect-ratio: 539\/378;\" \/><\/div>\n          <\/div>\n        \n          <div class=\"acc-box bild has-content\">\n            <div id=\"gestion-de-projet\" class=\"accordion-item\">\n              <div class=\"accordion-toggle\">\n                \n                <h2 class=\"d5 mb-15 accordion-titel\">Gestion de projet<\/h2>\n\n                                  <div class=\"acc-geschlossen base-font-size\"><p>Nos solutions sur mesure posent de nouveaux jalons et vous aident \u00e0 r\u00e9aliser vos projets de construction m\u00e9tallique industrielle et nos installations d&rsquo;aspiration et de filtration de mani\u00e8re intelligente et astucieuse.<\/p>\n<\/div>\n                              <\/div>\n\n                              <div class=\"accordion-content\">\n                  <div class=\"accordion-content-inner base-font-size\">\n                    \n                                              <div class=\"pb-mittel\">\n                          <p><img decoding=\"async\" class=\"alignnone size-medium wp-image-7139 lazyload\" data-src=\"https:\/\/lume.ch\/wp-content\/uploads\/2023\/11\/Team-Projektleiter-400x268.png\" alt=\"\" width=\"400\" height=\"268\" data-srcset=\"https:\/\/lume.ch\/wp-content\/uploads\/2023\/11\/Team-Projektleiter-400x268.png 400w, https:\/\/lume.ch\/wp-content\/uploads\/2023\/11\/Team-Projektleiter.png 2005w\" data-sizes=\"(max-width: 400px) 100vw, 400px\" src=\"data:image\/svg+xml;base64,PHN2ZyB3aWR0aD0iMSIgaGVpZ2h0PSIxIiB4bWxucz0iaHR0cDovL3d3dy53My5vcmcvMjAwMC9zdmciPjwvc3ZnPg==\" style=\"--smush-placeholder-width: 400px; --smush-placeholder-aspect-ratio: 400\/268;\" \/><\/p>\n<p>L&rsquo;assurance qualit\u00e9 est la priorit\u00e9 de nos chefs de projet afin de garantir que vos conceptions r\u00e9pondent aux normes les plus \u00e9lev\u00e9es. Nos strat\u00e9gies de planification et de construction intelligentes maximisent l&rsquo;efficacit\u00e9 et minimisent la consommation de ressources d\u00e8s le d\u00e9but. Gr\u00e2ce \u00e0 un approvisionnement intelligent, vous obtenez des ressources au bon moment et aux meilleures conditions. Nos processus de production efficaces garantissent des finitions ponctuelles et de haute qualit\u00e9 &#8211; en temps et en co\u00fbt, notre marque de fabrique.<\/p>\n                        <\/div>\n                      \n                      \n                    \n                      \n                                                                        <div class=\"pb-mittel\">\n                            <a class=\"btn btn-outline btn-arrow\" href=\"https:\/\/lume.ch\/fr\/contact-et-personne-a-contacter\/\" target=\"_self\">Contact et Personne \u00e0 contacter<\/a>\n                          <\/div>\n                                              \n                                      <\/div>\n                <\/div>\n                <span class=\"accordion-icon accordion-toggle\"><span class=\"icon-up\"><\/span><span class=\"icon-down\"><\/span><\/span>\n\n                          <\/div>\n\n            <div class=\"image-container\"><img decoding=\"async\" width=\"539\" height=\"378\" data-src=\"https:\/\/lume.ch\/wp-content\/uploads\/2023\/11\/Projektmanagement-539x378.jpg\" class=\"attachment-accordion size-accordion lazyload\" alt=\"L+M AG Industriestahlbau Absauganlagen\" src=\"data:image\/svg+xml;base64,PHN2ZyB3aWR0aD0iMSIgaGVpZ2h0PSIxIiB4bWxucz0iaHR0cDovL3d3dy53My5vcmcvMjAwMC9zdmciPjwvc3ZnPg==\" style=\"--smush-placeholder-width: 539px; --smush-placeholder-aspect-ratio: 539\/378;\" \/><\/div>\n          <\/div>\n        \n          <div class=\"acc-box bild has-content\">\n            <div id=\"fabrication-a-facon\" class=\"accordion-item\">\n              <div class=\"accordion-toggle\">\n                \n                <h2 class=\"d5 mb-15 accordion-titel\">Fabrication \u00e0 fa\u00e7on<\/h2>\n\n                                  <div class=\"acc-geschlossen base-font-size\"><p>Notre comp\u00e9tence principale est la sous-traitance dans le domaine de la construction m\u00e9tallique industrielle. Notre \u00e9quipe est compos\u00e9e de collaborateurs hautement qualifi\u00e9s qui disposent d&rsquo;une longue exp\u00e9rience.<\/p>\n<\/div>\n                              <\/div>\n\n                              <div class=\"accordion-content\">\n                  <div class=\"accordion-content-inner base-font-size\">\n                    \n                                              <div class=\"pb-mittel\">\n                          <p>Nous nous sp\u00e9cialisons dans le d\u00e9veloppement de solutions sur mesure r\u00e9pondant \u00e0 vos exigences individuelles et faisant de vos visions une r\u00e9alit\u00e9. La qualit\u00e9 est au c\u0153ur de notre travail. En tant qu&rsquo;entreprise certifi\u00e9e ISO9001, nous garantissons des r\u00e9sultats de premier ordre gr\u00e2ce \u00e0 des contr\u00f4les de qualit\u00e9 stricts. Nos solutions intelligentes permettent de g\u00e9rer efficacement le temps et les co\u00fbts sans faire de compromis sur la qualit\u00e9. Nous utilisons des processus de production et des mat\u00e9riaux durables afin d&rsquo;assumer notre responsabilit\u00e9 vis-\u00e0-vis de l&rsquo;environnement.<\/p>\n                        <\/div>\n                      \n                      \n                    \n                      \n                                                                        <div class=\"pb-mittel\">\n                            <a class=\"btn btn-outline btn-arrow\" href=\"https:\/\/lume.ch\/fr\/contact-et-personne-a-contacter\/\" target=\"_self\">Contact et Personne \u00e0 contacter<\/a>\n                          <\/div>\n                                              \n                                      <\/div>\n                <\/div>\n                <span class=\"accordion-icon accordion-toggle\"><span class=\"icon-up\"><\/span><span class=\"icon-down\"><\/span><\/span>\n\n                          <\/div>\n\n            <div class=\"image-container\"><img decoding=\"async\" width=\"539\" height=\"378\" data-src=\"https:\/\/lume.ch\/wp-content\/uploads\/2023\/12\/Teckon-2023-web-30-539x378.jpg\" class=\"attachment-accordion size-accordion lazyload\" alt=\"L+M AG Industriestahlbau Absauganlagen Lohnfertigung\" src=\"data:image\/svg+xml;base64,PHN2ZyB3aWR0aD0iMSIgaGVpZ2h0PSIxIiB4bWxucz0iaHR0cDovL3d3dy53My5vcmcvMjAwMC9zdmciPjwvc3ZnPg==\" style=\"--smush-placeholder-width: 539px; --smush-placeholder-aspect-ratio: 539\/378;\" \/><\/div>\n          <\/div>\n        \n          <div class=\"acc-box bild has-content\">\n            <div id=\"soudage-a-facon\" class=\"accordion-item\">\n              <div class=\"accordion-toggle\">\n                \n                <h2 class=\"d5 mb-15 accordion-titel\">Soudage \u00e0 fa\u00e7on<\/h2>\n\n                                  <div class=\"acc-geschlossen base-font-size\"><p>Nous soudons selon les normes et les certificats les plus exigeants, notamment ISO 3834-2:2005, EN 1090-2, EN 1090-1 et EN 15085-2. Nos travaux de soudage r\u00e9pondent aux normes internationales les plus strictes afin de vous garantir des r\u00e9sultats fiables et durables.<\/p>\n<\/div>\n                              <\/div>\n\n                              <div class=\"accordion-content\">\n                  <div class=\"accordion-content-inner base-font-size\">\n                    \n                                              <div class=\"pb-mittel\">\n                          <p>Que vous ayez besoin d&rsquo;acier inoxydable, d&rsquo;aluminium ou de m\u00e9taux exotiques, nous ma\u00eetrisons l&rsquo;art de la soudure et traitons une grande vari\u00e9t\u00e9 de mat\u00e9riaux. Nous investissons en permanence dans les derni\u00e8res technologies de soudage afin de garantir des r\u00e9sultats efficaces et pr\u00e9cis. En tant qu&rsquo;experts, nous d\u00e9veloppons des solutions innovantes et sur mesure qui r\u00e9pondent \u00e0 vos exigences individuelles.<\/p>\n<p>Si vous recherchez un soudage \u00e0 fa\u00e7on de premi\u00e8re qualit\u00e9, vous \u00eates \u00e0 la bonne adresse chez L+M AG. Faites confiance \u00e0 notre exp\u00e9rience et \u00e0 notre engagement en faveur de la qualit\u00e9. Votre satisfaction est notre objectif principal.<\/p>\n                        <\/div>\n                      \n                      \n                    \n                      \n                                                                        <div class=\"pb-mittel\">\n                            <a class=\"btn btn-outline btn-arrow\" href=\"https:\/\/lume.ch\/fr\/contact-et-personne-a-contacter\/\" target=\"_self\">Contact et Personne \u00e0 contacter<\/a>\n                          <\/div>\n                                              \n                                      <\/div>\n                <\/div>\n                <span class=\"accordion-icon accordion-toggle\"><span class=\"icon-up\"><\/span><span class=\"icon-down\"><\/span><\/span>\n\n                          <\/div>\n\n            <div class=\"image-container\"><img decoding=\"async\" width=\"539\" height=\"378\" data-src=\"https:\/\/lume.ch\/wp-content\/uploads\/2023\/11\/Produktion-Fertigung-1-539x378.jpg?theia_smart_thumbnails_file_version=2\" class=\"attachment-accordion size-accordion lazyload\" alt=\"L+M AG Industriestahlbau Absauganlagen\" src=\"data:image\/svg+xml;base64,PHN2ZyB3aWR0aD0iMSIgaGVpZ2h0PSIxIiB4bWxucz0iaHR0cDovL3d3dy53My5vcmcvMjAwMC9zdmciPjwvc3ZnPg==\" style=\"--smush-placeholder-width: 539px; --smush-placeholder-aspect-ratio: 539\/378;\" \/><\/div>\n          <\/div>\n        \n          <div class=\"acc-box bild has-content\">\n            <div id=\"production-fabrication\" class=\"accordion-item\">\n              <div class=\"accordion-toggle\">\n                \n                <h2 class=\"d5 mb-15 accordion-titel\">Production + fabrication<\/h2>\n\n                                  <div class=\"acc-geschlossen base-font-size\"><p>L+M AG est synonyme de qualit\u00e9 et d&rsquo;efficacit\u00e9 exceptionnelles, tant dans le d\u00e9veloppement de produits que dans la fabrication.<\/p>\n<\/div>\n                              <\/div>\n\n                              <div class=\"accordion-content\">\n                  <div class=\"accordion-content-inner base-font-size\">\n                    \n                                              <div class=\"pb-mittel\">\n                          <p>Notre unit\u00e9 de produits con\u00e7oit des solutions intelligentes avec une vision claire de l&rsquo;avenir, tandis que l&rsquo;unit\u00e9 de fabrication assure une mise en \u0153uvre efficace en termes de temps et de co\u00fbts gr\u00e2ce \u00e0 des processus intelligents. Chez L+M AG, nous associons un d\u00e9veloppement de produits innovant \u00e0 une fabrication efficace afin de garantir que vos projets r\u00e9pondent aux normes les plus \u00e9lev\u00e9es tout en \u00e9tant con\u00e7us et mis en \u0153uvre de mani\u00e8re optimale.<\/p>\n                        <\/div>\n                      \n                      \n                    \n                      \n                                                                        <div class=\"pb-mittel\">\n                            <a class=\"btn btn-outline btn-arrow\" href=\"https:\/\/lume.ch\/fr\/contact-et-personne-a-contacter\/\" target=\"_self\">Contact et Personne \u00e0 contacter<\/a>\n                          <\/div>\n                                              \n                                      <\/div>\n                <\/div>\n                <span class=\"accordion-icon accordion-toggle\"><span class=\"icon-up\"><\/span><span class=\"icon-down\"><\/span><\/span>\n\n                          <\/div>\n\n            <div class=\"image-container\"><img decoding=\"async\" width=\"539\" height=\"378\" data-src=\"https:\/\/lume.ch\/wp-content\/uploads\/2023\/11\/Produktion-Fertigung-539x378.jpg\" class=\"attachment-accordion size-accordion lazyload\" alt=\"L+M AG Industriestahlbau Absauganlagen\" src=\"data:image\/svg+xml;base64,PHN2ZyB3aWR0aD0iMSIgaGVpZ2h0PSIxIiB4bWxucz0iaHR0cDovL3d3dy53My5vcmcvMjAwMC9zdmciPjwvc3ZnPg==\" style=\"--smush-placeholder-width: 539px; --smush-placeholder-aspect-ratio: 539\/378;\" \/><\/div>\n          <\/div>\n        \n          <div class=\"acc-box bild has-content\">\n            <div id=\"montage-de-modules\" class=\"accordion-item\">\n              <div class=\"accordion-toggle\">\n                \n                <h2 class=\"d5 mb-15 accordion-titel\">Montage de modules<\/h2>\n\n                                  <div class=\"acc-geschlossen base-font-size\"><p>Nous comprenons que votre entreprise est unique et n\u00e9cessite des solutions individualis\u00e9es.<\/p>\n<\/div>\n                              <\/div>\n\n                              <div class=\"accordion-content\">\n                  <div class=\"accordion-content-inner base-font-size\">\n                    \n                                              <div class=\"pb-mittel\">\n                          <p>Gr\u00e2ce \u00e0 des processus de fabrication intelligents, nous assemblons vos sous-ensembles avec pr\u00e9cision en un temps record. Nous vous promettons des rotations rapides sans compromis sur la qualit\u00e9. Notre assemblage flexible de sous-ensembles s&rsquo;oriente vers vos besoins individuels et non vers des solutions standard. Gr\u00e2ce \u00e0 des processus optimis\u00e9s, nous offrons des r\u00e9sultats de premier ordre \u00e0 des prix \u00e9quitables. Notre soutien ne s&rsquo;arr\u00eate pas apr\u00e8s le montage &#8211; en tant que votre partenaire du d\u00e9but \u00e0 la fin, nous nous effor\u00e7ons de vous satisfaire.<\/p>\n                        <\/div>\n                      \n                      \n                    \n                      \n                                                                        <div class=\"pb-mittel\">\n                            <a class=\"btn btn-outline btn-arrow\" href=\"https:\/\/lume.ch\/fr\/contact-et-personne-a-contacter\/\" target=\"_self\">Contact et Personne \u00e0 contacter<\/a>\n                          <\/div>\n                                              \n                                      <\/div>\n                <\/div>\n                <span class=\"accordion-icon accordion-toggle\"><span class=\"icon-up\"><\/span><span class=\"icon-down\"><\/span><\/span>\n\n                          <\/div>\n\n            <div class=\"image-container\"><img decoding=\"async\" width=\"539\" height=\"378\" data-src=\"https:\/\/lume.ch\/wp-content\/uploads\/2023\/11\/baugruppenmontage-539x378.jpg\" class=\"attachment-accordion size-accordion lazyload\" alt=\"L+M AG Industriestahlbau Absauganlagen\" src=\"data:image\/svg+xml;base64,PHN2ZyB3aWR0aD0iMSIgaGVpZ2h0PSIxIiB4bWxucz0iaHR0cDovL3d3dy53My5vcmcvMjAwMC9zdmciPjwvc3ZnPg==\" style=\"--smush-placeholder-width: 539px; --smush-placeholder-aspect-ratio: 539\/378;\" \/><\/div>\n          <\/div>\n        \n          <div class=\"acc-box bild has-content\">\n            <div id=\"construction-machines-installations\" class=\"accordion-item\">\n              <div class=\"accordion-toggle\">\n                \n                <h2 class=\"d5 mb-15 accordion-titel\">Construction de machines et d&rsquo;installations<\/h2>\n\n                                  <div class=\"acc-geschlossen base-font-size\"><p>L+M AG est votre partenaire fiable dans le domaine de la construction d&rsquo;installations et d&rsquo;appareils. D\u00e9couvrez nos solutions de premier ordre, qui garantissent une efficacit\u00e9 et une qualit\u00e9 maximales.<\/p>\n<\/div>\n                              <\/div>\n\n                              <div class=\"accordion-content\">\n                  <div class=\"accordion-content-inner base-font-size\">\n                    \n                                              <div class=\"pb-mittel\">\n                          <p>D\u00e9couvrez nos syst\u00e8mes d&rsquo;aspiration avanc\u00e9s qui garantissent une propret\u00e9 et une s\u00e9curit\u00e9 maximales dans les environnements industriels. De la poussi\u00e8re aux gaz nocifs, nos syst\u00e8mes d&rsquo;aspiration offrent des solutions polyvalentes pour diff\u00e9rents secteurs.<\/p>\n                        <\/div>\n                      \n                      \n                    \n                      \n                                                                        <div class=\"pb-mittel\">\n                            <a class=\"btn btn-outline btn-arrow\" href=\"https:\/\/lume.ch\/fr\/contact-et-personne-a-contacter\/\" target=\"_self\">Contact et Personne \u00e0 contacter<\/a>\n                          <\/div>\n                                              \n                                      <\/div>\n                <\/div>\n                <span class=\"accordion-icon accordion-toggle\"><span class=\"icon-up\"><\/span><span class=\"icon-down\"><\/span><\/span>\n\n                          <\/div>\n\n            <div class=\"image-container\"><img decoding=\"async\" width=\"539\" height=\"378\" data-src=\"https:\/\/lume.ch\/wp-content\/uploads\/2023\/11\/Maschinen-und-Anlagenbau-539x378.jpg\" class=\"attachment-accordion size-accordion lazyload\" alt=\"L+M AG Industriestahlbau Absauganlagen Maschinenbau Anlagenbau\" src=\"data:image\/svg+xml;base64,PHN2ZyB3aWR0aD0iMSIgaGVpZ2h0PSIxIiB4bWxucz0iaHR0cDovL3d3dy53My5vcmcvMjAwMC9zdmciPjwvc3ZnPg==\" style=\"--smush-placeholder-width: 539px; --smush-placeholder-aspect-ratio: 539\/378;\" \/><\/div>\n          <\/div>\n        \n          <div class=\"acc-box bild has-content\">\n            <div id=\"logistique\" class=\"accordion-item\">\n              <div class=\"accordion-toggle\">\n                \n                <h2 class=\"d5 mb-15 accordion-titel\">Logistique<\/h2>\n\n                                  <div class=\"acc-geschlossen base-font-size\"><p>Nous r\u00e9alisons des prouesses logistiques &#8211; directement et parfaitement.<\/p>\n<\/div>\n                              <\/div>\n\n                              <div class=\"accordion-content\">\n                  <div class=\"accordion-content-inner base-font-size\">\n                    \n                                              <div class=\"pb-mittel\">\n                          <p>Nos responsables logistiques garantissent le transport s\u00fbr et dans les d\u00e9lais des pi\u00e8ces et des installations vers leur lieu de destination. Gr\u00e2ce \u00e0 une infrastructure de premier ordre, des installations s\u00fbres et un savoir-faire approfondi, nous permettons une manutention logistique efficace en Suisse, en Europe et dans le monde entier. Qu&rsquo;il s&rsquo;agisse de transport routier, ferroviaire, maritime ou a\u00e9rien, nous proposons des solutions sur mesure, ind\u00e9pendamment de la taille et du poids.<\/p>\n                        <\/div>\n                      \n                      \n                    \n                      \n                                                                        <div class=\"pb-mittel\">\n                            <a class=\"btn btn-outline btn-arrow\" href=\"https:\/\/lume.ch\/fr\/contact-et-personne-a-contacter\/\" target=\"_self\">Contact et Personne \u00e0 contacter<\/a>\n                          <\/div>\n                                              \n                                      <\/div>\n                <\/div>\n                <span class=\"accordion-icon accordion-toggle\"><span class=\"icon-up\"><\/span><span class=\"icon-down\"><\/span><\/span>\n\n                          <\/div>\n\n            <div class=\"image-container\"><img decoding=\"async\" width=\"539\" height=\"378\" data-src=\"https:\/\/lume.ch\/wp-content\/uploads\/2023\/11\/LogistikLager-539x378.jpg\" class=\"attachment-accordion size-accordion lazyload\" alt=\"L+M AG Industriestahlbau Absauganlagen Logistik Lager\" src=\"data:image\/svg+xml;base64,PHN2ZyB3aWR0aD0iMSIgaGVpZ2h0PSIxIiB4bWxucz0iaHR0cDovL3d3dy53My5vcmcvMjAwMC9zdmciPjwvc3ZnPg==\" style=\"--smush-placeholder-width: 539px; --smush-placeholder-aspect-ratio: 539\/378;\" \/><\/div>\n          <\/div>\n        \n          <div class=\"acc-box bild has-content\">\n            <div id=\"inspection-service\" class=\"accordion-item\">\n              <div class=\"accordion-toggle\">\n                \n                <h2 class=\"d5 mb-15 accordion-titel\">Inspection + service<\/h2>\n\n                                  <div class=\"acc-geschlossen base-font-size\"><p>Par service professionnel, nous entendons une r\u00e9action rapide et une ex\u00e9cution professionnelle des travaux de service avec durabilit\u00e9. Le besoin du client est toujours au premier plan.<\/p>\n<\/div>\n                              <\/div>\n\n                              <div class=\"accordion-content\">\n                  <div class=\"accordion-content-inner base-font-size\">\n                    \n                                              <div class=\"pb-mittel\">\n                          <p>Nous inspectons, entretenons et r\u00e9parons vos installations d&rsquo;aspiration et de filtration. Nous vous contactons \u00e0 temps pour une inspection due, livrons si n\u00e9cessaire des m\u00e9dias filtrants et des pi\u00e8ces de rechange et concluons notre prestation par un rapport de travail et un proc\u00e8s-verbal de l&rsquo;installation.<\/p>\n<p>Un entretien r\u00e9gulier et un service p\u00e9riodique de votre installation d&rsquo;aspiration permettent d&rsquo;\u00e9viter des arr\u00eats de production co\u00fbteux. De plus, vous prot\u00e9gez vos collaborateurs contre les \u00e9missions de poussi\u00e8res dangereuses pour la sant\u00e9 et garantissez la qualit\u00e9 des produits. \u00c0 long terme, vous \u00e9conomisez des frais d&rsquo;exploitation et vous avez la garantie de respecter les prescriptions, comme entre autres l&rsquo;ordonnance sur les substances dangereuses (GefStoffV) et l&rsquo;assurance accidents l\u00e9gale (GUV).<\/p>\n                        <\/div>\n                      \n                      \n                    \n                      \n                                                                        <div class=\"pb-mittel\">\n                            <a class=\"btn btn-outline btn-arrow\" href=\"https:\/\/lume.ch\/fr\/contact-et-personne-a-contacter\/\" target=\"_self\">Contact et Personne \u00e0 contacter<\/a>\n                          <\/div>\n                                              \n                                      <\/div>\n                <\/div>\n                <span class=\"accordion-icon accordion-toggle\"><span class=\"icon-up\"><\/span><span class=\"icon-down\"><\/span><\/span>\n\n                          <\/div>\n\n            <div class=\"image-container\"><img decoding=\"async\" width=\"539\" height=\"378\" data-src=\"https:\/\/lume.ch\/wp-content\/uploads\/2023\/11\/Serviceauto-539x378.jpg\" class=\"attachment-accordion size-accordion lazyload\" alt=\"L+M AG Absauganlagen Inspektion Service\" src=\"data:image\/svg+xml;base64,PHN2ZyB3aWR0aD0iMSIgaGVpZ2h0PSIxIiB4bWxucz0iaHR0cDovL3d3dy53My5vcmcvMjAwMC9zdmciPjwvc3ZnPg==\" style=\"--smush-placeholder-width: 539px; --smush-placeholder-aspect-ratio: 539\/378;\" \/><\/div>\n          <\/div>\n        \n          <div class=\"acc-box bild has-content\">\n            <div id=\"gestion-de-la-qualite\" class=\"accordion-item\">\n              <div class=\"accordion-toggle\">\n                \n                <h2 class=\"d5 mb-15 accordion-titel\">Gestion de la qualit\u00e9<\/h2>\n\n                                  <div class=\"acc-geschlossen base-font-size\"><p>Notre technique de soudage certifi\u00e9e et la gestion de la qualit\u00e9 ancr\u00e9e dans l&rsquo;entreprise garantissent la s\u00e9curit\u00e9 et l&rsquo;excellence de chaque assemblage soud\u00e9.<\/p>\n<\/div>\n                              <\/div>\n\n                              <div class=\"accordion-content\">\n                  <div class=\"accordion-content-inner base-font-size\">\n                    \n                                              <div class=\"pb-mittel\">\n                          <p>Dans notre maison, nous saisissons la gestion de la qualit\u00e9 au plus haut niveau. Gr\u00e2ce \u00e0 notre technique de soudage certifi\u00e9e, nous garantissons une qualit\u00e9 de produit et des normes de s\u00e9curit\u00e9 de premier ordre. D\u00e9couvrez comment nous garantissons, gr\u00e2ce \u00e0 une gestion globale de la qualit\u00e9, que chaque assemblage soud\u00e9 satisfait aux exigences les plus \u00e9lev\u00e9es et que nos produits r\u00e9pondent toujours aux normes de qualit\u00e9 les plus strictes.<\/p>\n                        <\/div>\n                      \n                      \n                    \n                      \n                                                                        <div class=\"pb-mittel\">\n                            <a class=\"btn btn-outline btn-arrow\" href=\"https:\/\/lume.ch\/fr\/contact-et-personne-a-contacter\/\" target=\"_self\">Contact et Personne \u00e0 contacter<\/a>\n                          <\/div>\n                                              \n                                      <\/div>\n                <\/div>\n                <span class=\"accordion-icon accordion-toggle\"><span class=\"icon-up\"><\/span><span class=\"icon-down\"><\/span><\/span>\n\n                          <\/div>\n\n            <div class=\"image-container\"><img decoding=\"async\" width=\"500\" height=\"354\" data-src=\"https:\/\/lume.ch\/wp-content\/uploads\/2023\/11\/ISO-9001-Zertifizierung.jpg\" class=\"attachment-accordion size-accordion lazyload\" alt=\"L+M AG Fakten Historie ISO 9001 Zertifizierung\" data-srcset=\"https:\/\/lume.ch\/wp-content\/uploads\/2023\/11\/ISO-9001-Zertifizierung.jpg 500w, https:\/\/lume.ch\/wp-content\/uploads\/2023\/11\/ISO-9001-Zertifizierung-400x283.jpg 400w\" data-sizes=\"(max-width: 500px) 100vw, 500px\" src=\"data:image\/svg+xml;base64,PHN2ZyB3aWR0aD0iMSIgaGVpZ2h0PSIxIiB4bWxucz0iaHR0cDovL3d3dy53My5vcmcvMjAwMC9zdmciPjwvc3ZnPg==\" style=\"--smush-placeholder-width: 500px; --smush-placeholder-aspect-ratio: 500\/354;\" \/><\/div>\n          <\/div>\n        \n          <div class=\"acc-box has-content\">\n            <div id=\"mesures-poussiere-residuelle\" class=\"accordion-item\">\n              <div class=\"accordion-toggle\">\n                \n                <h2 class=\"d5 mb-15 accordion-titel\">Mesures de la poussi\u00e8re r\u00e9siduelle<\/h2>\n\n                                  <div class=\"acc-geschlossen base-font-size\"><p>Am\u00e9liorez la qualit\u00e9 de l&rsquo;air sur votre lieu de travail gr\u00e2ce \u00e0 nos mesures de l&rsquo;air.<\/p>\n<\/div>\n                              <\/div>\n\n                              <div class=\"accordion-content\">\n                  <div class=\"accordion-content-inner base-font-size\">\n                    \n                                              <div class=\"pb-mittel\">\n                          <p>Notre protocole de mesure pertinent vous sert de base de d\u00e9cision pour d&rsquo;autres mesures. En tant qu&rsquo;exploitant d&rsquo;installations d&rsquo;aspiration et de filtrage, vous prouvez ainsi le respect des valeurs limites sur le lieu de travail (SUVA).<\/p>\n                        <\/div>\n                      \n                      \n                    \n                      \n                                                                        <div class=\"pb-mittel\">\n                            <a class=\"btn btn-outline btn-arrow\" href=\"https:\/\/lume.ch\/fr\/contact-et-personne-a-contacter\/\" target=\"_self\">Contact et Personne \u00e0 contacter<\/a>\n                          <\/div>\n                                              \n                                      <\/div>\n                <\/div>\n                <span class=\"accordion-icon accordion-toggle\"><span class=\"icon-up\"><\/span><span class=\"icon-down\"><\/span><\/span>\n\n                          <\/div>\n\n            \n          <\/div>\n        \n          <div class=\"acc-box has-content\">\n            <div id=\"formations\" class=\"accordion-item\">\n              <div class=\"accordion-toggle\">\n                \n                <h2 class=\"d5 mb-15 accordion-titel\">Formations<\/h2>\n\n                                  <div class=\"acc-geschlossen base-font-size\"><p>Le besoin du client est toujours au premier plan chez L+M AG. Apprenez \u00e0 utiliser les installations d&rsquo;aspiration de mani\u00e8re professionnelle lors d&rsquo;une formation personnalis\u00e9e. <\/p>\n<\/div>\n                              <\/div>\n\n                              <div class=\"accordion-content\">\n                  <div class=\"accordion-content-inner base-font-size\">\n                    \n                                              <div class=\"pb-mittel\">\n                          <p>Elargissez et approfondissez vos connaissances en mati\u00e8re de technique d&rsquo;aspiration industrielle. Pour que vous soyez toujours \u00e0 la pointe de la connaissance.<\/p>\n                        <\/div>\n                      \n                      \n                    \n                      \n                                                                        <div class=\"pb-mittel\">\n                            <a class=\"btn btn-outline btn-arrow\" href=\"https:\/\/lume.ch\/fr\/contact-et-personne-a-contacter\/\" target=\"_self\">Contact et Personne \u00e0 contacter<\/a>\n                          <\/div>\n                                              \n                                      <\/div>\n                <\/div>\n                <span class=\"accordion-icon accordion-toggle\"><span class=\"icon-up\"><\/span><span class=\"icon-down\"><\/span><\/span>\n\n                          <\/div>\n\n            \n          <\/div>\n              <\/div>\n      <\/div>\n<\/div>\n\n\n\n<div  class=\"block block-teaser bg-weiss pb-mittel\">\n    <div class=\"main-container\">\n        \n        \n                <div class=\"columns-3-grid\">\n                    <a class=\"btn btn-big btn-outline btn-arrow\" href=\"https:\/\/lume.ch\/fr\/solutions\/\" target=\"_self\">\n                <div class=\"inner\">\n                                        <span class=\"btn-titel\">Ensemble vers des solutions intelligentes<\/span>\n                                                        <\/div>\n            <\/a> \n                <\/div>\n        \n            <\/div>\n<\/div>","protected":false},"excerpt":{"rendered":"","protected":false},"author":3,"featured_media":0,"parent":0,"menu_order":0,"comment_status":"closed","ping_status":"closed","template":"tpl-front-page.php","meta":{"_acf_changed":false,"footnotes":""},"class_list":["post-13862","page","type-page","status-publish","hentry"],"acf":[],"_links":{"self":[{"href":"https:\/\/lume.ch\/fr\/wp-json\/wp\/v2\/pages\/13862","targetHints":{"allow":["GET"]}}],"collection":[{"href":"https:\/\/lume.ch\/fr\/wp-json\/wp\/v2\/pages"}],"about":[{"href":"https:\/\/lume.ch\/fr\/wp-json\/wp\/v2\/types\/page"}],"author":[{"embeddable":true,"href":"https:\/\/lume.ch\/fr\/wp-json\/wp\/v2\/users\/3"}],"replies":[{"embeddable":true,"href":"https:\/\/lume.ch\/fr\/wp-json\/wp\/v2\/comments?post=13862"}],"version-history":[{"count":8,"href":"https:\/\/lume.ch\/fr\/wp-json\/wp\/v2\/pages\/13862\/revisions"}],"predecessor-version":[{"id":17116,"href":"https:\/\/lume.ch\/fr\/wp-json\/wp\/v2\/pages\/13862\/revisions\/17116"}],"wp:attachment":[{"href":"https:\/\/lume.ch\/fr\/wp-json\/wp\/v2\/media?parent=13862"}],"curies":[{"name":"wp","href":"https:\/\/api.w.org\/{rel}","templated":true}]}}