{"id":13846,"date":"2023-11-27T15:13:45","date_gmt":"2023-11-27T14:13:45","guid":{"rendered":"https:\/\/lume.ch\/?page_id=13846"},"modified":"2024-08-23T09:11:45","modified_gmt":"2024-08-23T07:11:45","slug":"transport-logistique","status":"publish","type":"page","link":"https:\/\/lume.ch\/fr\/installations-daspiration\/des-concepts-et-des-solutions-intelligents-pour-votre-secteursolutionsdes-concepts-et-des-solutions-intelligents-pour-votre-secteur\/transport-logistique\/","title":{"rendered":"Transport + Logistique"},"content":{"rendered":"\n<div  class=\"block block-header pb-mittel header-text\">\n\n            <div class=\"main-container container-padding-top pb-mittel has-breadcrumb has-icon\"> \n          \n            <div class=\"content-container\">\n            <div class=\"icon\"><img decoding=\"async\" width=\"100\" height=\"100\" data-src=\"https:\/\/lume.ch\/wp-content\/uploads\/2023\/11\/branche-transport-orange.svg\" class=\"attachment-full size-full lazyload\" alt=\"\" src=\"data:image\/svg+xml;base64,PHN2ZyB3aWR0aD0iMSIgaGVpZ2h0PSIxIiB4bWxucz0iaHR0cDovL3d3dy53My5vcmcvMjAwMC9zdmciPjwvc3ZnPg==\" style=\"--smush-placeholder-width: 100px; --smush-placeholder-aspect-ratio: 100\/100;\" \/><\/div>\n                                <div class=\"d5 color-anthrazit uebertitel\">Construction m\u00e9tallique industrielle<\/div>\n                \n                                <h1 class=\"d1 color-orange\">Solutions pour le secteur Transport + Logistique<\/h1>\n                 \n                                <div class=\"lead-font-size\"><p>L+M AG fait bouger les choses !<br \/>\nNos racks de transport de charges lourdes jusqu&rsquo;\u00e0 360 tonnes sont optimis\u00e9s pour le fret a\u00e9rien, le fret maritime et le transport routier, pour un transport s\u00fbr dans diff\u00e9rents environnements logistiques.<br \/>\nCes racks sont conformes aux normes de l&rsquo;aviation pour le fret a\u00e9rien et r\u00e9sistent \u00e0 des conditions extr\u00eames pour le fret maritime.<br \/>\nPolyvalents et r\u00e9utilisables, ils offrent une int\u00e9gration parfaite dans les syst\u00e8mes logistiques pour un transport efficace dans le monde entier.<br \/>\nUne construction robuste permet un transport fiable dans les airs, sur mer et sur route pour des charges extr\u00eamement lourdes.    <\/p>\n<\/div>\n                            <\/div>\n        <\/div>\n    <\/div>\n<div  class=\"block block-content bg-weiss pb-gross\">\n    <div class=\"main-container\">\n        <div class=\"content-container\">\n\n            \n\n    <h2 class=\"d3\">Partenaires dans le domaine du mat\u00e9riel roulant + infrastructure ferroviaire<\/h2>\n\n    <ul>\n<li style=\"font-weight: 400;\" aria-level=\"1\"><span style=\"font-weight: 400;\">Ing\u00e9nierie, construction, fabrication et logistique &#8211; tout d&rsquo;une seule source<\/span><\/li>\n<li style=\"font-weight: 400;\" aria-level=\"1\"><span style=\"font-weight: 400;\">Production en Suisse + Slovaquie<\/span><\/li>\n<li style=\"font-weight: 400;\" aria-level=\"1\"><span style=\"font-weight: 400;\">Supports de transport pour camion \/ bateau et fret a\u00e9rien<\/span><\/li>\n<li style=\"font-weight: 400;\" aria-level=\"1\"><span style=\"font-weight: 400;\">Utilisation de points d&rsquo;ancrage normalis\u00e9s<\/span><\/li>\n<li style=\"font-weight: 400;\" aria-level=\"1\"><span style=\"font-weight: 400;\">Construction d&rsquo;aides au transport pour tous les besoins  <\/span><\/li>\n<li style=\"font-weight: 400;\" aria-level=\"1\"><span style=\"font-weight: 400;\">Construction de traverses selon les besoins du client<\/span><\/li>\n<li style=\"font-weight: 400;\" aria-level=\"1\"><span style=\"font-weight: 400;\">Construction de pr\u00e9henseurs \u00e0 la demande du client  <\/span><\/li>\n<li style=\"font-weight: 400;\" aria-level=\"1\"><span style=\"font-weight: 400;\">Levage &#8211; transport de charges jusqu&rsquo;\u00e0 360 t  <\/span><\/li>\n<li style=\"font-weight: 400;\" aria-level=\"1\"><span style=\"font-weight: 400;\">Soudage selon EN- 1090<\/span><\/li>\n<li style=\"font-weight: 400;\" aria-level=\"1\"><span style=\"font-weight: 400;\">Certifi\u00e9 CE<\/span><\/li>\n<\/ul>\n\n    \n            <div class=\"button-group\">\n                   <a class=\"btn btn-full btn-arrow\" href=\"https:\/\/lume.ch\/industriestahlbau\/\" target=\"_self\">Solutions de construction m\u00e9tallique industrielle<\/a>\n                <\/div>\n    \n\n        <\/div>\n    <\/div>\n<\/div>\n<div  class=\"block block-referenz-slider bg-weiss pb-mittel\">\n    <div class=\"main-container pos-rel\">\n\n                <div class=\"content-container\">\n                            <h2 class=\"d3\">Des mises en \u0153uvre r\u00e9ussies<\/h2>\n            \n                    <\/div>\n         \n\n                <div class=\"swiper-referenz pos-rel\">\n            <div class=\"swiper-wrapper\">\n                                \n                <div class=\"swiper-slide\">\n                    \n<div class=\"block-teaser bild-text standard-link\">\n    <a class=\"teaser\" href=\"https:\/\/lume.ch\/fr\/reference\/moyens-de-levage-bornes-equilibre\/\">\n                <div class=\"bild\">\n            <img decoding=\"async\" width=\"670\" height=\"235\" data-src=\"https:\/\/lume.ch\/wp-content\/uploads\/2023\/12\/Hebemittel-1.png\" class=\"attachment-large size-large wp-post-image lazyload\" alt=\"\" data-srcset=\"https:\/\/lume.ch\/wp-content\/uploads\/2023\/12\/Hebemittel-1.png 670w, https:\/\/lume.ch\/wp-content\/uploads\/2023\/12\/Hebemittel-1-400x140.png 400w\" data-sizes=\"(max-width: 670px) 100vw, 670px\" src=\"data:image\/svg+xml;base64,PHN2ZyB3aWR0aD0iMSIgaGVpZ2h0PSIxIiB4bWxucz0iaHR0cDovL3d3dy53My5vcmcvMjAwMC9zdmciPjwvc3ZnPg==\" style=\"--smush-placeholder-width: 670px; --smush-placeholder-aspect-ratio: 670\/235;\" \/>            <span class=\"overlay\"><\/span>\n        <\/div>\n        \n\n        <div class=\"kategorie\">Installations d\u2019aspiration<\/div>         \n        <div class=\"uebertitel mt-20\">Transport + Logistique&nbsp;<\/div>\n        \n        <div class=\"inner\">\n            <h2 class=\"d5\">Moyens de levage, bornes, \u00e9quilibre<\/h2>\n\n            <div class=\"teaser-inhalt\">D\u00e9couvrez nos moyens de levage, nos bornes et nos balances fiables.  &nbsp;<\/div>\n        <\/div>\n\n        <div class=\"teaser-cta transition\">Vers la description du projet<\/div>\n    <\/a> \n<\/div>\n\n                <\/div>\n\n                \n                <div class=\"swiper-slide\">\n                    \n<div class=\"block-teaser bild-text standard-link\">\n    <a class=\"teaser\" href=\"https:\/\/lume.ch\/fr\/reference\/cadre-de-transport-capping-stack\/\">\n                <div class=\"bild\">\n            <img decoding=\"async\" width=\"624\" height=\"294\" data-src=\"https:\/\/lume.ch\/wp-content\/uploads\/2023\/12\/Transportrahmen-2.png\" class=\"attachment-large size-large wp-post-image lazyload\" alt=\"\" data-srcset=\"https:\/\/lume.ch\/wp-content\/uploads\/2023\/12\/Transportrahmen-2.png 624w, https:\/\/lume.ch\/wp-content\/uploads\/2023\/12\/Transportrahmen-2-400x188.png 400w\" data-sizes=\"(max-width: 624px) 100vw, 624px\" src=\"data:image\/svg+xml;base64,PHN2ZyB3aWR0aD0iMSIgaGVpZ2h0PSIxIiB4bWxucz0iaHR0cDovL3d3dy53My5vcmcvMjAwMC9zdmciPjwvc3ZnPg==\" style=\"--smush-placeholder-width: 624px; --smush-placeholder-aspect-ratio: 624\/294;\" \/>            <span class=\"overlay\"><\/span>\n        <\/div>\n        \n\n        <div class=\"kategorie\">Construction m\u00e9tallique industrielle<\/div>         \n        <div class=\"uebertitel mt-20\">Transport + Logistique&nbsp;<\/div>\n        \n        <div class=\"inner\">\n            <h2 class=\"d5\">Cadre de transport \u00ab\u00a0Capping Stack\u00a0\u00bb<\/h2>\n\n            <div class=\"teaser-inhalt\">Notre cadre de transport stable garantit une utilisation fiable des piles de capping.&nbsp;<\/div>\n        <\/div>\n\n        <div class=\"teaser-cta transition\">Vers la description du projet<\/div>\n    <\/a> \n<\/div>\n\n                <\/div>\n\n                \n                <div class=\"swiper-slide\">\n                    \n<div class=\"block-teaser bild-text standard-link\">\n    <a class=\"teaser\" href=\"https:\/\/lume.ch\/fr\/reference\/conteneur-dazote-pour-le-transport-et-le-stockage-a-long-terme-darbres-de-generateurs\/\">\n                <div class=\"bild\">\n            <img decoding=\"async\" width=\"710\" height=\"347\" data-src=\"https:\/\/lume.ch\/wp-content\/uploads\/2023\/12\/Stickstoff-Container-1.jpg\" class=\"attachment-large size-large wp-post-image lazyload\" alt=\"\" data-srcset=\"https:\/\/lume.ch\/wp-content\/uploads\/2023\/12\/Stickstoff-Container-1.jpg 710w, https:\/\/lume.ch\/wp-content\/uploads\/2023\/12\/Stickstoff-Container-1-400x195.jpg 400w\" data-sizes=\"(max-width: 710px) 100vw, 710px\" src=\"data:image\/svg+xml;base64,PHN2ZyB3aWR0aD0iMSIgaGVpZ2h0PSIxIiB4bWxucz0iaHR0cDovL3d3dy53My5vcmcvMjAwMC9zdmciPjwvc3ZnPg==\" style=\"--smush-placeholder-width: 710px; --smush-placeholder-aspect-ratio: 710\/347;\" \/>            <span class=\"overlay\"><\/span>\n        <\/div>\n        \n\n        <div class=\"kategorie\">Construction m\u00e9tallique industrielle<\/div>         \n        <div class=\"uebertitel mt-20\">Transport + Logistique&nbsp;<\/div>\n        \n        <div class=\"inner\">\n            <h2 class=\"d5\">Conteneur d&rsquo;azote pour le transport et le stockage \u00e0 long terme d&rsquo;arbres de g\u00e9n\u00e9rateurs<\/h2>\n\n            <div class=\"teaser-inhalt\">Nos conteneurs d&rsquo;azote sont la solution id\u00e9ale pour le transport s\u00e9curis\u00e9 et le stockage \u00e0 long terme des arbres de g\u00e9n\u00e9rateurs.  &nbsp;<\/div>\n        <\/div>\n\n        <div class=\"teaser-cta transition\">Vers la description du projet<\/div>\n    <\/a> \n<\/div>\n\n                <\/div>\n\n                \n                <div class=\"swiper-slide\">\n                    \n<div class=\"block-teaser bild-text standard-link\">\n    <a class=\"teaser\" href=\"https:\/\/lume.ch\/fr\/reference\/transport-chariot-de-montage\/\">\n                <div class=\"bild\">\n            <img decoding=\"async\" width=\"1024\" height=\"573\" data-src=\"https:\/\/lume.ch\/wp-content\/uploads\/2023\/12\/Transportwagen-1.jpg\" class=\"attachment-large size-large wp-post-image lazyload\" alt=\"\" data-srcset=\"https:\/\/lume.ch\/wp-content\/uploads\/2023\/12\/Transportwagen-1.jpg 1081w, https:\/\/lume.ch\/wp-content\/uploads\/2023\/12\/Transportwagen-1-400x224.jpg 400w\" data-sizes=\"(max-width: 1024px) 100vw, 1024px\" src=\"data:image\/svg+xml;base64,PHN2ZyB3aWR0aD0iMSIgaGVpZ2h0PSIxIiB4bWxucz0iaHR0cDovL3d3dy53My5vcmcvMjAwMC9zdmciPjwvc3ZnPg==\" style=\"--smush-placeholder-width: 1024px; --smush-placeholder-aspect-ratio: 1024\/573;\" \/>            <span class=\"overlay\"><\/span>\n        <\/div>\n        \n\n        <div class=\"kategorie\">Construction m\u00e9tallique industrielle<\/div>         \n        <div class=\"uebertitel mt-20\">Transport + Logistique&nbsp;<\/div>\n        \n        <div class=\"inner\">\n            <h2 class=\"d5\">Transport &#8211; Chariot de montage<\/h2>\n\n            <div class=\"teaser-inhalt\">Nos chariots de transport et de montage fiables offrent la solution id\u00e9ale pour des op\u00e9rations efficaces.  &nbsp;<\/div>\n        <\/div>\n\n        <div class=\"teaser-cta transition\">Vers la description du projet<\/div>\n    <\/a> \n<\/div>\n\n                <\/div>\n\n                            <\/div>\n            <div class=\"swiper-pagination\"><\/div>\n            <div class=\"swiper-navigation\">\n                <div class=\"swiper-button-prev\"><\/div>\n                <div class=\"swiper-button-next\"><\/div>\n            <\/div>\n        <\/div>\n    \n    <\/div>\n<\/div>\n<div  class=\"block block-personen bg-dunkelgrau pt-gross pb-gross\">\n    <div class=\"main-container\">\n\n        <h2 class=\"d3\">Vos contacts<\/h2>\n    \n    \n\n           \n            <p>Vous avez besoin d&rsquo;un conseil ou vous avez un projet ?<\/p>\n\n<div class=\"person mt-klein mb-50\">\n\n    <div class=\"person-bild\">\n                <div class=\"person-bild-inner\">\n            <img decoding=\"async\" width=\"890\" height=\"660\" data-src=\"https:\/\/lume.ch\/wp-content\/uploads\/2023\/09\/Staubli-Gregor5_DSC06531-890x660.jpg\" class=\"attachment-person size-person wp-post-image lazyload\" alt=\"LM AG Industriestahlbau Absauganlagen Gregor Staubli\" src=\"data:image\/svg+xml;base64,PHN2ZyB3aWR0aD0iMSIgaGVpZ2h0PSIxIiB4bWxucz0iaHR0cDovL3d3dy53My5vcmcvMjAwMC9zdmciPjwvc3ZnPg==\" style=\"--smush-placeholder-width: 890px; --smush-placeholder-aspect-ratio: 890\/660;\" \/>        <\/div>\n            <\/div>\n\n    <div class=\"person-inhalt\">\n                <h3 class=\"d4 color-orange\">Gregor Staubli<\/h3>\n                \n                  <p class=\"d6 mb-0 base-font-size\"><strong>Vente | Direction<\/strong><\/p>\n        \n                  <p>Directeur des ventes | Membre de la direction<\/p>\n        \n        <div class=\"links standard-link\">\n                          <p><a href=\"mailto:gregor.staubli@lume.ch\"><span class=\"mail\"><\/span> gregor.staubli@lume.ch<\/a><\/p>\n            \n                          <p><a href=\"tel:+41763631229\"><span class=\"tel\"><\/span> +41 76 363 12 29<\/a><\/p>\n            \n                          <p><a href=\"https:\/\/www.linkedin.com\/in\/gregor-staubli-12b17052\/\" target=\"_blank\" rel=\"nofollow noopener\"><span class=\"linkedin\"><\/span> Profil LinkedIn<\/a><\/p>\n                    <\/div>\n    <\/div>\n<\/div>\n\n  \n    <\/div>\n<\/div>\n<div  class=\"block block-teaser bg-weiss pt-mittel pb-mittel bild-text\">\n  <div class=\"main-container\">\n    \n        <div class=\"teaser-row\">\n      \n                          <a class=\"teaser\" href=\"https:\/\/lume.ch\/leistungen-2\/#acc-1\" target=\"_self\">\n            \n              <div class=\"bild\"><img decoding=\"async\" width=\"1110\" height=\"420\" data-src=\"https:\/\/lume.ch\/wp-content\/uploads\/2023\/11\/Engineering-Konstruktion-1110x420.jpg\" class=\"attachment-teaser-big size-teaser-big lazyload\" alt=\"L+M AG Industriestahlbau Absauganlagen Engineering Konstruktion\" src=\"data:image\/svg+xml;base64,PHN2ZyB3aWR0aD0iMSIgaGVpZ2h0PSIxIiB4bWxucz0iaHR0cDovL3d3dy53My5vcmcvMjAwMC9zdmciPjwvc3ZnPg==\" style=\"--smush-placeholder-width: 1110px; --smush-placeholder-aspect-ratio: 1110\/420;\" \/><span class=\"overlay\"><\/span><\/div>\n                              <div class=\"uebertitel\">Ing\u00e9nierie + construction<\/div>\n              \n              \n              <div class=\"inner\">\n                                                      <h2 class=\"d5\">Conseil pour des solutions individuelles<\/h2>\n                                  \n                                  <div class=\"teaser-inhalt\">La qualit\u00e9 sur mesure et selon vos besoins.<\/div>\n                              <\/div>\n\n                            <div class=\"teaser-cta transition\">Ing\u00e9nierie + construction<\/div>\n          <\/a>\n                  \n                        <a class=\"teaser\" href=\"https:\/\/lume.ch\/fr\/prestations\/#acc-10\" target=\"_self\">\n            \n              <div class=\"bild\"><img decoding=\"async\" width=\"500\" height=\"354\" data-src=\"https:\/\/lume.ch\/wp-content\/uploads\/2023\/11\/ISO-9001-Zertifizierung.jpg\" class=\"attachment-teaser-big size-teaser-big lazyload\" alt=\"L+M AG Fakten Historie ISO 9001 Zertifizierung\" data-srcset=\"https:\/\/lume.ch\/wp-content\/uploads\/2023\/11\/ISO-9001-Zertifizierung.jpg 500w, https:\/\/lume.ch\/wp-content\/uploads\/2023\/11\/ISO-9001-Zertifizierung-400x283.jpg 400w\" data-sizes=\"(max-width: 500px) 100vw, 500px\" src=\"data:image\/svg+xml;base64,PHN2ZyB3aWR0aD0iMSIgaGVpZ2h0PSIxIiB4bWxucz0iaHR0cDovL3d3dy53My5vcmcvMjAwMC9zdmciPjwvc3ZnPg==\" style=\"--smush-placeholder-width: 500px; --smush-placeholder-aspect-ratio: 500\/354;\" \/><span class=\"overlay\"><\/span><\/div>\n                              <div class=\"uebertitel\">Assurance qualit\u00e9<\/div>\n              \n              \n              <div class=\"inner\">\n                                                      <h2 class=\"d5\">Test, mesure + certification<\/h2>\n                                  \n                                  <div class=\"teaser-inhalt\">Nos produits sont fabriqu\u00e9s et test\u00e9s selon les technologies et les normes les plus r\u00e9centes.<\/div>\n                              <\/div>\n\n                            <div class=\"teaser-cta transition\">  Gestion de la qualit\u00e9<\/div>\n          <\/a>\n                  \n              <\/div>\n  <\/div>\n<\/div>\n","protected":false},"excerpt":{"rendered":"","protected":false},"author":4,"featured_media":0,"parent":13820,"menu_order":0,"comment_status":"closed","ping_status":"closed","template":"tpl-front-page.php","meta":{"_acf_changed":false,"footnotes":""},"class_list":["post-13846","page","type-page","status-publish","hentry"],"acf":[],"_links":{"self":[{"href":"https:\/\/lume.ch\/fr\/wp-json\/wp\/v2\/pages\/13846","targetHints":{"allow":["GET"]}}],"collection":[{"href":"https:\/\/lume.ch\/fr\/wp-json\/wp\/v2\/pages"}],"about":[{"href":"https:\/\/lume.ch\/fr\/wp-json\/wp\/v2\/types\/page"}],"author":[{"embeddable":true,"href":"https:\/\/lume.ch\/fr\/wp-json\/wp\/v2\/users\/4"}],"replies":[{"embeddable":true,"href":"https:\/\/lume.ch\/fr\/wp-json\/wp\/v2\/comments?post=13846"}],"version-history":[{"count":2,"href":"https:\/\/lume.ch\/fr\/wp-json\/wp\/v2\/pages\/13846\/revisions"}],"predecessor-version":[{"id":14106,"href":"https:\/\/lume.ch\/fr\/wp-json\/wp\/v2\/pages\/13846\/revisions\/14106"}],"up":[{"embeddable":true,"href":"https:\/\/lume.ch\/fr\/wp-json\/wp\/v2\/pages\/13820"}],"wp:attachment":[{"href":"https:\/\/lume.ch\/fr\/wp-json\/wp\/v2\/media?parent=13846"}],"curies":[{"name":"wp","href":"https:\/\/api.w.org\/{rel}","templated":true}]}}