{"id":13830,"date":"2023-11-01T10:16:00","date_gmt":"2023-11-01T09:16:00","guid":{"rendered":"https:\/\/lume.ch\/?page_id=13830"},"modified":"2024-08-22T10:06:45","modified_gmt":"2024-08-22T08:06:45","slug":"plastique","status":"publish","type":"page","link":"https:\/\/lume.ch\/fr\/installations-daspiration\/des-concepts-et-des-solutions-intelligents-pour-votre-secteursolutionsdes-concepts-et-des-solutions-intelligents-pour-votre-secteur\/plastique\/","title":{"rendered":"Plastique"},"content":{"rendered":"\n<div  class=\"block block-header pb-klein header-text\">\n\n            <div class=\"main-container container-padding-top pb-mittel has-breadcrumb has-icon\"> \n          \n            <div class=\"content-container\">\n            <div class=\"icon\"><img decoding=\"async\" width=\"100\" height=\"100\" data-src=\"https:\/\/lume.ch\/wp-content\/uploads\/2023\/11\/branche-kunststoff-orange.svg\" class=\"attachment-full size-full lazyload\" alt=\"\" src=\"data:image\/svg+xml;base64,PHN2ZyB3aWR0aD0iMSIgaGVpZ2h0PSIxIiB4bWxucz0iaHR0cDovL3d3dy53My5vcmcvMjAwMC9zdmciPjwvc3ZnPg==\" style=\"--smush-placeholder-width: 100px; --smush-placeholder-aspect-ratio: 100\/100;\" \/><\/div>\n                                <div class=\"d5 color-anthrazit uebertitel\">Installations d&rsquo;aspiration<\/div>\n                \n                                <h1 class=\"d1 color-orange\">Solutions pour le secteur du plastique<\/h1>\n                 \n                                <div class=\"lead-font-size\"><p>Les plastiques sont pr\u00e9sents dans la production industrielle sous diff\u00e9rentes formes telles que les poussi\u00e8res, les copeaux ou les vapeurs.<br \/>\nLe plastique est un mat\u00e9riau qui subit diff\u00e9rents processus au cours de sa fabrication. <\/p>\n<\/div>\n                            <\/div>\n        <\/div>\n    <\/div>\n<div  class=\"block block-content bg-weiss pb-gross\">\n    <div class=\"main-container\">\n        <div class=\"content-container\">\n\n            \n\n\n    <p>Les poudres ou granul\u00e9s de plastique sont chauff\u00e9s, extrud\u00e9s, expans\u00e9s, inject\u00e9s &#8211; mais aussi ponc\u00e9s, frais\u00e9s ou sci\u00e9s.<br \/>\nLes installations d&rsquo;aspiration de L+M AG sont parfaitement con\u00e7ues pour l&rsquo;aspiration des poussi\u00e8res de plastique.<br \/>\nElles sont utilis\u00e9es avec pr\u00e9cision, de mani\u00e8re \u00e0 garantir une aspiration efficace \u00e0 l&rsquo;endroit o\u00f9 la poussi\u00e8re est g\u00e9n\u00e9r\u00e9e.<br \/>\nPour un air propre, afin de prot\u00e9ger les personnes, les marchandises et les machines.     &nbsp;<\/p>\n<h2>Votre valeur ajout\u00e9e pour le secteur du plastique en un coup d&rsquo;\u0153il<\/h2>\n<ul>\n<li style=\"font-weight: 400;\" aria-level=\"1\"><span style=\"font-weight: 400;\">Pour l&rsquo;aspiration de poussi\u00e8res s\u00e8ches et coulantes<\/span><\/li>\n<li style=\"font-weight: 400;\" aria-level=\"1\"><span style=\"font-weight: 400;\">Surfaces de filtration et charges de filtration variables<\/span><\/li>\n<li style=\"font-weight: 400;\" aria-level=\"1\"><span style=\"font-weight: 400;\">utilisation de <a href=\"https:\/\/lume.ch\/absauganlagen-filteranlagen\/ersatzteile-und-zubehoer\/filterelemente\/\">mat\u00e9riaux filtrants<\/a> adapt\u00e9s \u00e0 l&rsquo;utilisateur (par exemple, antistatiques, hydrofuges et ol\u00e9ofuges)<\/span><\/li>\n<li style=\"font-weight: 400;\" aria-level=\"1\"><span style=\"font-weight: 400;\">Nettoyage pneumatique des filtres<\/span><\/li>\n<li style=\"font-weight: 400;\" aria-level=\"1\"><span style=\"font-weight: 400;\">Facile \u00e0 utiliser et \u00e0 entretenir<\/span><\/li>\n<li style=\"font-weight: 400;\" aria-level=\"1\"><span style=\"font-weight: 400;\">Possibilit\u00e9 de <a href=\"https:\/\/lume.ch\/referenz\/absaugen-von-gfkschleifstaub\/\">versions sp\u00e9ciales<\/a> <\/span><\/li>\n<\/ul>\n\n    \n    \n\n        <\/div>\n    <\/div>\n<\/div>\n<div  class=\"block block-teaser bg-hellgrau pt-mittel pb-mittel produkt\">\n  <div class=\"main-container\">\n          <div class=\"content-container\">\n                  <h2 class=\"d3\">Syst\u00e8mes d&rsquo;aspiration pour l&rsquo;industrie du plastique<\/h2>\n        \n              <\/div>\n    \n        <div class=\"swiper-mobile\">\n            <div class=\"teaser-row swiper-wrapper\">\n        \n                        <div class=\"swiper-slide\">\n                    <a class=\"teaser\" href=\"https:\/\/lume.ch\/absauganlagen-filteranlagen\/absauganlagen-filteranlagen\/absauganlage-ecocell\/\" target=\"_self\">\n            \n              <div class=\"bild\"><img decoding=\"async\" width=\"300\" height=\"400\" data-src=\"https:\/\/lume.ch\/wp-content\/uploads\/2023\/11\/EcoCell_grau_CMY-300x400.png\" class=\"attachment-medium size-medium lazyload\" alt=\"L+M AG Absauganlage EcoCell\" data-srcset=\"https:\/\/lume.ch\/wp-content\/uploads\/2023\/11\/EcoCell_grau_CMY-300x400.png 300w, https:\/\/lume.ch\/wp-content\/uploads\/2023\/11\/EcoCell_grau_CMY.png 433w\" data-sizes=\"(max-width: 300px) 100vw, 300px\" src=\"data:image\/svg+xml;base64,PHN2ZyB3aWR0aD0iMSIgaGVpZ2h0PSIxIiB4bWxucz0iaHR0cDovL3d3dy53My5vcmcvMjAwMC9zdmciPjwvc3ZnPg==\" style=\"--smush-placeholder-width: 300px; --smush-placeholder-aspect-ratio: 300\/400;\" \/><span class=\"overlay\"><\/span><\/div>\n              \n                              <div class=\"kategorie\">Syst\u00e8mes d&rsquo;aspiration et de filtration<\/div>\n              \n              <div class=\"inner\">\n                                                      <h3 class=\"d5\">EcoCell<\/h3>\n                                  \n                                  <div class=\"teaser-inhalt\">Pour les aspirations individuelles ou multiples jusqu&rsquo;\u00e0 3&rsquo;000 m\u00b3\/h  <\/div>\n                              <\/div>\n\n                            <div class=\"teaser-cta transition\"><\/div>\n          <\/a>\n                        <\/div>\n      \n                      <div class=\"swiper-slide\">\n                    <a class=\"teaser\" href=\"https:\/\/lume.ch\/absauganlagen-filteranlagen\/absauganlagen-filteranlagen\/absauganlage-variocell\/\" target=\"_self\">\n            \n              <div class=\"bild\"><img decoding=\"async\" width=\"267\" height=\"400\" data-src=\"https:\/\/lume.ch\/wp-content\/uploads\/2023\/11\/VarioCell_CMYK-267x400.png\" class=\"attachment-medium size-medium lazyload\" alt=\"L+M AG Absauganlage VarioCell\" data-srcset=\"https:\/\/lume.ch\/wp-content\/uploads\/2023\/11\/VarioCell_CMYK-267x400.png 267w, https:\/\/lume.ch\/wp-content\/uploads\/2023\/11\/VarioCell_CMYK.png 408w\" data-sizes=\"(max-width: 267px) 100vw, 267px\" src=\"data:image\/svg+xml;base64,PHN2ZyB3aWR0aD0iMSIgaGVpZ2h0PSIxIiB4bWxucz0iaHR0cDovL3d3dy53My5vcmcvMjAwMC9zdmciPjwvc3ZnPg==\" style=\"--smush-placeholder-width: 267px; --smush-placeholder-aspect-ratio: 267\/400;\" \/><span class=\"overlay\"><\/span><\/div>\n              \n                              <div class=\"kategorie\">Syst\u00e8mes d&rsquo;aspiration et de filtration<\/div>\n              \n              <div class=\"inner\">\n                                                      <h3 class=\"d5\">VarioCell<\/h3>\n                                  \n                                  <div class=\"teaser-inhalt\">Convient comme solution d&rsquo;aspiration centralis\u00e9e pour les grands volumes d&rsquo;air &gt; 100&rsquo;000 m\u00b3\/h  <\/div>\n                              <\/div>\n\n                            <div class=\"teaser-cta transition\"><\/div>\n          <\/a>\n                        <\/div>\n      \n                      <div class=\"swiper-slide\">\n                    <a class=\"teaser\" href=\"https:\/\/lume.ch\/absauganlagen-filteranlagen\/mobile-absauggeraete\/\" target=\"_self\">\n            \n              <div class=\"bild\"><img decoding=\"async\" width=\"400\" height=\"398\" data-src=\"https:\/\/lume.ch\/wp-content\/uploads\/2023\/11\/bf-serie-1024x1020-1-400x398.png\" class=\"attachment-medium size-medium lazyload\" alt=\"TBH BF-Serie\" data-srcset=\"https:\/\/lume.ch\/wp-content\/uploads\/2023\/11\/bf-serie-1024x1020-1-400x398.png 400w, https:\/\/lume.ch\/wp-content\/uploads\/2023\/11\/bf-serie-1024x1020-1-150x150.png 150w, https:\/\/lume.ch\/wp-content\/uploads\/2023\/11\/bf-serie-1024x1020-1.png 1024w\" data-sizes=\"(max-width: 400px) 100vw, 400px\" src=\"data:image\/svg+xml;base64,PHN2ZyB3aWR0aD0iMSIgaGVpZ2h0PSIxIiB4bWxucz0iaHR0cDovL3d3dy53My5vcmcvMjAwMC9zdmciPjwvc3ZnPg==\" style=\"--smush-placeholder-width: 400px; --smush-placeholder-aspect-ratio: 400\/398;\" \/><span class=\"overlay\"><\/span><\/div>\n              \n                              <div class=\"kategorie\">Appareils d&rsquo;aspiration mobiles<\/div>\n              \n              <div class=\"inner\">\n                                                      <h3 class=\"d5\">Appareils d&rsquo;aspiration TBH<\/h3>\n                                  \n                                  <div class=\"teaser-inhalt\">Mobile et stationnaire pour filtrer l&rsquo;air contenant des polluants.<\/div>\n                              <\/div>\n\n                            <div class=\"teaser-cta transition\"><\/div>\n          <\/a>\n                        <\/div>\n      \n                <\/div><!-- \/.swiper-wrapper -->\n    <div class=\"swiper-pagination\"><\/div>\n    <\/div>\n  <\/div>\n<\/div>\n\n<div  class=\"block block-referenz-slider bg-weiss pt-mittel pb-mittel\">\n    <div class=\"main-container pos-rel\">\n\n                <div class=\"content-container\">\n                            <h2 class=\"d3\">Des mises en \u0153uvre r\u00e9ussies<\/h2>\n            \n                    <\/div>\n         \n\n                <div class=\"swiper-referenz pos-rel\">\n            <div class=\"swiper-wrapper\">\n                                \n                <div class=\"swiper-slide\">\n                    \n<div class=\"block-teaser bild-text standard-link\">\n    <a class=\"teaser\" href=\"https:\/\/lume.ch\/fr\/reference\/aspiration-de-poussieres-de-caoutchouc\/\">\n                <div class=\"bild\">\n            <img decoding=\"async\" width=\"1024\" height=\"764\" data-src=\"https:\/\/lume.ch\/wp-content\/uploads\/2023\/11\/Absauganlage-Kunststoff-VarioCell-4\u00d712.96-S.jpg\" class=\"attachment-large size-large wp-post-image lazyload\" alt=\"\" data-srcset=\"https:\/\/lume.ch\/wp-content\/uploads\/2023\/11\/Absauganlage-Kunststoff-VarioCell-4\u00d712.96-S.jpg 1873w, https:\/\/lume.ch\/wp-content\/uploads\/2023\/11\/Absauganlage-Kunststoff-VarioCell-4\u00d712.96-S-400x298.jpg 400w\" data-sizes=\"(max-width: 1024px) 100vw, 1024px\" src=\"data:image\/svg+xml;base64,PHN2ZyB3aWR0aD0iMSIgaGVpZ2h0PSIxIiB4bWxucz0iaHR0cDovL3d3dy53My5vcmcvMjAwMC9zdmciPjwvc3ZnPg==\" style=\"--smush-placeholder-width: 1024px; --smush-placeholder-aspect-ratio: 1024\/764;\" \/>            <span class=\"overlay\"><\/span>\n        <\/div>\n        \n\n        <div class=\"kategorie\">Installations d\u2019aspiration<\/div>         \n        <div class=\"uebertitel mt-20\">Plastique&nbsp;<\/div>\n        \n        <div class=\"inner\">\n            <h2 class=\"d5\">Aspiration de poussi\u00e8res de caoutchouc<\/h2>\n\n            <div class=\"teaser-inhalt\">Aspiration de poussi\u00e8res de caoutchouc&nbsp;<\/div>\n        <\/div>\n\n        <div class=\"teaser-cta transition\">Vers la description du projet<\/div>\n    <\/a> \n<\/div>\n\n                <\/div>\n\n                \n                <div class=\"swiper-slide\">\n                    \n<div class=\"block-teaser bild-text standard-link\">\n    <a class=\"teaser\" href=\"https:\/\/lume.ch\/fr\/reference\/aspiration-de-la-poussiere-de-poncage-du-prv\/\">\n                <div class=\"bild\">\n            <img decoding=\"async\" width=\"1024\" height=\"771\" data-src=\"https:\/\/lume.ch\/wp-content\/uploads\/2023\/11\/Absauganlage-Kunststoff-VarioCell-2x10.80-C.jpg\" class=\"attachment-large size-large wp-post-image lazyload\" alt=\"\" data-srcset=\"https:\/\/lume.ch\/wp-content\/uploads\/2023\/11\/Absauganlage-Kunststoff-VarioCell-2x10.80-C.jpg 1353w, https:\/\/lume.ch\/wp-content\/uploads\/2023\/11\/Absauganlage-Kunststoff-VarioCell-2x10.80-C-400x301.jpg 400w\" data-sizes=\"(max-width: 1024px) 100vw, 1024px\" src=\"data:image\/svg+xml;base64,PHN2ZyB3aWR0aD0iMSIgaGVpZ2h0PSIxIiB4bWxucz0iaHR0cDovL3d3dy53My5vcmcvMjAwMC9zdmciPjwvc3ZnPg==\" style=\"--smush-placeholder-width: 1024px; --smush-placeholder-aspect-ratio: 1024\/771;\" \/>            <span class=\"overlay\"><\/span>\n        <\/div>\n        \n\n        <div class=\"kategorie\">Installations d\u2019aspiration<\/div>         \n        <div class=\"uebertitel mt-20\">Plastique&nbsp;<\/div>\n        \n        <div class=\"inner\">\n            <h2 class=\"d5\">Aspiration de la poussi\u00e8re de pon\u00e7age du PRV<\/h2>\n\n            <div class=\"teaser-inhalt\">Aspirer la poussi\u00e8re de pon\u00e7age du PRV&nbsp;<\/div>\n        <\/div>\n\n        <div class=\"teaser-cta transition\">Vers la description du projet<\/div>\n    <\/a> \n<\/div>\n\n                <\/div>\n\n                \n                <div class=\"swiper-slide\">\n                    \n<div class=\"block-teaser bild-text standard-link\">\n    <a class=\"teaser\" href=\"https:\/\/lume.ch\/fr\/reference\/aspiration-de-la-fumee-laser\/\">\n                <div class=\"bild\">\n            <img decoding=\"async\" width=\"1024\" height=\"555\" data-src=\"https:\/\/lume.ch\/wp-content\/uploads\/2023\/11\/Brillenglaeser.png\" class=\"attachment-large size-large wp-post-image lazyload\" alt=\"\" data-srcset=\"https:\/\/lume.ch\/wp-content\/uploads\/2023\/11\/Brillenglaeser.png 1444w, https:\/\/lume.ch\/wp-content\/uploads\/2023\/11\/Brillenglaeser-400x217.png?theia_smart_thumbnails_file_version=2 400w\" data-sizes=\"(max-width: 1024px) 100vw, 1024px\" src=\"data:image\/svg+xml;base64,PHN2ZyB3aWR0aD0iMSIgaGVpZ2h0PSIxIiB4bWxucz0iaHR0cDovL3d3dy53My5vcmcvMjAwMC9zdmciPjwvc3ZnPg==\" style=\"--smush-placeholder-width: 1024px; --smush-placeholder-aspect-ratio: 1024\/555;\" \/>            <span class=\"overlay\"><\/span>\n        <\/div>\n        \n\n        <div class=\"kategorie\">Installations d\u2019aspiration<\/div>         \n        <div class=\"uebertitel mt-20\">Plastique&nbsp;<\/div>\n        \n        <div class=\"inner\">\n            <h2 class=\"d5\">Aspiration de la fum\u00e9e laser<\/h2>\n\n            <div class=\"teaser-inhalt\">Au cours du processus de fabrication, les verres des lunettes sont d\u00e9coup\u00e9s dans une plaque de plastique sp\u00e9ciale \u00e0 l&rsquo;aide d&rsquo;une machine de d\u00e9coupe laser.&nbsp;<\/div>\n        <\/div>\n\n        <div class=\"teaser-cta transition\">Vers la description du projet<\/div>\n    <\/a> \n<\/div>\n\n                <\/div>\n\n                            <\/div>\n            <div class=\"swiper-pagination\"><\/div>\n            <div class=\"swiper-navigation\">\n                <div class=\"swiper-button-prev\"><\/div>\n                <div class=\"swiper-button-next\"><\/div>\n            <\/div>\n        <\/div>\n    \n    <\/div>\n<\/div>\n<div  class=\"block block-personen bg-dunkelgrau pt-gross pb-gross\">\n    <div class=\"main-container\">\n\n        <h2 class=\"d3\">Vos contacts<\/h2>\n    \n    \n\n           \n            <p>Vous avez besoin d&rsquo;un conseil ou vous avez un projet ?  &nbsp;<\/p>\n\n<div class=\"person mt-klein mb-50\">\n\n    <div class=\"person-bild\">\n                <div class=\"person-bild-inner\">\n            <img decoding=\"async\" width=\"890\" height=\"660\" data-src=\"https:\/\/lume.ch\/wp-content\/uploads\/2023\/09\/Staubli-Gregor5_DSC06531-890x660.jpg\" class=\"attachment-person size-person wp-post-image lazyload\" alt=\"LM AG Industriestahlbau Absauganlagen Gregor Staubli\" src=\"data:image\/svg+xml;base64,PHN2ZyB3aWR0aD0iMSIgaGVpZ2h0PSIxIiB4bWxucz0iaHR0cDovL3d3dy53My5vcmcvMjAwMC9zdmciPjwvc3ZnPg==\" style=\"--smush-placeholder-width: 890px; --smush-placeholder-aspect-ratio: 890\/660;\" \/>        <\/div>\n            <\/div>\n\n    <div class=\"person-inhalt\">\n                <h3 class=\"d4 color-orange\">Gregor Staubli<\/h3>\n                \n                  <p class=\"d6 mb-0 base-font-size\"><strong>Vente | Direction<\/strong><\/p>\n        \n                  <p>Directeur des ventes | Membre de la direction<\/p>\n        \n        <div class=\"links standard-link\">\n                          <p><a href=\"mailto:gregor.staubli@lume.ch\"><span class=\"mail\"><\/span> gregor.staubli@lume.ch<\/a><\/p>\n            \n                          <p><a href=\"tel:+41763631229\"><span class=\"tel\"><\/span> +41 76 363 12 29<\/a><\/p>\n            \n                          <p><a href=\"https:\/\/www.linkedin.com\/in\/gregor-staubli-12b17052\/\" target=\"_blank\" rel=\"nofollow noopener\"><span class=\"linkedin\"><\/span> Profil LinkedIn<\/a><\/p>\n                    <\/div>\n    <\/div>\n<\/div>\n\n  \n<div class=\"person mt-klein mb-50\">\n\n    <div class=\"person-bild\">\n                <div class=\"person-bild-inner\">\n            <img decoding=\"async\" width=\"890\" height=\"660\" data-src=\"https:\/\/lume.ch\/wp-content\/uploads\/2023\/11\/Shipman-Roy_F_DSC06646-890x660.png\" class=\"attachment-person size-person wp-post-image lazyload\" alt=\"LM AG Industriestahlbau Absauganlagen\" src=\"data:image\/svg+xml;base64,PHN2ZyB3aWR0aD0iMSIgaGVpZ2h0PSIxIiB4bWxucz0iaHR0cDovL3d3dy53My5vcmcvMjAwMC9zdmciPjwvc3ZnPg==\" style=\"--smush-placeholder-width: 890px; --smush-placeholder-aspect-ratio: 890\/660;\" \/>        <\/div>\n            <\/div>\n\n    <div class=\"person-inhalt\">\n                <h3 class=\"d4 color-orange\">Roy Shipman<\/h3>\n                \n                  <p class=\"d6 mb-0 base-font-size\"><strong>Vente<\/strong><\/p>\n        \n                  <p>Vendeur r\u00e9gional | Chef de projet<\/p>\n        \n        <div class=\"links standard-link\">\n                          <p><a href=\"mailto:roy.shipman@lume.ch\"><span class=\"mail\"><\/span> roy.shipman@lume.ch<\/a><\/p>\n            \n                          <p><a href=\"tel:+41765564096\"><span class=\"tel\"><\/span> +41 76 556 40 96<\/a><\/p>\n            \n                    <\/div>\n    <\/div>\n<\/div>\n\n  \n    <\/div>\n<\/div>\n<div  class=\"block block-teaser bg-weiss pt-mittel pb-mittel bild-text\">\n  <div class=\"main-container\">\n    \n        <div class=\"teaser-row\">\n      \n                          <a class=\"teaser\" href=\"https:\/\/lume.ch\/leistungen-2\/#acc-2\" target=\"_self\">\n            \n              <div class=\"bild\"><img decoding=\"async\" width=\"1110\" height=\"420\" data-src=\"https:\/\/lume.ch\/wp-content\/uploads\/2023\/11\/Projektmanagement-1110x420.jpg\" class=\"attachment-teaser-big size-teaser-big lazyload\" alt=\"L+M AG Industriestahlbau Absauganlagen\" src=\"data:image\/svg+xml;base64,PHN2ZyB3aWR0aD0iMSIgaGVpZ2h0PSIxIiB4bWxucz0iaHR0cDovL3d3dy53My5vcmcvMjAwMC9zdmciPjwvc3ZnPg==\" style=\"--smush-placeholder-width: 1110px; --smush-placeholder-aspect-ratio: 1110\/420;\" \/><span class=\"overlay\"><\/span><\/div>\n                              <div class=\"uebertitel\">Gestion de projet<\/div>\n              \n              \n              <div class=\"inner\">\n                                                      <h2 class=\"d5\">Un savoir-faire d&rsquo;\u00e9gal \u00e0 \u00e9gal<\/h2>\n                                  \n                                  <div class=\"teaser-inhalt\">Nous vous accompagnons de A \u00e0 Z. Du d\u00e9veloppement de la solution, de la planification, de la construction jusqu&rsquo;au montage sur place.<\/div>\n                              <\/div>\n\n                            <div class=\"teaser-cta transition\">Gestion de projet<\/div>\n          <\/a>\n                  \n                        <a class=\"teaser\" href=\"https:\/\/lume.ch\/leistungen-2\/#acc-10\" target=\"_self\">\n            \n              <div class=\"bild\"><img decoding=\"async\" width=\"500\" height=\"354\" data-src=\"https:\/\/lume.ch\/wp-content\/uploads\/2023\/11\/ISO-9001-Zertifizierung.jpg\" class=\"attachment-teaser-big size-teaser-big lazyload\" alt=\"L+M AG Fakten Historie ISO 9001 Zertifizierung\" data-srcset=\"https:\/\/lume.ch\/wp-content\/uploads\/2023\/11\/ISO-9001-Zertifizierung.jpg 500w, https:\/\/lume.ch\/wp-content\/uploads\/2023\/11\/ISO-9001-Zertifizierung-400x283.jpg 400w\" data-sizes=\"(max-width: 500px) 100vw, 500px\" src=\"data:image\/svg+xml;base64,PHN2ZyB3aWR0aD0iMSIgaGVpZ2h0PSIxIiB4bWxucz0iaHR0cDovL3d3dy53My5vcmcvMjAwMC9zdmciPjwvc3ZnPg==\" style=\"--smush-placeholder-width: 500px; --smush-placeholder-aspect-ratio: 500\/354;\" \/><span class=\"overlay\"><\/span><\/div>\n                              <div class=\"uebertitel\">Assurance qualit\u00e9<\/div>\n              \n              \n              <div class=\"inner\">\n                                                      <h2 class=\"d5\">Test, mesure + certification<\/h2>\n                                  \n                                  <div class=\"teaser-inhalt\">Nos produits sont fabriqu\u00e9s et test\u00e9s selon les technologies et les normes les plus r\u00e9centes.<\/div>\n                              <\/div>\n\n                            <div class=\"teaser-cta transition\">Gestion de la qualit\u00e9<\/div>\n          <\/a>\n                  \n              <\/div>\n  <\/div>\n<\/div>\n","protected":false},"excerpt":{"rendered":"","protected":false},"author":1,"featured_media":0,"parent":13820,"menu_order":0,"comment_status":"closed","ping_status":"closed","template":"tpl-front-page.php","meta":{"_acf_changed":false,"footnotes":""},"class_list":["post-13830","page","type-page","status-publish","hentry"],"acf":[],"_links":{"self":[{"href":"https:\/\/lume.ch\/fr\/wp-json\/wp\/v2\/pages\/13830","targetHints":{"allow":["GET"]}}],"collection":[{"href":"https:\/\/lume.ch\/fr\/wp-json\/wp\/v2\/pages"}],"about":[{"href":"https:\/\/lume.ch\/fr\/wp-json\/wp\/v2\/types\/page"}],"author":[{"embeddable":true,"href":"https:\/\/lume.ch\/fr\/wp-json\/wp\/v2\/users\/1"}],"replies":[{"embeddable":true,"href":"https:\/\/lume.ch\/fr\/wp-json\/wp\/v2\/comments?post=13830"}],"version-history":[{"count":1,"href":"https:\/\/lume.ch\/fr\/wp-json\/wp\/v2\/pages\/13830\/revisions"}],"predecessor-version":[{"id":13831,"href":"https:\/\/lume.ch\/fr\/wp-json\/wp\/v2\/pages\/13830\/revisions\/13831"}],"up":[{"embeddable":true,"href":"https:\/\/lume.ch\/fr\/wp-json\/wp\/v2\/pages\/13820"}],"wp:attachment":[{"href":"https:\/\/lume.ch\/fr\/wp-json\/wp\/v2\/media?parent=13830"}],"curies":[{"name":"wp","href":"https:\/\/api.w.org\/{rel}","templated":true}]}}