{"id":13826,"date":"2023-11-27T14:24:06","date_gmt":"2023-11-27T13:24:06","guid":{"rendered":"https:\/\/lume.ch\/?page_id=13826"},"modified":"2024-08-22T09:55:57","modified_gmt":"2024-08-22T07:55:57","slug":"energie-environnement","status":"publish","type":"page","link":"https:\/\/lume.ch\/fr\/installations-daspiration\/des-concepts-et-des-solutions-intelligents-pour-votre-secteursolutionsdes-concepts-et-des-solutions-intelligents-pour-votre-secteur\/energie-environnement\/","title":{"rendered":"\u00c9nergie + Environnement"},"content":{"rendered":"\n<div  class=\"block block-header pb-klein header-text\">\n\n            <div class=\"main-container container-padding-top pb-mittel has-breadcrumb has-icon\"> \n          \n            <div class=\"content-container\">\n            <div class=\"icon\"><img decoding=\"async\" width=\"100\" height=\"100\" data-src=\"https:\/\/lume.ch\/wp-content\/uploads\/2023\/11\/branche-energie-umwelt-orange.svg\" class=\"attachment-full size-full lazyload\" alt=\"\" src=\"data:image\/svg+xml;base64,PHN2ZyB3aWR0aD0iMSIgaGVpZ2h0PSIxIiB4bWxucz0iaHR0cDovL3d3dy53My5vcmcvMjAwMC9zdmciPjwvc3ZnPg==\" style=\"--smush-placeholder-width: 100px; --smush-placeholder-aspect-ratio: 100\/100;\" \/><\/div>\n                                <div class=\"d5 color-anthrazit uebertitel\">Construction m\u00e9tallique industrielle<\/div>\n                \n                                <h1 class=\"d1 color-orange\">Solutions pour le secteur \u00e9nergie + environnement<\/h1>\n                 \n                                <div class=\"lead-font-size\"><p>Il n&rsquo;y a gu\u00e8re de secteur qui fa\u00e7onne autant notre pr\u00e9sent et notre avenir que celui-ci. Chez L+M AG, nous avons une longue tradition dans ce domaine. Depuis la cr\u00e9ation de l&rsquo;entreprise, nous travaillons en \u00e9troite collaboration avec les principales entreprises de ce secteur. Que ce soit dans des secteurs \u00e9tablis ou en plein essor, nous nous sentons \u00e0 l&rsquo;aise dans les deux et soutenons activement nos clients dans la r\u00e9alisation de leurs projets.<\/p>\n<\/div>\n                            <\/div>\n        <\/div>\n    <\/div>\n<div  class=\"block block-content bg-weiss pb-gross\">\n    <div class=\"main-container\">\n        <div class=\"content-container\">\n\n            \n\n\n    <h3>Partenaire dans la construction d&rsquo;installations et d&rsquo;appareils pour l&rsquo;\u00e9nergie et l&rsquo;environnement &#8211; Projets<\/h3>\n<ul>\n<li style=\"font-weight: 400;\" aria-level=\"1\"><a href=\"https:\/\/lume.ch\/kompetenzen-service\/\"><span style=\"font-weight: 400;\">Ing\u00e9nierie, construction, fabrication et logistique &#8211; tout d&rsquo;une seule source<\/span><\/a><\/li>\n<li style=\"font-weight: 400;\" aria-level=\"1\"><a href=\"https:\/\/lume.ch\/kompetenzen-service\/#engineering-konstruktion\"><span style=\"font-weight: 400;\">Calculs statiques<\/span><\/a><\/li>\n<li style=\"font-weight: 400;\" aria-level=\"1\"><span style=\"font-weight: 400;\">Production en Suisse + Slovaquie<\/span><\/li>\n<li style=\"font-weight: 400;\" aria-level=\"1\"><a href=\"https:\/\/lume.ch\/kompetenzen-service\/#acc-6\"><span style=\"font-weight: 400;\">Montage de modules<\/span><\/a><\/li>\n<li style=\"font-weight: 400;\" aria-level=\"1\"><a href=\"https:\/\/lume.ch\/kompetenzen-service\/#acc-3\"><span style=\"font-weight: 400;\">Fabrication \u00e0 fa\u00e7on<\/span><\/a><\/li>\n<li style=\"font-weight: 400;\" aria-level=\"1\"><span style=\"font-weight: 400;\">Service apr\u00e8s-vente pour tous nos produits<\/span><\/li>\n<li style=\"font-weight: 400;\" aria-level=\"1\"><span style=\"font-weight: 400;\">Longue exp\u00e9rience dans divers projets.  <\/span><\/li>\n<\/ul>\n\n    \n            <div class=\"button-group\">\n                   <a class=\"btn btn-full btn-arrow\" href=\"https:\/\/lume.ch\/industriestahlbau\/\" target=\"_self\">Solutions de construction m\u00e9tallique industrielle<\/a>\n                <\/div>\n    \n\n        <\/div>\n    <\/div>\n<\/div>\n<div  class=\"block block-referenz-slider bg-weiss pt-klein pb-mittel\">\n    <div class=\"main-container pos-rel\">\n\n                <div class=\"content-container\">\n                            <h2 class=\"d3\">Des mises en \u0153uvre r\u00e9ussies<\/h2>\n            \n                    <\/div>\n         \n\n                <div class=\"swiper-referenz pos-rel\">\n            <div class=\"swiper-wrapper\">\n                                \n                <div class=\"swiper-slide\">\n                    \n<div class=\"block-teaser bild-text standard-link\">\n    <a class=\"teaser\" href=\"https:\/\/lume.ch\/fr\/reference\/machines-de-coffrage\/\">\n                <div class=\"bild\">\n            <img decoding=\"async\" width=\"720\" height=\"404\" data-src=\"https:\/\/lume.ch\/wp-content\/uploads\/2023\/12\/Maschinen-Verschalungen-1.jpg\" class=\"attachment-large size-large wp-post-image lazyload\" alt=\"\" data-srcset=\"https:\/\/lume.ch\/wp-content\/uploads\/2023\/12\/Maschinen-Verschalungen-1.jpg 720w, https:\/\/lume.ch\/wp-content\/uploads\/2023\/12\/Maschinen-Verschalungen-1-400x224.jpg 400w\" data-sizes=\"(max-width: 720px) 100vw, 720px\" src=\"data:image\/svg+xml;base64,PHN2ZyB3aWR0aD0iMSIgaGVpZ2h0PSIxIiB4bWxucz0iaHR0cDovL3d3dy53My5vcmcvMjAwMC9zdmciPjwvc3ZnPg==\" style=\"--smush-placeholder-width: 720px; --smush-placeholder-aspect-ratio: 720\/404;\" \/>            <span class=\"overlay\"><\/span>\n        <\/div>\n        \n\n        <div class=\"kategorie\">Construction m\u00e9tallique industrielle<\/div>         \n        <div class=\"uebertitel mt-20\">\u00c9nergie + Environnement&nbsp;<\/div>\n        \n        <div class=\"inner\">\n            <h2 class=\"d5\">Machines de coffrage<\/h2>\n\n            <div class=\"teaser-inhalt\">Nos coffrages de machines robustes offrent une fiabilit\u00e9 maximale.&nbsp;<\/div>\n        <\/div>\n\n        <div class=\"teaser-cta transition\">Vers la description du projet<\/div>\n    <\/a> \n<\/div>\n\n                <\/div>\n\n                \n                <div class=\"swiper-slide\">\n                    \n<div class=\"block-teaser bild-text standard-link\">\n    <a class=\"teaser\" href=\"https:\/\/lume.ch\/fr\/reference\/tuyaux-sous-pression\/\">\n                <div class=\"bild\">\n            <img decoding=\"async\" width=\"616\" height=\"534\" data-src=\"https:\/\/lume.ch\/wp-content\/uploads\/2023\/12\/Druckrohre-1.png\" class=\"attachment-large size-large wp-post-image lazyload\" alt=\"\" data-srcset=\"https:\/\/lume.ch\/wp-content\/uploads\/2023\/12\/Druckrohre-1.png 616w, https:\/\/lume.ch\/wp-content\/uploads\/2023\/12\/Druckrohre-1-400x347.png 400w\" data-sizes=\"(max-width: 616px) 100vw, 616px\" src=\"data:image\/svg+xml;base64,PHN2ZyB3aWR0aD0iMSIgaGVpZ2h0PSIxIiB4bWxucz0iaHR0cDovL3d3dy53My5vcmcvMjAwMC9zdmciPjwvc3ZnPg==\" style=\"--smush-placeholder-width: 616px; --smush-placeholder-aspect-ratio: 616\/534;\" \/>            <span class=\"overlay\"><\/span>\n        <\/div>\n        \n\n        <div class=\"kategorie\">Construction m\u00e9tallique industrielle<\/div>         \n        <div class=\"uebertitel mt-20\">\u00c9nergie + Environnement&nbsp;<\/div>\n        \n        <div class=\"inner\">\n            <h2 class=\"d5\">Tuyaux sous pression<\/h2>\n\n            <div class=\"teaser-inhalt\">Les tubes de pression sont la solution pour de multiples applications et garantissent le transport de fluides en toute s\u00e9curit\u00e9.  &nbsp;<\/div>\n        <\/div>\n\n        <div class=\"teaser-cta transition\">Vers la description du projet<\/div>\n    <\/a> \n<\/div>\n\n                <\/div>\n\n                \n                <div class=\"swiper-slide\">\n                    \n<div class=\"block-teaser bild-text standard-link\">\n    <a class=\"teaser\" href=\"https:\/\/lume.ch\/fr\/reference\/ventilation-industrielle-application-gaz-chauds-et-haute-pression\/\">\n                <div class=\"bild\">\n            <img decoding=\"async\" width=\"691\" height=\"495\" data-src=\"https:\/\/lume.ch\/wp-content\/uploads\/2023\/12\/Industrie-Ventilation-Heissgas-und-Hochdruckanwendung-.jpg\" class=\"attachment-large size-large wp-post-image lazyload\" alt=\"\" data-srcset=\"https:\/\/lume.ch\/wp-content\/uploads\/2023\/12\/Industrie-Ventilation-Heissgas-und-Hochdruckanwendung-.jpg 691w, https:\/\/lume.ch\/wp-content\/uploads\/2023\/12\/Industrie-Ventilation-Heissgas-und-Hochdruckanwendung--400x287.jpg 400w\" data-sizes=\"(max-width: 691px) 100vw, 691px\" src=\"data:image\/svg+xml;base64,PHN2ZyB3aWR0aD0iMSIgaGVpZ2h0PSIxIiB4bWxucz0iaHR0cDovL3d3dy53My5vcmcvMjAwMC9zdmciPjwvc3ZnPg==\" style=\"--smush-placeholder-width: 691px; --smush-placeholder-aspect-ratio: 691\/495;\" \/>            <span class=\"overlay\"><\/span>\n        <\/div>\n        \n\n        <div class=\"kategorie\">Construction m\u00e9tallique industrielle<\/div>         \n        <div class=\"uebertitel mt-20\">\u00c9nergie + Environnement&nbsp;<\/div>\n        \n        <div class=\"inner\">\n            <h2 class=\"d5\">Ventilation industrielle Application gaz chauds et haute pression<\/h2>\n\n            <div class=\"teaser-inhalt\">Assurez une circulation de l&rsquo;air et une s\u00e9curit\u00e9 optimales dans les environnements industriels gr\u00e2ce \u00e0 notre technologie de ventilation \u00e9prouv\u00e9e.&nbsp;<\/div>\n        <\/div>\n\n        <div class=\"teaser-cta transition\">Vers la description du projet<\/div>\n    <\/a> \n<\/div>\n\n                <\/div>\n\n                \n                <div class=\"swiper-slide\">\n                    \n<div class=\"block-teaser bild-text standard-link\">\n    <a class=\"teaser\" href=\"https:\/\/lume.ch\/fr\/reference\/capot-de-la-bague-collectrice\/\">\n                <div class=\"bild\">\n            <img decoding=\"async\" width=\"716\" height=\"464\" data-src=\"https:\/\/lume.ch\/wp-content\/uploads\/2023\/12\/Schleifringhaube-1.jpg\" class=\"attachment-large size-large wp-post-image lazyload\" alt=\"\" data-srcset=\"https:\/\/lume.ch\/wp-content\/uploads\/2023\/12\/Schleifringhaube-1.jpg 716w, https:\/\/lume.ch\/wp-content\/uploads\/2023\/12\/Schleifringhaube-1-400x259.jpg 400w\" data-sizes=\"(max-width: 716px) 100vw, 716px\" src=\"data:image\/svg+xml;base64,PHN2ZyB3aWR0aD0iMSIgaGVpZ2h0PSIxIiB4bWxucz0iaHR0cDovL3d3dy53My5vcmcvMjAwMC9zdmciPjwvc3ZnPg==\" style=\"--smush-placeholder-width: 716px; --smush-placeholder-aspect-ratio: 716\/464;\" \/>            <span class=\"overlay\"><\/span>\n        <\/div>\n        \n\n        <div class=\"kategorie\">Construction m\u00e9tallique industrielle<\/div>         \n        <div class=\"uebertitel mt-20\">\u00c9nergie + Environnement&nbsp;<\/div>\n        \n        <div class=\"inner\">\n            <h2 class=\"d5\">Capot de la bague collectrice<\/h2>\n\n            <div class=\"teaser-inhalt\">Capots collecteurs de haute qualit\u00e9 pour une transmission fiable des signaux et de l&rsquo;\u00e9nergie.&nbsp;<\/div>\n        <\/div>\n\n        <div class=\"teaser-cta transition\">Vers la description du projet<\/div>\n    <\/a> \n<\/div>\n\n                <\/div>\n\n                \n                <div class=\"swiper-slide\">\n                    \n<div class=\"block-teaser bild-text standard-link\">\n    <a class=\"teaser\" href=\"https:\/\/lume.ch\/fr\/reference\/refroidissement-et-depoussierage-compacts-du-capot-de-la-bague-collectrice\/\">\n                <div class=\"bild\">\n            <img decoding=\"async\" width=\"1024\" height=\"577\" data-src=\"https:\/\/lume.ch\/wp-content\/uploads\/2023\/12\/Schleifringhaube.jpg\" class=\"attachment-large size-large wp-post-image lazyload\" alt=\"\" data-srcset=\"https:\/\/lume.ch\/wp-content\/uploads\/2023\/12\/Schleifringhaube.jpg 3552w, https:\/\/lume.ch\/wp-content\/uploads\/2023\/12\/Schleifringhaube-400x225.jpg 400w\" data-sizes=\"(max-width: 1024px) 100vw, 1024px\" src=\"data:image\/svg+xml;base64,PHN2ZyB3aWR0aD0iMSIgaGVpZ2h0PSIxIiB4bWxucz0iaHR0cDovL3d3dy53My5vcmcvMjAwMC9zdmciPjwvc3ZnPg==\" style=\"--smush-placeholder-width: 1024px; --smush-placeholder-aspect-ratio: 1024\/577;\" \/>            <span class=\"overlay\"><\/span>\n        <\/div>\n        \n\n        <div class=\"kategorie\">Construction m\u00e9tallique industrielle<\/div>         \n        <div class=\"uebertitel mt-20\">\u00c9nergie + Environnement&nbsp;<\/div>\n        \n        <div class=\"inner\">\n            <h2 class=\"d5\">Refroidissement et d\u00e9poussi\u00e9rage compacts du capot de la bague collectrice<\/h2>\n\n            <div class=\"teaser-inhalt\">Nos syst\u00e8mes de refroidissement et de d\u00e9poussi\u00e9rage des meules offrent une solution exceptionnelle.  &nbsp;<\/div>\n        <\/div>\n\n        <div class=\"teaser-cta transition\">Vers la description du projet<\/div>\n    <\/a> \n<\/div>\n\n                <\/div>\n\n                \n                <div class=\"swiper-slide\">\n                    \n<div class=\"block-teaser bild-text standard-link\">\n    <a class=\"teaser\" href=\"https:\/\/lume.ch\/fr\/reference\/ventilation-industrielle-application-haute-pression-reglable\/\">\n                <div class=\"bild\">\n            <img decoding=\"async\" width=\"700\" height=\"766\" data-src=\"https:\/\/lume.ch\/wp-content\/uploads\/2023\/12\/Industrie-Ventilation-Hochdruckanwendung-regulierbar-2.jpg\" class=\"attachment-large size-large wp-post-image lazyload\" alt=\"\" data-srcset=\"https:\/\/lume.ch\/wp-content\/uploads\/2023\/12\/Industrie-Ventilation-Hochdruckanwendung-regulierbar-2.jpg 700w, https:\/\/lume.ch\/wp-content\/uploads\/2023\/12\/Industrie-Ventilation-Hochdruckanwendung-regulierbar-2-366x400.jpg?theia_smart_thumbnails_file_version=2 366w\" data-sizes=\"(max-width: 700px) 100vw, 700px\" src=\"data:image\/svg+xml;base64,PHN2ZyB3aWR0aD0iMSIgaGVpZ2h0PSIxIiB4bWxucz0iaHR0cDovL3d3dy53My5vcmcvMjAwMC9zdmciPjwvc3ZnPg==\" style=\"--smush-placeholder-width: 700px; --smush-placeholder-aspect-ratio: 700\/766;\" \/>            <span class=\"overlay\"><\/span>\n        <\/div>\n        \n\n        <div class=\"kategorie\">Construction m\u00e9tallique industrielle<\/div>         \n        <div class=\"uebertitel mt-20\">\u00c9nergie + Environnement&nbsp;<\/div>\n        \n        <div class=\"inner\">\n            <h2 class=\"d5\">Ventilation industrielle ; application haute pression, r\u00e9glable<\/h2>\n\n            <div class=\"teaser-inhalt\">Notre dispositif de rotation pr\u00e9cis rend le montage des convertisseurs de puissance tr\u00e8s facile.  &nbsp;<\/div>\n        <\/div>\n\n        <div class=\"teaser-cta transition\">Vers la description du projet<\/div>\n    <\/a> \n<\/div>\n\n                <\/div>\n\n                \n                <div class=\"swiper-slide\">\n                    \n<div class=\"block-teaser bild-text standard-link\">\n    <a class=\"teaser\" href=\"https:\/\/lume.ch\/fr\/reference\/roues-pour-compresseurs\/\">\n                <div class=\"bild\">\n            <img decoding=\"async\" width=\"676\" height=\"876\" data-src=\"https:\/\/lume.ch\/wp-content\/uploads\/2023\/12\/Laufraeder-fuer-Kompressoren-2.png\" class=\"attachment-large size-large wp-post-image lazyload\" alt=\"\" data-srcset=\"https:\/\/lume.ch\/wp-content\/uploads\/2023\/12\/Laufraeder-fuer-Kompressoren-2.png 676w, https:\/\/lume.ch\/wp-content\/uploads\/2023\/12\/Laufraeder-fuer-Kompressoren-2-309x400.png?theia_smart_thumbnails_file_version=2 309w\" data-sizes=\"(max-width: 676px) 100vw, 676px\" src=\"data:image\/svg+xml;base64,PHN2ZyB3aWR0aD0iMSIgaGVpZ2h0PSIxIiB4bWxucz0iaHR0cDovL3d3dy53My5vcmcvMjAwMC9zdmciPjwvc3ZnPg==\" style=\"--smush-placeholder-width: 676px; --smush-placeholder-aspect-ratio: 676\/876;\" \/>            <span class=\"overlay\"><\/span>\n        <\/div>\n        \n\n        <div class=\"kategorie\">Construction m\u00e9tallique industrielle<\/div>         \n        <div class=\"uebertitel mt-20\">\u00c9nergie + Environnement&nbsp;<\/div>\n        \n        <div class=\"inner\">\n            <h2 class=\"d5\">Roues pour compresseurs<\/h2>\n\n            <div class=\"teaser-inhalt\">Depuis 2017, nous fabriquons des roues hautement critiques et exigeantes pour les compresseurs.  &nbsp;<\/div>\n        <\/div>\n\n        <div class=\"teaser-cta transition\">Vers la description du projet<\/div>\n    <\/a> \n<\/div>\n\n                <\/div>\n\n                \n                <div class=\"swiper-slide\">\n                    \n<div class=\"block-teaser bild-text standard-link\">\n    <a class=\"teaser\" href=\"https:\/\/lume.ch\/fr\/reference\/ventilateur-principal\/\">\n                <div class=\"bild\">\n            <img decoding=\"async\" width=\"788\" height=\"1024\" data-src=\"https:\/\/lume.ch\/wp-content\/uploads\/2023\/12\/Hauptventilator-2.jpg\" class=\"attachment-large size-large wp-post-image lazyload\" alt=\"\" data-srcset=\"https:\/\/lume.ch\/wp-content\/uploads\/2023\/12\/Hauptventilator-2.jpg 1032w, https:\/\/lume.ch\/wp-content\/uploads\/2023\/12\/Hauptventilator-2-308x400.jpg 308w\" data-sizes=\"(max-width: 788px) 100vw, 788px\" src=\"data:image\/svg+xml;base64,PHN2ZyB3aWR0aD0iMSIgaGVpZ2h0PSIxIiB4bWxucz0iaHR0cDovL3d3dy53My5vcmcvMjAwMC9zdmciPjwvc3ZnPg==\" style=\"--smush-placeholder-width: 788px; --smush-placeholder-aspect-ratio: 788\/1024;\" \/>            <span class=\"overlay\"><\/span>\n        <\/div>\n        \n\n        <div class=\"kategorie\">Construction m\u00e9tallique industrielle<\/div>         \n        <div class=\"uebertitel mt-20\">\u00c9nergie + Environnement&nbsp;<\/div>\n        \n        <div class=\"inner\">\n            <h2 class=\"d5\">Ventilateur principal<\/h2>\n\n            <div class=\"teaser-inhalt\">Le refroidissement du bobinage du g\u00e9n\u00e9rateur par une roue de ventilateur frett\u00e9e sur l&rsquo;arbre principal.  &nbsp;<\/div>\n        <\/div>\n\n        <div class=\"teaser-cta transition\">Vers la description du projet<\/div>\n    <\/a> \n<\/div>\n\n                <\/div>\n\n                            <\/div>\n            <div class=\"swiper-pagination\"><\/div>\n            <div class=\"swiper-navigation\">\n                <div class=\"swiper-button-prev\"><\/div>\n                <div class=\"swiper-button-next\"><\/div>\n            <\/div>\n        <\/div>\n    \n    <\/div>\n<\/div>\n<div  class=\"block block-personen bg-dunkelgrau pt-mittel pb-mittel\">\n    <div class=\"main-container\">\n\n        <h2 class=\"d3\">Vos contacts<\/h2>\n    \n    \n\n           \n            <p>Vous avez besoin d&rsquo;un conseil ou vous avez un projet ?<\/p>\n\n<div class=\"person mt-klein mb-50\">\n\n    <div class=\"person-bild\">\n                <div class=\"person-bild-inner\">\n            <img decoding=\"async\" width=\"890\" height=\"660\" data-src=\"https:\/\/lume.ch\/wp-content\/uploads\/2023\/09\/Staubli-Gregor5_DSC06531-890x660.jpg\" class=\"attachment-person size-person wp-post-image lazyload\" alt=\"LM AG Industriestahlbau Absauganlagen Gregor Staubli\" src=\"data:image\/svg+xml;base64,PHN2ZyB3aWR0aD0iMSIgaGVpZ2h0PSIxIiB4bWxucz0iaHR0cDovL3d3dy53My5vcmcvMjAwMC9zdmciPjwvc3ZnPg==\" style=\"--smush-placeholder-width: 890px; --smush-placeholder-aspect-ratio: 890\/660;\" \/>        <\/div>\n            <\/div>\n\n    <div class=\"person-inhalt\">\n                <h3 class=\"d4 color-orange\">Gregor Staubli<\/h3>\n                \n                  <p class=\"d6 mb-0 base-font-size\"><strong>Vente | Direction<\/strong><\/p>\n        \n                  <p>Directeur des ventes | Membre de la direction<\/p>\n        \n        <div class=\"links standard-link\">\n                          <p><a href=\"mailto:gregor.staubli@lume.ch\"><span class=\"mail\"><\/span> gregor.staubli@lume.ch<\/a><\/p>\n            \n                          <p><a href=\"tel:+41763631229\"><span class=\"tel\"><\/span> +41 76 363 12 29<\/a><\/p>\n            \n                          <p><a href=\"https:\/\/www.linkedin.com\/in\/gregor-staubli-12b17052\/\" target=\"_blank\" rel=\"nofollow noopener\"><span class=\"linkedin\"><\/span> Profil LinkedIn<\/a><\/p>\n                    <\/div>\n    <\/div>\n<\/div>\n\n  \n<div class=\"person mt-klein mb-50\">\n\n    <div class=\"person-bild\">\n                <div class=\"person-bild-inner\">\n            <img decoding=\"async\" width=\"890\" height=\"660\" data-src=\"https:\/\/lume.ch\/wp-content\/uploads\/2023\/11\/Zehnder-Marcel1_GL_231004_0853-890x660.jpg\" class=\"attachment-person size-person wp-post-image lazyload\" alt=\"LM AG Industriestahlbau Absauganlagen Fabian Glittmann Projektleiter\" src=\"data:image\/svg+xml;base64,PHN2ZyB3aWR0aD0iMSIgaGVpZ2h0PSIxIiB4bWxucz0iaHR0cDovL3d3dy53My5vcmcvMjAwMC9zdmciPjwvc3ZnPg==\" style=\"--smush-placeholder-width: 890px; --smush-placeholder-aspect-ratio: 890\/660;\" \/>        <\/div>\n            <\/div>\n\n    <div class=\"person-inhalt\">\n                <h3 class=\"d4 color-orange\">Marcel Zehnder<\/h3>\n                \n                  <p class=\"d6 mb-0 base-font-size\"><strong>Vente | Direction<\/strong><\/p>\n        \n                  <p>Projets sp\u00e9ciaux | CEO<\/p>\n        \n        <div class=\"links standard-link\">\n                          <p><a href=\"mailto:marcel.zehnder@lume.ch\"><span class=\"mail\"><\/span> marcel.zehnder@lume.ch<\/a><\/p>\n            \n                          <p><a href=\"tel:+41786465866\"><span class=\"tel\"><\/span> +41 78 646 58 66<\/a><\/p>\n            \n                          <p><a href=\"https:\/\/www.linkedin.com\/in\/zehnder-marcel-256166bb\/\" target=\"_blank\" rel=\"nofollow noopener\"><span class=\"linkedin\"><\/span> Profil LinkedIn<\/a><\/p>\n                    <\/div>\n    <\/div>\n<\/div>\n\n  \n    <\/div>\n<\/div>","protected":false},"excerpt":{"rendered":"","protected":false},"author":4,"featured_media":0,"parent":13820,"menu_order":0,"comment_status":"closed","ping_status":"closed","template":"tpl-front-page.php","meta":{"_acf_changed":false,"footnotes":""},"class_list":["post-13826","page","type-page","status-publish","hentry"],"acf":[],"_links":{"self":[{"href":"https:\/\/lume.ch\/fr\/wp-json\/wp\/v2\/pages\/13826","targetHints":{"allow":["GET"]}}],"collection":[{"href":"https:\/\/lume.ch\/fr\/wp-json\/wp\/v2\/pages"}],"about":[{"href":"https:\/\/lume.ch\/fr\/wp-json\/wp\/v2\/types\/page"}],"author":[{"embeddable":true,"href":"https:\/\/lume.ch\/fr\/wp-json\/wp\/v2\/users\/4"}],"replies":[{"embeddable":true,"href":"https:\/\/lume.ch\/fr\/wp-json\/wp\/v2\/comments?post=13826"}],"version-history":[{"count":1,"href":"https:\/\/lume.ch\/fr\/wp-json\/wp\/v2\/pages\/13826\/revisions"}],"predecessor-version":[{"id":13827,"href":"https:\/\/lume.ch\/fr\/wp-json\/wp\/v2\/pages\/13826\/revisions\/13827"}],"up":[{"embeddable":true,"href":"https:\/\/lume.ch\/fr\/wp-json\/wp\/v2\/pages\/13820"}],"wp:attachment":[{"href":"https:\/\/lume.ch\/fr\/wp-json\/wp\/v2\/media?parent=13826"}],"curies":[{"name":"wp","href":"https:\/\/api.w.org\/{rel}","templated":true}]}}